{"id":4145,"date":"2021-09-09T03:21:59","date_gmt":"2021-09-09T03:21:59","guid":{"rendered":"https:\/\/green-up.ch\/chia-siamo\/le-citta\/"},"modified":"2024-07-04T13:29:30","modified_gmt":"2024-07-04T13:29:30","slug":"le-citta","status":"publish","type":"page","link":"https:\/\/green-up.ch\/it\/chi-siamo\/le-citta\/","title":{"rendered":"Le citt\u00e0"},"content":{"rendered":"<p>[et_pb_section fb_built=&#8221;1&#8243; _builder_version=&#8221;4.16&#8243; _module_preset=&#8221;default&#8221; custom_padding=&#8221;||0px||false|false&#8221; global_colors_info=&#8221;{}&#8221;][et_pb_row _builder_version=&#8221;4.16&#8243; _module_preset=&#8221;default&#8221; custom_padding=&#8221;0px|0px|0px|0px|false|false&#8221; global_colors_info=&#8221;{}&#8221;][et_pb_column type=&#8221;4_4&#8243; _builder_version=&#8221;4.16&#8243; _module_preset=&#8221;default&#8221; global_colors_info=&#8221;{}&#8221;][et_pb_text _builder_version=&#8221;4.25.2&#8243; text_font_size=&#8221;30px&#8221; text_line_height=&#8221;1.5em&#8221; header_font=&#8221;Gravur2||||||||&#8221; header_text_color=&#8221;#000000&#8243; header_font_size=&#8221;80px&#8221; header_letter_spacing=&#8221;1px&#8221; z_index=&#8221;1&#8243; custom_margin=&#8221;100px||||false|false&#8221; custom_margin_tablet=&#8221;|||0px&#8221; custom_margin_phone=&#8221;&#8221; custom_margin_last_edited=&#8221;on|phone&#8221; hover_enabled=&#8221;0&#8243; header_font_size_tablet=&#8221;80px&#8221; header_font_size_phone=&#8221;60px&#8221; header_font_size_last_edited=&#8221;on|phone&#8221; header_letter_spacing_tablet=&#8221;0px&#8221; header_letter_spacing_phone=&#8221;&#8221; header_letter_spacing_last_edited=&#8221;on|tablet&#8221; global_colors_info=&#8221;{}&#8221; sticky_enabled=&#8221;0&#8243;]<\/p>\n<h1 style=\"text-align: left;\"><span style=\"color: #00506e;\">Citt\u00e0 attive<\/span><\/h1>\n<p class=\"p1\" style=\"text-align: left;\">Siamo attivi in tutte le regioni linguistiche della Svizzera, con 6 basi nelle seguenti citt\u00e0:<\/p>\n<p>[\/et_pb_text][\/et_pb_column][\/et_pb_row][\/et_pb_section][et_pb_section fb_built=&#8221;1&#8243; _builder_version=&#8221;4.16&#8243; _module_preset=&#8221;default&#8221; background_color=&#8221;RGBA(0,0,0,0)&#8221; background_color_gradient_direction=&#8221;90deg&#8221; global_colors_info=&#8221;{}&#8221;][et_pb_row column_structure=&#8221;1_2,1_2&#8243; _builder_version=&#8221;4.16&#8243; _module_preset=&#8221;default&#8221; global_colors_info=&#8221;{}&#8221;][et_pb_column type=&#8221;1_2&#8243; _builder_version=&#8221;4.16&#8243; _module_preset=&#8221;default&#8221; global_colors_info=&#8221;{}&#8221;][et_pb_image src=&#8221;https:\/\/green-up.ch\/wp-content\/uploads\/2021\/08\/zurich-photo1-1-scaled.jpg&#8221; alt=&#8221;z\u00fcrich-photo1&#8243; title_text=&#8221;z\u00fcrich-photo1&#8243; _builder_version=&#8221;4.16&#8243; _module_preset=&#8221;default&#8221; border_radii=&#8221;on|30px|30px|30px|30px&#8221; global_colors_info=&#8221;{}&#8221;][\/et_pb_image][et_pb_text _builder_version=&#8221;4.16&#8243; _module_preset=&#8221;default&#8221; global_colors_info=&#8221;{}&#8221;]<\/p>\n<h3><strong>Zurigo: la nostra sede<\/strong><\/h3>\n<p><span style=\"font-weight: 400;\">Con un piede d\u2019appoggio nel bellissimo spazio co-working del WWF, il nostro gruppo dinamico e internazionale di volontari\/e ispira gli abitanti di Zurigo organizzando eventi, come i discobrunch, gli eventi uptrain e il circular safari. Uniti\/e, cerchiamo di portare avanti pi\u00f9 iniziative possibile.<\/span><\/p>\n<p>[\/et_pb_text][\/et_pb_column][et_pb_column type=&#8221;1_2&#8243; _builder_version=&#8221;4.16&#8243; _module_preset=&#8221;default&#8221; global_colors_info=&#8221;{}&#8221;][et_pb_image src=&#8221;https:\/\/green-up.ch\/wp-content\/uploads\/2021\/08\/Davos-city-photo1-scaled.jpg&#8221; alt=&#8221;Davos-city-photo1&#8243; title_text=&#8221;Davos-city-photo1&#8243; _builder_version=&#8221;4.16&#8243; _module_preset=&#8221;default&#8221; border_radii=&#8221;on|30px|30px|30px|30px&#8221; global_colors_info=&#8221;{}&#8221;][\/et_pb_image][et_pb_text _builder_version=&#8221;4.16&#8243; _module_preset=&#8221;default&#8221; global_colors_info=&#8221;{}&#8221;]<\/p>\n<h3><strong>Davos: la nostra citt\u00e0 della natura<\/strong><\/h3>\n<p><span style=\"font-weight: 400;\">Dal 2020 il cuore della nostra attivit\u00e0 a Davos \u00e8 il nostro spazio personale &#8211; il Green Hub &#8211;\u00a0 sulla strada principale della citt\u00e0. Dal 2016, invece, volontari e volontarie hanno ispirato la realizzazione di progetti come il ReparierBar, Pro velo Davos Klosters, Davos Rollt e StadtgartenEvents, attivit\u00e0 di riparazione di sci e Power Hour per aziende.\u00a0<\/span><\/p>\n<p>[\/et_pb_text][\/et_pb_column][\/et_pb_row][et_pb_row column_structure=&#8221;1_2,1_2&#8243; _builder_version=&#8221;4.16&#8243; _module_preset=&#8221;default&#8221; global_colors_info=&#8221;{}&#8221;][et_pb_column type=&#8221;1_2&#8243; _builder_version=&#8221;4.16&#8243; _module_preset=&#8221;default&#8221; global_colors_info=&#8221;{}&#8221;][et_pb_image src=&#8221;https:\/\/green-up.ch\/wp-content\/uploads\/2021\/08\/basel-city-photo1-1.jpg&#8221; alt=&#8221;basel-city-photo1&#8243; title_text=&#8221;basel-city-photo1&#8243; _builder_version=&#8221;4.16&#8243; _module_preset=&#8221;default&#8221; border_radii=&#8221;on|30px|30px|30px|30px&#8221; global_colors_info=&#8221;{}&#8221;][\/et_pb_image][et_pb_text _builder_version=&#8221;4.16&#8243; _module_preset=&#8221;default&#8221; global_colors_info=&#8221;{}&#8221;]<\/p>\n<h3><strong>Basilea: la nostra citt\u00e0 creativa<\/strong><\/h3>\n<p><span style=\"font-weight: 400;\">Nel 2019 i nostri volontari sono stati premiati per la loro straordinaria creativit\u00e0 nell\u2019ispirare le persone ad uno stile di vita pi\u00f9 semplice e leggero. Eventi come lo scambio di piante, simply more pop-up store e food-by-foot ne sono la prova. <\/span><\/p>\n<p>[\/et_pb_text][\/et_pb_column][et_pb_column type=&#8221;1_2&#8243; _builder_version=&#8221;4.16&#8243; _module_preset=&#8221;default&#8221; global_colors_info=&#8221;{}&#8221;][et_pb_image src=&#8221;https:\/\/green-up.ch\/wp-content\/uploads\/2021\/08\/LCDF-city-photo1.jpg&#8221; alt=&#8221;LCDF-city-photo1&#8243; title_text=&#8221;LCDF-city-photo1&#8243; _builder_version=&#8221;4.16&#8243; _module_preset=&#8221;default&#8221; border_radii=&#8221;on|30px|30px|30px|30px&#8221; global_colors_info=&#8221;{}&#8221;][\/et_pb_image][et_pb_text _builder_version=&#8221;4.16&#8243; _module_preset=&#8221;default&#8221; global_colors_info=&#8221;{}&#8221;]<\/p>\n<h3><strong>La Chaux-de-Fonds: la nostra citt\u00e0 spensierata<\/strong><\/h3>\n<p><span style=\"font-weight: 400;\">A La Chaux-de-Fonds il nostro gruppo entusiasta si muove con la citt\u00e0, organizzando eventi cool come disco soups, caccia alle piante commestibili e scambi di oggetti. I volontari e le volontarie hanno organizzato una gara \u201czero rifiuti\u201d ispirandosi alle numerose iniziative sostenibili. Al contempo, sono stati\/e al centro di molti progetti, come ad esempio il festival du printemps.\u00a0<\/span><\/p>\n<p>[\/et_pb_text][\/et_pb_column][\/et_pb_row][et_pb_row column_structure=&#8221;1_2,1_2&#8243; _builder_version=&#8221;4.16&#8243; _module_preset=&#8221;default&#8221; global_colors_info=&#8221;{}&#8221;][et_pb_column type=&#8221;1_2&#8243; _builder_version=&#8221;4.16&#8243; _module_preset=&#8221;default&#8221; global_colors_info=&#8221;{}&#8221;][et_pb_image src=&#8221;https:\/\/green-up.ch\/wp-content\/uploads\/2022\/06\/CAA_1071-scaled-e1654203519559.jpg&#8221; alt=&#8221;sion-vor\u00fcbergehend&#8221; title_text=&#8221;CAA_1071&#8243; _builder_version=&#8221;4.16&#8243; _module_preset=&#8221;default&#8221; border_radii=&#8221;on|30px|30px|30px|30px&#8221; global_colors_info=&#8221;{}&#8221;][\/et_pb_image][et_pb_text _builder_version=&#8221;4.16&#8243; _module_preset=&#8221;default&#8221; global_colors_info=&#8221;{}&#8221;]<\/p>\n<h3><b>Sion: la nostra citt\u00e0 culturale<\/b><\/h3>\n<p>Abbiamo dato il via alle nostre attivit\u00e0 nel novembre 2021 con una speciale DiscoSoupe: preparare insieme una zuppa con gli avanzi di cibo. La musica del nostro violoncellista ha sottolineato ancora di pi\u00f9 il nostro messaggio che c&#8217;\u00e8 molto da fare per combattere lo spreco alimentare! Questa primavera abbiamo scambiato molte piante e semi di Zollinger al nostro scmabio di piante presso il caff\u00e8 Matrioschka e abbiamo avvicinato il concetto di economia della condivisione alla gente.<\/p>\n<p>[\/et_pb_text][et_pb_button button_url=&#8221;https:\/\/green-up.ch\/it\/chi-siamo\/le-citta\/sion\/&#8221; url_new_window=&#8221;on&#8221; button_text=&#8221;GreenUp Sion&#8221; button_alignment=&#8221;left&#8221; _builder_version=&#8221;4.16&#8243; custom_button=&#8221;on&#8221; button_text_size=&#8221;14px&#8221; button_text_color=&#8221;#00506E&#8221; button_bg_color=&#8221;#87F5B4&#8243; button_border_width=&#8221;0px&#8221; button_border_radius=&#8221;30px&#8221; button_letter_spacing=&#8221;2px&#8221; button_font=&#8221;|||on|||||&#8221; button_use_icon=&#8221;off&#8221; transform_translate=&#8221;0px|0%&#8221; transform_translate_linked=&#8221;off&#8221; z_index=&#8221;1&#8243; custom_margin=&#8221;||0px||false|false&#8221; custom_padding=&#8221;15px|30px|15px|30px|true|true&#8221; button_bg_color_last_edited=&#8221;off|desktop&#8221; locked=&#8221;off&#8221; global_colors_info=&#8221;{}&#8221; button_bg_color__hover_enabled=&#8221;on|hover&#8221; button_bg_color__hover=&#8221;#E6FFEB&#8221; button_bg_enable_color__hover=&#8221;on&#8221; button_text_color__hover=&#8221;#ffffff&#8221; button_border_color__hover=&#8221;rgba(0,0,0,0)&#8221;][\/et_pb_button][et_pb_text _builder_version=&#8221;4.16&#8243; text_font_size=&#8221;30px&#8221; text_line_height=&#8221;1.5em&#8221; header_font=&#8221;Gravur2||||||||&#8221; header_text_color=&#8221;#000000&#8243; header_font_size=&#8221;80px&#8221; header_letter_spacing=&#8221;1px&#8221; z_index=&#8221;1&#8243; custom_margin=&#8221;100px|-569px|||false|false&#8221; custom_margin_tablet=&#8221;|||0px&#8221; custom_margin_phone=&#8221;&#8221; custom_margin_last_edited=&#8221;on|phone&#8221; header_font_size_tablet=&#8221;80px&#8221; header_font_size_phone=&#8221;60px&#8221; header_font_size_last_edited=&#8221;on|phone&#8221; header_letter_spacing_tablet=&#8221;0px&#8221; header_letter_spacing_phone=&#8221;&#8221; header_letter_spacing_last_edited=&#8221;on|tablet&#8221; global_colors_info=&#8221;{}&#8221;]<\/p>\n<h1 style=\"text-align: left;\"><span style=\"color: #00506e;\">Citt\u00e0 passive<\/span><\/h1>\n<p style=\"text-align: left;\">\u00a0<\/p>\n<p class=\"p1\" style=\"text-align: left;\">Siamo stati attivi a Locarno e Soletta fino alla pandemia. Ora abbiamo ancora una piccola base in queste due citt\u00e0, ma non sono previsti eventi nel prossimo futuro. Se vuoi far rivivere una di queste citt\u00e0, saremo lieti di conoscerti.<\/p>\n<p>[\/et_pb_text][\/et_pb_column][et_pb_column type=&#8221;1_2&#8243; _builder_version=&#8221;4.16&#8243; _module_preset=&#8221;default&#8221; global_colors_info=&#8221;{}&#8221;][et_pb_image src=&#8221;https:\/\/green-up.ch\/wp-content\/uploads\/2022\/06\/Lugano_Plantswap-e1654204404497.jpg&#8221; alt=&#8221;locarno vor\u00fcbergehend&#8221; title_text=&#8221;Lugano_Plantswap&#8221; _builder_version=&#8221;4.16&#8243; _module_preset=&#8221;default&#8221; border_radii=&#8221;on|30px|30px|30px|30px&#8221; global_colors_info=&#8221;{}&#8221;][\/et_pb_image][et_pb_text _builder_version=&#8221;4.25.2&#8243; _module_preset=&#8221;default&#8221; hover_enabled=&#8221;0&#8243; global_colors_info=&#8221;{}&#8221; sticky_enabled=&#8221;0&#8243;]<\/p>\n<h3>Lugano: la nostra citt\u00e0 mista<\/h3>\n<p>Abbiamo dato il via alle nostre attivit\u00e0 nel settembre 2021 con una sfida di plogging organizzata con e per il Cantone. Nel dicembre 2021 abbiamo organizzato un Pub Quiz ZeroWaste, con cui oltre 40 studenti si sono sfidati a imparare e sperimentare una vita con meno rifiuti. Nel maggio 2022 abbiamo organizzato uno scambio di piante presso il Gemmo. Dal 2023 concentriamo le nostre energie sui temi del fast fashion attraverso il progetto &#8220;<a href=\"https:\/\/green-up.ch\/it\/project\/swapticino\/\">Swap Ticino<\/a>&#8221; organizzando moltissimi scambi vestiti e attivando Clothing Loop locali, per avvicinare le persone all&#8217;economia della condivisione in un modo divertente e conviviale!<\/p>\n<p>[\/et_pb_text][et_pb_button button_url=&#8221;https:\/\/green-up.ch\/wp-content\/uploads\/2021\/09\/GreenUp-Lugano.pdf%20&#8243; url_new_window=&#8221;on&#8221; button_text=&#8221;GreenUp Lugano&#8221; button_alignment=&#8221;left&#8221; _builder_version=&#8221;4.16&#8243; custom_button=&#8221;on&#8221; button_text_size=&#8221;14px&#8221; button_text_color=&#8221;#00506E&#8221; button_bg_color=&#8221;#87F5B4&#8243; button_border_width=&#8221;0px&#8221; button_border_radius=&#8221;30px&#8221; button_letter_spacing=&#8221;2px&#8221; button_font=&#8221;|||on|||||&#8221; button_use_icon=&#8221;off&#8221; transform_translate=&#8221;0px|0%&#8221; transform_translate_linked=&#8221;off&#8221; z_index=&#8221;1&#8243; custom_margin=&#8221;||0px||false|false&#8221; custom_padding=&#8221;15px|30px|15px|30px|true|true&#8221; button_bg_color_last_edited=&#8221;off|desktop&#8221; locked=&#8221;off&#8221; global_colors_info=&#8221;{}&#8221; button_bg_color__hover_enabled=&#8221;on|hover&#8221; button_bg_color__hover=&#8221;#E6FFEB&#8221; button_bg_enable_color__hover=&#8221;on&#8221; button_text_color__hover=&#8221;#ffffff&#8221; button_border_color__hover=&#8221;rgba(0,0,0,0)&#8221;][\/et_pb_button][\/et_pb_column][\/et_pb_row][et_pb_row column_structure=&#8221;1_2,1_2&#8243; _builder_version=&#8221;4.16&#8243; _module_preset=&#8221;default&#8221; global_colors_info=&#8221;{}&#8221;][et_pb_column type=&#8221;1_2&#8243; _builder_version=&#8221;4.16&#8243; _module_preset=&#8221;default&#8221; global_colors_info=&#8221;{}&#8221;][et_pb_image src=&#8221;https:\/\/green-up.ch\/wp-content\/uploads\/2021\/08\/locarno-city-photo1-scaled.jpg&#8221; alt=&#8221;locarno-city-photo1&#8243; title_text=&#8221;locarno-city-photo1&#8243; _builder_version=&#8221;4.16&#8243; _module_preset=&#8221;default&#8221; border_radii=&#8221;on|30px|30px|30px|30px&#8221; global_colors_info=&#8221;{}&#8221;][\/et_pb_image][et_pb_text _builder_version=&#8221;4.16&#8243; _module_preset=&#8221;default&#8221; global_colors_info=&#8221;{}&#8221;]<\/p>\n<h3><b>Locarno: la nostra citt\u00e0 appassionata<\/b><\/h3>\n<p><span style=\"font-weight: 400;\">Un\u2019oggettoteca con pi\u00f9 di 200 oggetti, discosoupes mensili che diventano luoghi di incontro, lezioni di cucina con gli \u201cscarti\u201d alimentari e condivisione di pasti accompagnata da musica.. Questi sono solo alcuni dei progetti che abbiamo ispirato a Locarno insieme a Spazio ELLE. Gli eventi organizzati sui temi della mobilit\u00e0 lenta, il plogging e la riduzione dei rifiuti hanno avuto grande successo.<\/span><\/p>\n<p>[\/et_pb_text][\/et_pb_column][et_pb_column type=&#8221;1_2&#8243; _builder_version=&#8221;4.16&#8243; _module_preset=&#8221;default&#8221; global_colors_info=&#8221;{}&#8221;][et_pb_image src=&#8221;https:\/\/green-up.ch\/wp-content\/uploads\/2021\/08\/solothurn-photo1.jpg&#8221; alt=&#8221;solothurn-photo1&#8243; title_text=&#8221;solothurn-photo1&#8243; _builder_version=&#8221;4.16&#8243; _module_preset=&#8221;default&#8221; border_radii=&#8221;on|30px|30px|30px|30px&#8221; global_colors_info=&#8221;{}&#8221;][\/et_pb_image][et_pb_text _builder_version=&#8221;4.25.2&#8243; _module_preset=&#8221;default&#8221; hover_enabled=&#8221;0&#8243; global_colors_info=&#8221;{}&#8221; sticky_enabled=&#8221;0&#8243;]<\/p>\n<h3><b>Soletta<\/b><b>: la nostra citt\u00e0 attiva<\/b><\/h3>\n<p><span style=\"font-weight: 400;\">Le nostre attivit\u00e0 e il nostro entusiasmo hanno sorpreso i cittadini e le cittadine di Soletta. Dalle discofruits (smoothies con frutta di scarto) agli slow safaris per promuovere la mobilit\u00e0 lenta, dagli eventi per la creazione di regali sostenibili per Natale alle co-creazioni nell\u2019ambito del verde urbano e della diminuzione di utilizzo della plastica. Tante nuove idee!\u00a0<\/span><\/p>\n<p>[\/et_pb_text][\/et_pb_column][\/et_pb_row][\/et_pb_section][et_pb_section fb_built=&#8221;1&#8243; admin_label=&#8221;Services&#8221; _builder_version=&#8221;4.16&#8243; custom_padding=&#8221;0px|||||&#8221; locked=&#8221;off&#8221; global_colors_info=&#8221;{}&#8221;][\/et_pb_section][et_pb_section fb_built=&#8221;1&#8243; custom_padding_last_edited=&#8221;off|phone&#8221; admin_label=&#8221;Footer&#8221; _builder_version=&#8221;4.16&#8243; use_background_color_gradient=&#8221;on&#8221; background_color_gradient_direction=&#8221;90deg&#8221; background_color_gradient_stops=&#8221;rgba(0,0,0,0) 60%|#008c87 60%&#8221; background_color_gradient_overlays_image=&#8221;on&#8221; background_color_gradient_start=&#8221;rgba(0,0,0,0)&#8221; background_color_gradient_start_position=&#8221;60%&#8221; background_color_gradient_end=&#8221;#008c87&#8243; background_color_gradient_end_position=&#8221;0%&#8221; background_image=&#8221;https:\/\/green-up.ch\/wp-content\/uploads\/2021\/05\/Backgrounds-3.jpg&#8221; background_size=&#8221;contain&#8221; custom_padding=&#8221;12vw||12vw||true|false&#8221; custom_padding_tablet=&#8221;50px|||&#8221; custom_padding_phone=&#8221;30px||&#8221; locked=&#8221;off&#8221; global_colors_info=&#8221;{}&#8221;][et_pb_row custom_padding_last_edited=&#8221;on|tablet&#8221; _builder_version=&#8221;4.16&#8243; background_color=&#8221;#00506E&#8221; max_width=&#8221;700px&#8221; custom_padding=&#8221;80px|80px|80px|80px|true|true&#8221; custom_padding_tablet=&#8221;60px|60px|60px|60px&#8221; custom_padding_phone=&#8221;40px|20px|40px|20px|true|true&#8221; border_radii=&#8221;on|30px|30px|30px|30px&#8221; global_colors_info=&#8221;{}&#8221;][et_pb_column type=&#8221;4_4&#8243; _builder_version=&#8221;4.16&#8243; global_colors_info=&#8221;{}&#8221;][et_pb_text _builder_version=&#8221;4.16&#8243; text_font=&#8221;||||||||&#8221; header_2_font=&#8221;Prompt|200|||||||&#8221; header_2_font_size=&#8221;60px&#8221; header_2_line_height=&#8221;1.2em&#8221; header_4_font=&#8221;Prompt|600||on|||||&#8221; header_4_font_size=&#8221;14px&#8221; header_4_letter_spacing=&#8221;2px&#8221; header_4_line_height=&#8221;1.2em&#8221; z_index=&#8221;1&#8243; background_layout=&#8221;dark&#8221; header_2_font_size_tablet=&#8221;40px&#8221; header_2_font_size_phone=&#8221;25px&#8221; header_2_font_size_last_edited=&#8221;on|phone&#8221; locked=&#8221;off&#8221; global_colors_info=&#8221;{}&#8221;]<\/p>\n<p>Vuoi essere sempre informato sulle attivit\u00e0 di GreenUp? Iscriviti alla newsletter mensile nella tua lingua. \u00a0<\/p>\n<h3>Siamo felici di tenerti aggiornato!<\/h3>\n<p>[\/et_pb_text][et_pb_signup mailchimp_list=&#8221;UP|e1dec51940&#8243; layout=&#8221;top_bottom&#8221; use_custom_fields=&#8221;on&#8221; button_text=&#8221;iscriviti&#8221; admin_label=&#8221;Email Optin&#8221; _builder_version=&#8221;4.25.2&#8243; header_level=&#8221;h3&#8243; header_font=&#8221;Prompt|700|||||||&#8221; header_font_size=&#8221;30px&#8221; header_line_height=&#8221;1.2em&#8221; body_font=&#8221;|600|||||||&#8221; body_line_height=&#8221;1.8em&#8221; form_field_font=&#8221;Prompt||||||||&#8221; use_background_color=&#8221;off&#8221; custom_button=&#8221;on&#8221; button_text_size=&#8221;14px&#8221; button_text_color=&#8221;#ffffff&#8221; button_bg_color=&#8221;#87F5B4&#8243; button_border_width=&#8221;10px&#8221; button_border_color=&#8221;rgba(0,0,0,0)&#8221; button_border_radius=&#8221;30px&#8221; button_letter_spacing=&#8221;2px&#8221; button_font=&#8221;Prompt|||on|||||&#8221; button_use_icon=&#8221;off&#8221; custom_margin=&#8221;|||-20px|false|false&#8221; custom_margin_tablet=&#8221;|||0px|false|false&#8221; custom_margin_phone=&#8221;&#8221; custom_margin_last_edited=&#8221;on|desktop&#8221; header_font_size_tablet=&#8221;&#8221; header_font_size_phone=&#8221;18px&#8221; header_font_size_last_edited=&#8221;on|phone&#8221; button_bg_color_last_edited=&#8221;off|desktop&#8221; border_radii_fields=&#8221;on|0px|0px|0px|0px&#8221; global_colors_info=&#8221;{}&#8221; button_text_color__hover=&#8221;#ffffff&#8221; button_bg_color__hover=&#8221;#008C87&#8243; button_bg_color__hover_enabled=&#8221;on|hover&#8221; button_border_color__hover=&#8221;rgba(0,0,0,0)&#8221; button_bg_enable_color__hover=&#8221;on&#8221;][et_pb_signup_custom_field field_id=&#8221;5&#8243; field_title=&#8221;Language&#8221; field_type=&#8221;select&#8221; select_options=&#8221;%91{%22checked%22:0,%22value%22:%22Deutsch%22,%22id%22:0,%22dragID%22:-1},{%22checked%22:0,%22value%22:%22Fran\u00e7ais%22,%22id%22:1,%22dragID%22:0},{%22checked%22:0,%22value%22:%22Italiano%22,%22id%22:2,%22dragID%22:1},{%22checked%22:0,%22value%22:%22English%22,%22id%22:3,%22dragID%22:2}%93&#8243; _builder_version=&#8221;4.16&#8243; _module_preset=&#8221;default&#8221; global_colors_info=&#8221;{}&#8221; predefined_field=&#8221;5&#8243;][\/et_pb_signup_custom_field][\/et_pb_signup][\/et_pb_column][\/et_pb_row][\/et_pb_section][et_pb_section fb_built=&#8221;1&#8243; admin_label=&#8221;Footer&#8221; _builder_version=&#8221;4.16&#8243; locked=&#8221;off&#8221; global_colors_info=&#8221;{}&#8221;][et_pb_row _builder_version=&#8221;4.16&#8243; locked=&#8221;off&#8221; global_colors_info=&#8221;{}&#8221;][et_pb_column type=&#8221;4_4&#8243; _builder_version=&#8221;4.16&#8243; global_colors_info=&#8221;{}&#8221;][et_pb_text _builder_version=&#8221;4.16&#8243; text_font=&#8221;|600|||||||&#8221; text_font_size=&#8221;16px&#8221; text_line_height=&#8221;1.8em&#8221; header_4_font=&#8221;Prompt|600||on|||||&#8221; header_4_font_size=&#8221;14px&#8221; header_4_letter_spacing=&#8221;2px&#8221; header_4_line_height=&#8221;1.2em&#8221; z_index=&#8221;1&#8243; text_orientation=&#8221;center&#8221; locked=&#8221;off&#8221; global_colors_info=&#8221;{}&#8221;]<\/p>\n<h4>Seguici sui social.<\/h4>\n<p>[\/et_pb_text][et_pb_social_media_follow _builder_version=&#8221;4.18.0&#8243; text_orientation=&#8221;center&#8221; global_colors_info=&#8221;{}&#8221;][et_pb_social_media_follow_network social_network=&#8221;facebook&#8221; url=&#8221;https:\/\/www.facebook.com\/greenupswitzerland%20&#8243; icon_color=&#8221;#FFFFFF&#8221; use_icon_font_size=&#8221;on&#8221; icon_font_size=&#8221;15px&#8221; _builder_version=&#8221;4.16&#8243; background_color=&#8221;#87F5B4&#8243; background_enable_color=&#8221;on&#8221; border_radii=&#8221;on|50px|50px|50px|50px&#8221; global_colors_info=&#8221;{}&#8221; follow_button=&#8221;off&#8221; url_new_window=&#8221;on&#8221;]facebook[\/et_pb_social_media_follow_network][et_pb_social_media_follow_network social_network=&#8221;linkedin&#8221; url=&#8221;https:\/\/www.linkedin.com\/company\/greenupswitzerland\/&#8221; icon_color=&#8221;#FFFFFF&#8221; use_icon_font_size=&#8221;on&#8221; icon_font_size=&#8221;15px&#8221; _builder_version=&#8221;4.18.0&#8243; background_color=&#8221;#87F5B4&#8243; background_enable_color=&#8221;on&#8221; border_radii=&#8221;on|50px|50px|50px|50px&#8221; global_colors_info=&#8221;{}&#8221; follow_button=&#8221;off&#8221; url_new_window=&#8221;on&#8221;]linkedin[\/et_pb_social_media_follow_network][et_pb_social_media_follow_network social_network=&#8221;instagram&#8221; url=&#8221;https:\/\/www.instagram.com\/greenup.ch\/&#8221; icon_color=&#8221;#FFFFFF&#8221; use_icon_font_size=&#8221;on&#8221; icon_font_size=&#8221;15px&#8221; _builder_version=&#8221;4.16&#8243; background_color=&#8221;#87F5B4&#8243; background_enable_color=&#8221;on&#8221; border_radii=&#8221;on|50px|50px|50px|50px&#8221; global_colors_info=&#8221;{}&#8221; follow_button=&#8221;off&#8221; url_new_window=&#8221;on&#8221;]instagram[\/et_pb_social_media_follow_network][\/et_pb_social_media_follow][\/et_pb_column][\/et_pb_row][\/et_pb_section]<\/p>\n","protected":false},"excerpt":{"rendered":"<p>Citt\u00e0 attive Siamo attivi in tutte le regioni linguistiche della Svizzera, con 6 basi nelle seguenti citt\u00e0:Zurigo: la nostra sede Con un piede d\u2019appoggio nel bellissimo spazio co-working del WWF, [&hellip;]<\/p>\n","protected":false},"author":2,"featured_media":0,"parent":4130,"menu_order":0,"comment_status":"closed","ping_status":"closed","template":"","meta":{"_et_pb_use_builder":"on","_et_pb_old_content":"","_et_gb_content_width":"","footnotes":""},"class_list":["post-4145","page","type-page","status-publish","hentry"],"yoast_head":"<!-- This site is optimized with the Yoast SEO plugin v27.5 - https:\/\/yoast.com\/product\/yoast-seo-wordpress\/ -->\n<title>Le citt\u00e0 | Green Up<\/title>\n<meta name=\"robots\" content=\"index, follow, max-snippet:-1, max-image-preview:large, max-video-preview:-1\" \/>\n<link rel=\"canonical\" href=\"https:\/\/green-up.ch\/it\/chi-siamo\/le-citta\/\" \/>\n<meta property=\"og:locale\" content=\"it_IT\" \/>\n<meta property=\"og:type\" content=\"article\" \/>\n<meta property=\"og:title\" content=\"Le citt\u00e0 | Green Up\" \/>\n<meta property=\"og:description\" content=\"Citt\u00e0 attive Siamo attivi in tutte le regioni linguistiche della Svizzera, con 6 basi nelle seguenti citt\u00e0:Zurigo: la nostra sede Con un piede d\u2019appoggio nel bellissimo spazio co-working del WWF, [&hellip;]\" \/>\n<meta property=\"og:url\" content=\"https:\/\/green-up.ch\/it\/chi-siamo\/le-citta\/\" \/>\n<meta property=\"og:site_name\" content=\"Green Up\" \/>\n<meta property=\"article:publisher\" content=\"https:\/\/m.facebook.com\/greenupswitzerland\" \/>\n<meta property=\"article:modified_time\" content=\"2024-07-04T13:29:30+00:00\" \/>\n<meta name=\"twitter:card\" content=\"summary_large_image\" \/>\n<meta name=\"twitter:label1\" content=\"Tempo di lettura stimato\" \/>\n\t<meta name=\"twitter:data1\" content=\"12 minuti\" \/>\n<script type=\"application\/ld+json\" class=\"yoast-schema-graph\">{\"@context\":\"https:\\\/\\\/schema.org\",\"@graph\":[{\"@type\":\"WebPage\",\"@id\":\"https:\\\/\\\/green-up.ch\\\/it\\\/chi-siamo\\\/le-citta\\\/\",\"url\":\"https:\\\/\\\/green-up.ch\\\/it\\\/chi-siamo\\\/le-citta\\\/\",\"name\":\"Le citt\u00e0 | Green Up\",\"isPartOf\":{\"@id\":\"https:\\\/\\\/green-up.ch\\\/#website\"},\"datePublished\":\"2021-09-09T03:21:59+00:00\",\"dateModified\":\"2024-07-04T13:29:30+00:00\",\"breadcrumb\":{\"@id\":\"https:\\\/\\\/green-up.ch\\\/it\\\/chi-siamo\\\/le-citta\\\/#breadcrumb\"},\"inLanguage\":\"it-IT\",\"potentialAction\":[{\"@type\":\"ReadAction\",\"target\":[\"https:\\\/\\\/green-up.ch\\\/it\\\/chi-siamo\\\/le-citta\\\/\"]}]},{\"@type\":\"BreadcrumbList\",\"@id\":\"https:\\\/\\\/green-up.ch\\\/it\\\/chi-siamo\\\/le-citta\\\/#breadcrumb\",\"itemListElement\":[{\"@type\":\"ListItem\",\"position\":1,\"name\":\"Home\",\"item\":\"https:\\\/\\\/green-up.ch\\\/\"},{\"@type\":\"ListItem\",\"position\":2,\"name\":\"Chi Siamo\",\"item\":\"https:\\\/\\\/green-up.ch\\\/it\\\/chi-siamo\\\/\"},{\"@type\":\"ListItem\",\"position\":3,\"name\":\"Le citt\u00e0\"}]},{\"@type\":\"WebSite\",\"@id\":\"https:\\\/\\\/green-up.ch\\\/#website\",\"url\":\"https:\\\/\\\/green-up.ch\\\/\",\"name\":\"GreenUp\",\"description\":\"Inspire, collaborate, empower.\",\"publisher\":{\"@id\":\"https:\\\/\\\/green-up.ch\\\/#organization\"},\"potentialAction\":[{\"@type\":\"SearchAction\",\"target\":{\"@type\":\"EntryPoint\",\"urlTemplate\":\"https:\\\/\\\/green-up.ch\\\/?s={search_term_string}\"},\"query-input\":{\"@type\":\"PropertyValueSpecification\",\"valueRequired\":true,\"valueName\":\"search_term_string\"}}],\"inLanguage\":\"it-IT\"},{\"@type\":\"Organization\",\"@id\":\"https:\\\/\\\/green-up.ch\\\/#organization\",\"name\":\"GreeUp\",\"url\":\"https:\\\/\\\/green-up.ch\\\/\",\"logo\":{\"@type\":\"ImageObject\",\"inLanguage\":\"it-IT\",\"@id\":\"https:\\\/\\\/green-up.ch\\\/#\\\/schema\\\/logo\\\/image\\\/\",\"url\":\"https:\\\/\\\/green-up.ch\\\/wp-content\\\/uploads\\\/2021\\\/11\\\/greenuplogo_rond.png\",\"contentUrl\":\"https:\\\/\\\/green-up.ch\\\/wp-content\\\/uploads\\\/2021\\\/11\\\/greenuplogo_rond.png\",\"width\":600,\"height\":595,\"caption\":\"GreeUp\"},\"image\":{\"@id\":\"https:\\\/\\\/green-up.ch\\\/#\\\/schema\\\/logo\\\/image\\\/\"},\"sameAs\":[\"https:\\\/\\\/m.facebook.com\\\/greenupswitzerland\",\"https:\\\/\\\/www.instagram.com\\\/greenup.ch\\\/\",\"https:\\\/\\\/www.linkedin.com\\\/company\\\/greenupswitzerland\\\/\"]}]}<\/script>\n<!-- \/ Yoast SEO plugin. -->","yoast_head_json":{"title":"Le citt\u00e0 | Green Up","robots":{"index":"index","follow":"follow","max-snippet":"max-snippet:-1","max-image-preview":"max-image-preview:large","max-video-preview":"max-video-preview:-1"},"canonical":"https:\/\/green-up.ch\/it\/chi-siamo\/le-citta\/","og_locale":"it_IT","og_type":"article","og_title":"Le citt\u00e0 | Green Up","og_description":"Citt\u00e0 attive Siamo attivi in tutte le regioni linguistiche della Svizzera, con 6 basi nelle seguenti citt\u00e0:Zurigo: la nostra sede Con un piede d\u2019appoggio nel bellissimo spazio co-working del WWF, [&hellip;]","og_url":"https:\/\/green-up.ch\/it\/chi-siamo\/le-citta\/","og_site_name":"Green Up","article_publisher":"https:\/\/m.facebook.com\/greenupswitzerland","article_modified_time":"2024-07-04T13:29:30+00:00","twitter_card":"summary_large_image","twitter_misc":{"Tempo di lettura stimato":"12 minuti"},"schema":{"@context":"https:\/\/schema.org","@graph":[{"@type":"WebPage","@id":"https:\/\/green-up.ch\/it\/chi-siamo\/le-citta\/","url":"https:\/\/green-up.ch\/it\/chi-siamo\/le-citta\/","name":"Le citt\u00e0 | Green Up","isPartOf":{"@id":"https:\/\/green-up.ch\/#website"},"datePublished":"2021-09-09T03:21:59+00:00","dateModified":"2024-07-04T13:29:30+00:00","breadcrumb":{"@id":"https:\/\/green-up.ch\/it\/chi-siamo\/le-citta\/#breadcrumb"},"inLanguage":"it-IT","potentialAction":[{"@type":"ReadAction","target":["https:\/\/green-up.ch\/it\/chi-siamo\/le-citta\/"]}]},{"@type":"BreadcrumbList","@id":"https:\/\/green-up.ch\/it\/chi-siamo\/le-citta\/#breadcrumb","itemListElement":[{"@type":"ListItem","position":1,"name":"Home","item":"https:\/\/green-up.ch\/"},{"@type":"ListItem","position":2,"name":"Chi Siamo","item":"https:\/\/green-up.ch\/it\/chi-siamo\/"},{"@type":"ListItem","position":3,"name":"Le citt\u00e0"}]},{"@type":"WebSite","@id":"https:\/\/green-up.ch\/#website","url":"https:\/\/green-up.ch\/","name":"GreenUp","description":"Inspire, collaborate, empower.","publisher":{"@id":"https:\/\/green-up.ch\/#organization"},"potentialAction":[{"@type":"SearchAction","target":{"@type":"EntryPoint","urlTemplate":"https:\/\/green-up.ch\/?s={search_term_string}"},"query-input":{"@type":"PropertyValueSpecification","valueRequired":true,"valueName":"search_term_string"}}],"inLanguage":"it-IT"},{"@type":"Organization","@id":"https:\/\/green-up.ch\/#organization","name":"GreeUp","url":"https:\/\/green-up.ch\/","logo":{"@type":"ImageObject","inLanguage":"it-IT","@id":"https:\/\/green-up.ch\/#\/schema\/logo\/image\/","url":"https:\/\/green-up.ch\/wp-content\/uploads\/2021\/11\/greenuplogo_rond.png","contentUrl":"https:\/\/green-up.ch\/wp-content\/uploads\/2021\/11\/greenuplogo_rond.png","width":600,"height":595,"caption":"GreeUp"},"image":{"@id":"https:\/\/green-up.ch\/#\/schema\/logo\/image\/"},"sameAs":["https:\/\/m.facebook.com\/greenupswitzerland","https:\/\/www.instagram.com\/greenup.ch\/","https:\/\/www.linkedin.com\/company\/greenupswitzerland\/"]}]}},"_links":{"self":[{"href":"https:\/\/green-up.ch\/it\/wp-json\/wp\/v2\/pages\/4145","targetHints":{"allow":["GET"]}}],"collection":[{"href":"https:\/\/green-up.ch\/it\/wp-json\/wp\/v2\/pages"}],"about":[{"href":"https:\/\/green-up.ch\/it\/wp-json\/wp\/v2\/types\/page"}],"author":[{"embeddable":true,"href":"https:\/\/green-up.ch\/it\/wp-json\/wp\/v2\/users\/2"}],"replies":[{"embeddable":true,"href":"https:\/\/green-up.ch\/it\/wp-json\/wp\/v2\/comments?post=4145"}],"version-history":[{"count":19,"href":"https:\/\/green-up.ch\/it\/wp-json\/wp\/v2\/pages\/4145\/revisions"}],"predecessor-version":[{"id":16390,"href":"https:\/\/green-up.ch\/it\/wp-json\/wp\/v2\/pages\/4145\/revisions\/16390"}],"up":[{"embeddable":true,"href":"https:\/\/green-up.ch\/it\/wp-json\/wp\/v2\/pages\/4130"}],"wp:attachment":[{"href":"https:\/\/green-up.ch\/it\/wp-json\/wp\/v2\/media?parent=4145"}],"curies":[{"name":"wp","href":"https:\/\/api.w.org\/{rel}","templated":true}]}}