{"id":4133,"date":"2021-09-09T02:59:03","date_gmt":"2021-09-09T02:59:03","guid":{"rendered":"https:\/\/green-up.ch\/qui-sommes-nous\/les-villes\/"},"modified":"2022-10-11T14:41:38","modified_gmt":"2022-10-11T14:41:38","slug":"les-villes","status":"publish","type":"page","link":"https:\/\/green-up.ch\/fr\/qui-sommes-nous\/les-villes\/","title":{"rendered":"Les Villes"},"content":{"rendered":"<p>[et_pb_section fb_built=\u00a0\u00bb1&Prime; _builder_version=\u00a0\u00bb4.16&Prime; _module_preset=\u00a0\u00bbdefault\u00a0\u00bb custom_padding=\u00a0\u00bb||0px||false|false\u00a0\u00bb global_colors_info=\u00a0\u00bb{}\u00a0\u00bb][et_pb_row _builder_version=\u00a0\u00bb4.16&Prime; _module_preset=\u00a0\u00bbdefault\u00a0\u00bb custom_padding=\u00a0\u00bb0px|0px|0px|0px|false|false\u00a0\u00bb global_colors_info=\u00a0\u00bb{}\u00a0\u00bb][et_pb_column type=\u00a0\u00bb4_4&Prime; _builder_version=\u00a0\u00bb4.16&Prime; _module_preset=\u00a0\u00bbdefault\u00a0\u00bb global_colors_info=\u00a0\u00bb{}\u00a0\u00bb][et_pb_text _builder_version=\u00a0\u00bb4.16&Prime; text_font_size=\u00a0\u00bb30px\u00a0\u00bb text_line_height=\u00a0\u00bb1.5em\u00a0\u00bb header_font=\u00a0\u00bbGravur2||||||||\u00a0\u00bb header_text_color=\u00a0\u00bb#000000&Prime; header_font_size=\u00a0\u00bb80px\u00a0\u00bb header_letter_spacing=\u00a0\u00bb1px\u00a0\u00bb z_index=\u00a0\u00bb1&Prime; custom_margin=\u00a0\u00bb100px||||false|false\u00a0\u00bb custom_margin_tablet=\u00a0\u00bb|||0px\u00a0\u00bb custom_margin_phone=\u00a0\u00bb\u00a0\u00bb custom_margin_last_edited=\u00a0\u00bbon|phone\u00a0\u00bb header_font_size_tablet=\u00a0\u00bb80px\u00a0\u00bb header_font_size_phone=\u00a0\u00bb60px\u00a0\u00bb header_font_size_last_edited=\u00a0\u00bbon|phone\u00a0\u00bb header_letter_spacing_tablet=\u00a0\u00bb0px\u00a0\u00bb header_letter_spacing_phone=\u00a0\u00bb\u00a0\u00bb header_letter_spacing_last_edited=\u00a0\u00bbon|tablet\u00a0\u00bb global_colors_info=\u00a0\u00bb{}\u00a0\u00bb]<\/p>\n<h1 style=\"text-align: left;\"><span style=\"color: #00506e;\">Villes actives<\/span><\/h1>\n<p style=\"text-align: left;\">\u00a0<\/p>\n<p class=\"p1\" style=\"text-align: left;\">Nous sommes actifs dans toutes les r\u00e9gions linguistiques de la Suisse, avec 6 bases dans les villes suivantes :<\/p>\n<p>[\/et_pb_text][\/et_pb_column][\/et_pb_row][\/et_pb_section][et_pb_section fb_built=\u00a0\u00bb1&Prime; _builder_version=\u00a0\u00bb4.16&Prime; _module_preset=\u00a0\u00bbdefault\u00a0\u00bb background_color=\u00a0\u00bbRGBA(0,0,0,0)\u00a0\u00bb background_color_gradient_direction=\u00a0\u00bb90deg\u00a0\u00bb global_colors_info=\u00a0\u00bb{}\u00a0\u00bb][et_pb_row column_structure=\u00a0\u00bb1_2,1_2&Prime; _builder_version=\u00a0\u00bb4.16&Prime; _module_preset=\u00a0\u00bbdefault\u00a0\u00bb global_colors_info=\u00a0\u00bb{}\u00a0\u00bb][et_pb_column type=\u00a0\u00bb1_2&Prime; _builder_version=\u00a0\u00bb4.16&Prime; _module_preset=\u00a0\u00bbdefault\u00a0\u00bb global_colors_info=\u00a0\u00bb{}\u00a0\u00bb][et_pb_image src=\u00a0\u00bbhttps:\/\/green-up.ch\/wp-content\/uploads\/2021\/08\/zurich-photo1-1-scaled.jpg\u00a0\u00bb alt=\u00a0\u00bbz\u00fcrich-photo1&Prime; title_text=\u00a0\u00bbz\u00fcrich-photo1&Prime; _builder_version=\u00a0\u00bb4.16&Prime; _module_preset=\u00a0\u00bbdefault\u00a0\u00bb border_radii=\u00a0\u00bbon|30px|30px|30px|30px\u00a0\u00bb global_colors_info=\u00a0\u00bb{}\u00a0\u00bb][\/et_pb_image][et_pb_text _builder_version=\u00a0\u00bb4.16&Prime; _module_preset=\u00a0\u00bbdefault\u00a0\u00bb global_colors_info=\u00a0\u00bb{}\u00a0\u00bb]<\/p>\n<h3><b>Zurich: notre noyau<\/b><\/h3>\n<p><span style=\"font-weight: 400;\">Nos b\u00e9n\u00e9voles dynamiques partagent un espace de travail agr\u00e9able avec le WWF. Ils inspirent les Zurichois gr\u00e2ce \u00e0 des \u00e9v\u00e8nements comme le Disco brunch, le UPTrain et les Safaris circulaires. Lorsqu\u2019ils le peuvent, ils agissent ensemble \u00e0 travers des initiatives sympathiques. <\/span> \u00a0<\/p>\n<p>[\/et_pb_text][\/et_pb_column][et_pb_column type=\u00a0\u00bb1_2&Prime; _builder_version=\u00a0\u00bb4.16&Prime; _module_preset=\u00a0\u00bbdefault\u00a0\u00bb global_colors_info=\u00a0\u00bb{}\u00a0\u00bb][et_pb_image src=\u00a0\u00bbhttps:\/\/green-up.ch\/wp-content\/uploads\/2021\/08\/Davos-city-photo1-scaled.jpg\u00a0\u00bb alt=\u00a0\u00bbDavos-city-photo1&Prime; title_text=\u00a0\u00bbDavos-city-photo1&Prime; _builder_version=\u00a0\u00bb4.16&Prime; _module_preset=\u00a0\u00bbdefault\u00a0\u00bb border_radii=\u00a0\u00bbon|30px|30px|30px|30px\u00a0\u00bb global_colors_info=\u00a0\u00bb{}\u00a0\u00bb][\/et_pb_image][et_pb_text _builder_version=\u00a0\u00bb4.16&Prime; _module_preset=\u00a0\u00bbdefault\u00a0\u00bb global_colors_info=\u00a0\u00bb{}\u00a0\u00bb]<\/p>\n<h3><b>Davos: notre ville nature<\/b><\/h3>\n<p><span style=\"font-weight: 400;\">Depuis 2020, notre espace, le Green Hub, situ\u00e9 dans l\u2019art\u00e8re principale, est au coeur de notre action \u00e0 Davos. Depuis 2016, nos b\u00e9n\u00e9voles d\u00e9vou\u00e9<\/span><span style=\"font-weight: 400;\">\u00b7e\u00b7<\/span><span style=\"font-weight: 400;\">s organisent des projets tels que le ReparierBar, Pro velo Davos Klosters, Davos Rollt ou encore les Stadtgarten. Il peut s\u2019agir d\u2019un atelier de r\u00e9paration de skis ou encore d\u2019\u00e9v\u00e8nements Power Hour pour les soci\u00e9t\u00e9s.<\/span><\/p>\n<p>[\/et_pb_text][\/et_pb_column][\/et_pb_row][et_pb_row column_structure=\u00a0\u00bb1_2,1_2&Prime; _builder_version=\u00a0\u00bb4.16&Prime; _module_preset=\u00a0\u00bbdefault\u00a0\u00bb global_colors_info=\u00a0\u00bb{}\u00a0\u00bb][et_pb_column type=\u00a0\u00bb1_2&Prime; _builder_version=\u00a0\u00bb4.16&Prime; _module_preset=\u00a0\u00bbdefault\u00a0\u00bb global_colors_info=\u00a0\u00bb{}\u00a0\u00bb][et_pb_image src=\u00a0\u00bbhttps:\/\/green-up.ch\/wp-content\/uploads\/2021\/08\/basel-city-photo1-1.jpg\u00a0\u00bb alt=\u00a0\u00bbbasel-city-photo1&Prime; title_text=\u00a0\u00bbbasel-city-photo1&Prime; _builder_version=\u00a0\u00bb4.16&Prime; _module_preset=\u00a0\u00bbdefault\u00a0\u00bb border_radii=\u00a0\u00bbon|30px|30px|30px|30px\u00a0\u00bb global_colors_info=\u00a0\u00bb{}\u00a0\u00bb][\/et_pb_image][et_pb_text _builder_version=\u00a0\u00bb4.16&Prime; _module_preset=\u00a0\u00bbdefault\u00a0\u00bb global_colors_info=\u00a0\u00bb{}\u00a0\u00bb]<\/p>\n<h3><b>B\u00e2le: notre ville cr\u00e9ative\u00a0<\/b><\/h3>\n<p><span style=\"font-weight: 400;\">En 2019, nos b\u00e9n\u00e9voles ont \u00e9t\u00e9 r\u00e9compens\u00e9<\/span><span style=\"font-weight: 400;\">\u00b7e\u00b7s pour l\u2019extraordinaire cr\u00e9ativit\u00e9 dont ils<\/span><span style=\"font-weight: 400;\">\u00b7elle\u00b7s ont fait preuve pour encourager les B\u00e2lois \u00e0 adopter un mode de vie plus simple. Parmi les \u00e9v\u00e8nements organis\u00e9s, on peut citer le Plant Swap, le pop-up store Simply More ou encore le Food-by-Foot.<\/span><\/p>\n<p>[\/et_pb_text][\/et_pb_column][et_pb_column type=\u00a0\u00bb1_2&Prime; _builder_version=\u00a0\u00bb4.16&Prime; _module_preset=\u00a0\u00bbdefault\u00a0\u00bb global_colors_info=\u00a0\u00bb{}\u00a0\u00bb][et_pb_image src=\u00a0\u00bbhttps:\/\/green-up.ch\/wp-content\/uploads\/2021\/08\/LCDF-city-photo1.jpg\u00a0\u00bb alt=\u00a0\u00bbLCDF-city-photo1&Prime; title_text=\u00a0\u00bbLCDF-city-photo1&Prime; _builder_version=\u00a0\u00bb4.16&Prime; _module_preset=\u00a0\u00bbdefault\u00a0\u00bb border_radii=\u00a0\u00bbon|30px|30px|30px|30px\u00a0\u00bb global_colors_info=\u00a0\u00bb{}\u00a0\u00bb][\/et_pb_image][et_pb_text _builder_version=\u00a0\u00bb4.16&Prime; _module_preset=\u00a0\u00bbdefault\u00a0\u00bb global_colors_info=\u00a0\u00bb{}\u00a0\u00bb]<\/p>\n<h3><b>La-Chaux-de-Fonds: une ville pleine d\u2019engouement\u00a0<\/b><\/h3>\n<p><span style=\"font-weight: 400;\">\u00c0 \u201cla Tchaux\u201d, notre groupe de b\u00e9n\u00e9voles <\/span><span style=\"font-weight: 400;\">motiv\u00e9<\/span><span style=\"font-weight: 400;\">\u00b7e\u00b7<\/span><span style=\"font-weight: 400;\">s remue la ville gr\u00e2ce \u00e0 des \u00e9v\u00e8nements sympas comme des disco soupe, des \u00e9changes de mat\u00e9riel (swap) ou encore des balades aux plantes et champignons comestibles<\/span><span style=\"font-weight: 400;\">. Nos b\u00e9n\u00e9voles ont mis sur pied un d\u00e9fi z\u00e9ro d\u00e9chet inspir\u00e9 par plusieurs initiatives pour le d\u00e9veloppement durable. Ils sont au c\u0153ur de nombreuses activit\u00e9s li\u00e9es au d\u00e9veloppement durable comme le Festival du printemps. <\/span><span style=\"font-weight: 400;\">\u00a0<\/span><\/p>\n<p>[\/et_pb_text][\/et_pb_column][\/et_pb_row][et_pb_row column_structure=\u00a0\u00bb1_2,1_2&Prime; _builder_version=\u00a0\u00bb4.16&Prime; _module_preset=\u00a0\u00bbdefault\u00a0\u00bb global_colors_info=\u00a0\u00bb{}\u00a0\u00bb][et_pb_column type=\u00a0\u00bb1_2&Prime; _builder_version=\u00a0\u00bb4.16&Prime; _module_preset=\u00a0\u00bbdefault\u00a0\u00bb global_colors_info=\u00a0\u00bb{}\u00a0\u00bb][et_pb_image src=\u00a0\u00bbhttps:\/\/green-up.ch\/wp-content\/uploads\/2022\/06\/CAA_1071-scaled-e1654203519559.jpg\u00a0\u00bb alt=\u00a0\u00bbsion-vor\u00fcbergehend\u00a0\u00bb title_text=\u00a0\u00bbCAA_1071&Prime; _builder_version=\u00a0\u00bb4.16&Prime; _module_preset=\u00a0\u00bbdefault\u00a0\u00bb border_radii=\u00a0\u00bbon|30px|30px|30px|30px\u00a0\u00bb global_colors_info=\u00a0\u00bb{}\u00a0\u00bb][\/et_pb_image][et_pb_text _builder_version=\u00a0\u00bb4.16&Prime; _module_preset=\u00a0\u00bbdefault\u00a0\u00bb global_colors_info=\u00a0\u00bb{}\u00a0\u00bb]<\/p>\n<h3><b>Sion: notre ville culturelle<\/b><\/h3>\n<p>Nous avons donn\u00e9 le coup d&rsquo;envoi de nos activit\u00e9s en novembre 2021 avec une DiscoSoupe : pr\u00e9parer ensemble une soupe \u00e0 base de l\u00e9gumes rebuts ou invendus dans une ambiance musicale et festive. La musique de notre violoncelliste a renforc\u00e9 notre message : il y a tant de choses \u00e0 faire pour lutter contre le gaspillage alimentaire ! Ce printemps, nous avons \u00e9chang\u00e9 de nombreuses plantes et graines de Zollinger lors de notre Troc de plantes au caf\u00e9 La Matrioschka et nous avons introduit le concept d&rsquo;\u00e9conomie de partage aux habitants de Sion.<\/p>\n<p>[\/et_pb_text][et_pb_button button_url=\u00a0\u00bbhttps:\/\/green-up.ch\/fr\/qui-sommes-nous\/les-villes\/sion\/\u00a0\u00bb url_new_window=\u00a0\u00bbon\u00a0\u00bb button_text=\u00a0\u00bbGreenUp Sion\u00a0\u00bb button_alignment=\u00a0\u00bbleft\u00a0\u00bb _builder_version=\u00a0\u00bb4.16&Prime; custom_button=\u00a0\u00bbon\u00a0\u00bb button_text_size=\u00a0\u00bb14px\u00a0\u00bb button_text_color=\u00a0\u00bb#00506E\u00a0\u00bb button_bg_color=\u00a0\u00bb#87F5B4&Prime; button_border_width=\u00a0\u00bb0px\u00a0\u00bb button_border_radius=\u00a0\u00bb30px\u00a0\u00bb button_letter_spacing=\u00a0\u00bb2px\u00a0\u00bb button_font=\u00a0\u00bb|||on|||||\u00a0\u00bb button_use_icon=\u00a0\u00bboff\u00a0\u00bb transform_translate=\u00a0\u00bb0px|0%\u00a0\u00bb transform_translate_linked=\u00a0\u00bboff\u00a0\u00bb z_index=\u00a0\u00bb1&Prime; custom_margin=\u00a0\u00bb||0px||false|false\u00a0\u00bb custom_padding=\u00a0\u00bb15px|30px|15px|30px|true|true\u00a0\u00bb button_bg_color_last_edited=\u00a0\u00bboff|desktop\u00a0\u00bb locked=\u00a0\u00bboff\u00a0\u00bb global_colors_info=\u00a0\u00bb{}\u00a0\u00bb button_bg_color__hover_enabled=\u00a0\u00bbon|hover\u00a0\u00bb button_bg_color__hover=\u00a0\u00bb#E6FFEB\u00a0\u00bb button_bg_enable_color__hover=\u00a0\u00bbon\u00a0\u00bb button_text_color__hover=\u00a0\u00bb#ffffff\u00a0\u00bb button_border_color__hover=\u00a0\u00bbrgba(0,0,0,0)\u00a0\u00bb][\/et_pb_button][et_pb_text _builder_version=\u00a0\u00bb4.16&Prime; text_font_size=\u00a0\u00bb30px\u00a0\u00bb text_line_height=\u00a0\u00bb1.5em\u00a0\u00bb header_font=\u00a0\u00bbGravur2||||||||\u00a0\u00bb header_text_color=\u00a0\u00bb#000000&Prime; header_font_size=\u00a0\u00bb80px\u00a0\u00bb header_letter_spacing=\u00a0\u00bb1px\u00a0\u00bb z_index=\u00a0\u00bb1&Prime; custom_margin=\u00a0\u00bb100px|-569px|||false|false\u00a0\u00bb custom_margin_tablet=\u00a0\u00bb|||0px\u00a0\u00bb custom_margin_phone=\u00a0\u00bb\u00a0\u00bb custom_margin_last_edited=\u00a0\u00bbon|phone\u00a0\u00bb header_font_size_tablet=\u00a0\u00bb80px\u00a0\u00bb header_font_size_phone=\u00a0\u00bb60px\u00a0\u00bb header_font_size_last_edited=\u00a0\u00bbon|phone\u00a0\u00bb header_letter_spacing_tablet=\u00a0\u00bb0px\u00a0\u00bb header_letter_spacing_phone=\u00a0\u00bb\u00a0\u00bb header_letter_spacing_last_edited=\u00a0\u00bbon|tablet\u00a0\u00bb global_colors_info=\u00a0\u00bb{}\u00a0\u00bb]<\/p>\n<h1 style=\"text-align: left;\"><span style=\"color: #00506e;\">Villes passives<\/span><\/h1>\n<p style=\"text-align: left;\">\u00a0<\/p>\n<p class=\"p1\" style=\"text-align: left;\"><span style=\"font-weight: 400;\">Nous \u00e9tions actifs \u00e0 Locarno et \u00e0 Soleure jusqu&rsquo;\u00e0 la pand\u00e9mie. Maintenant, nous avons toujours une petite base dans ces deux villes, mais aucun \u00e9v\u00e9nement n&rsquo;est pr\u00e9vu dans un avenir proche. Si tu souhaites faire revivre l&rsquo;une de ces villes, nous serions ravis que tu nous contactes.<\/span><\/p>\n<p>[\/et_pb_text][\/et_pb_column][et_pb_column type=\u00a0\u00bb1_2&Prime; _builder_version=\u00a0\u00bb4.16&Prime; _module_preset=\u00a0\u00bbdefault\u00a0\u00bb global_colors_info=\u00a0\u00bb{}\u00a0\u00bb][et_pb_image src=\u00a0\u00bbhttps:\/\/green-up.ch\/wp-content\/uploads\/2022\/06\/Lugano_Plantswap-e1654204404497.jpg\u00a0\u00bb alt=\u00a0\u00bblocarno vor\u00fcbergehend\u00a0\u00bb title_text=\u00a0\u00bbLugano_Plantswap\u00a0\u00bb _builder_version=\u00a0\u00bb4.16&Prime; _module_preset=\u00a0\u00bbdefault\u00a0\u00bb border_radii=\u00a0\u00bbon|30px|30px|30px|30px\u00a0\u00bb global_colors_info=\u00a0\u00bb{}\u00a0\u00bb][\/et_pb_image][et_pb_text _builder_version=\u00a0\u00bb4.16&Prime; _module_preset=\u00a0\u00bbdefault\u00a0\u00bb global_colors_info=\u00a0\u00bb{}\u00a0\u00bb]<\/p>\n<h3>Lugano: notre ville mixte<\/h3>\n<p>Nous avons donn\u00e9 le coup d&rsquo;envoi de nos activit\u00e9s en septembre 2021 avec un Plogging Challenge organis\u00e9 avec et pour le Canton. En d\u00e9cembre 2021, nous avons organis\u00e9 un Pub Quiz Z\u00e9ro D\u00e9chet, au cours duquel plus de 40 \u00e9tudiants se sont mis au d\u00e9fi d&rsquo;apprendre et d&rsquo;exp\u00e9rimenter avec moins de d\u00e9chets dans leur vie. Et en mai 2022, nous avons \u00e9chang\u00e9 des plantes et donn\u00e9 aux gens les moyens d&rsquo;avoir plus de vert dans leur vie et de leur faire d\u00e9couvrir le concept d&rsquo;\u00e9conomie de partage.<\/p>\n<p>[\/et_pb_text][et_pb_button button_url=\u00a0\u00bbhttps:\/\/green-up.ch\/wp-content\/uploads\/2021\/09\/GreenUp-Lugano.pdf%20&Prime; url_new_window=\u00a0\u00bbon\u00a0\u00bb button_text=\u00a0\u00bbGreenUp Lugano\u00a0\u00bb button_alignment=\u00a0\u00bbleft\u00a0\u00bb _builder_version=\u00a0\u00bb4.16&Prime; custom_button=\u00a0\u00bbon\u00a0\u00bb button_text_size=\u00a0\u00bb14px\u00a0\u00bb button_text_color=\u00a0\u00bb#00506E\u00a0\u00bb button_bg_color=\u00a0\u00bb#87F5B4&Prime; button_border_width=\u00a0\u00bb0px\u00a0\u00bb button_border_radius=\u00a0\u00bb30px\u00a0\u00bb button_letter_spacing=\u00a0\u00bb2px\u00a0\u00bb button_font=\u00a0\u00bb|||on|||||\u00a0\u00bb button_use_icon=\u00a0\u00bboff\u00a0\u00bb transform_translate=\u00a0\u00bb0px|0%\u00a0\u00bb transform_translate_linked=\u00a0\u00bboff\u00a0\u00bb z_index=\u00a0\u00bb1&Prime; custom_margin=\u00a0\u00bb||0px||false|false\u00a0\u00bb custom_padding=\u00a0\u00bb15px|30px|15px|30px|true|true\u00a0\u00bb button_bg_color_last_edited=\u00a0\u00bboff|desktop\u00a0\u00bb locked=\u00a0\u00bboff\u00a0\u00bb global_colors_info=\u00a0\u00bb{}\u00a0\u00bb button_bg_color__hover_enabled=\u00a0\u00bbon|hover\u00a0\u00bb button_bg_color__hover=\u00a0\u00bb#E6FFEB\u00a0\u00bb button_bg_enable_color__hover=\u00a0\u00bbon\u00a0\u00bb button_text_color__hover=\u00a0\u00bb#ffffff\u00a0\u00bb button_border_color__hover=\u00a0\u00bbrgba(0,0,0,0)\u00a0\u00bb][\/et_pb_button][\/et_pb_column][\/et_pb_row][et_pb_row column_structure=\u00a0\u00bb1_2,1_2&Prime; _builder_version=\u00a0\u00bb4.16&Prime; _module_preset=\u00a0\u00bbdefault\u00a0\u00bb global_colors_info=\u00a0\u00bb{}\u00a0\u00bb][et_pb_column type=\u00a0\u00bb1_2&Prime; _builder_version=\u00a0\u00bb4.16&Prime; _module_preset=\u00a0\u00bbdefault\u00a0\u00bb global_colors_info=\u00a0\u00bb{}\u00a0\u00bb][et_pb_image src=\u00a0\u00bbhttps:\/\/green-up.ch\/wp-content\/uploads\/2021\/08\/locarno-city-photo1-scaled.jpg\u00a0\u00bb alt=\u00a0\u00bblocarno-city-photo1&Prime; title_text=\u00a0\u00bblocarno-city-photo1&Prime; _builder_version=\u00a0\u00bb4.16&Prime; _module_preset=\u00a0\u00bbdefault\u00a0\u00bb border_radii=\u00a0\u00bbon|30px|30px|30px|30px\u00a0\u00bb global_colors_info=\u00a0\u00bb{}\u00a0\u00bb][\/et_pb_image][et_pb_text _builder_version=\u00a0\u00bb4.16&Prime; _module_preset=\u00a0\u00bbdefault\u00a0\u00bb global_colors_info=\u00a0\u00bb{}\u00a0\u00bb]<\/p>\n<h3><b>Locarno: notre ville passionn\u00e9e<\/b><\/h3>\n<p>Une biblioth\u00e8que d\u2019objets compos\u00e9e de plus de 200 pi\u00e8ces, des \u00e9v\u00e9nements disco soupe mensuels, ou les gens se r\u00e9unissent pour cuisiner des aliments sauv\u00e9s du gaspillage et partager un repas en musique, \u2026 voil\u00e0 quelques-uns des projets mis sur place \u00e0 Locarno avec Spazio ELLE. Des \u00e9v\u00e8nements autour de la mobilit\u00e9, du plogging et du z\u00e9ro d\u00e9chet ont eu beaucoup de succ\u00e8s.\u00a0<\/p>\n<p>[\/et_pb_text][\/et_pb_column][et_pb_column type=\u00a0\u00bb1_2&Prime; _builder_version=\u00a0\u00bb4.16&Prime; _module_preset=\u00a0\u00bbdefault\u00a0\u00bb global_colors_info=\u00a0\u00bb{}\u00a0\u00bb][et_pb_image src=\u00a0\u00bbhttps:\/\/green-up.ch\/wp-content\/uploads\/2021\/08\/solothurn-photo1.jpg\u00a0\u00bb alt=\u00a0\u00bbsolothurn-photo1&Prime; title_text=\u00a0\u00bbsolothurn-photo1&Prime; _builder_version=\u00a0\u00bb4.16&Prime; _module_preset=\u00a0\u00bbdefault\u00a0\u00bb border_radii=\u00a0\u00bbon|30px|30px|30px|30px\u00a0\u00bb global_colors_info=\u00a0\u00bb{}\u00a0\u00bb][\/et_pb_image][et_pb_text _builder_version=\u00a0\u00bb4.16&Prime; _module_preset=\u00a0\u00bbdefault\u00a0\u00bb global_colors_info=\u00a0\u00bb{}\u00a0\u00bb]<\/p>\n<h3><b>Soleure: notre ville active<\/b><\/h3>\n<p>Nos b\u00e9n\u00e9voles enthousiastes surprennent souvent leurs concitoyen\u00b7ne\u00b7s au centre de la ville, que ce soit avec des disco fruit (smoothies faits \u00e0 base d\u2019aliments sauv\u00e9s du gaspillage alimentaire), un slow safari pour promouvoir la mobilit\u00e9 douce ou encore un \u00e9v\u00e8nement autour des cadeaux de no\u00ebl. Des projets autour de l\u2019urbanisme durable et du z\u00e9ro plastique ont donn\u00e9 naissance \u00e0 des projets passionnants.\u00a0<\/p>\n<p>[\/et_pb_text][\/et_pb_column][\/et_pb_row][\/et_pb_section][et_pb_section fb_built=\u00a0\u00bb1&Prime; admin_label=\u00a0\u00bbServices\u00a0\u00bb _builder_version=\u00a0\u00bb4.16&Prime; custom_padding=\u00a0\u00bb0px|||||\u00a0\u00bb locked=\u00a0\u00bboff\u00a0\u00bb global_colors_info=\u00a0\u00bb{}\u00a0\u00bb][\/et_pb_section][et_pb_section fb_built=\u00a0\u00bb1&Prime; custom_padding_last_edited=\u00a0\u00bboff|phone\u00a0\u00bb admin_label=\u00a0\u00bbFooter\u00a0\u00bb _builder_version=\u00a0\u00bb4.16&Prime; use_background_color_gradient=\u00a0\u00bbon\u00a0\u00bb background_color_gradient_direction=\u00a0\u00bb90deg\u00a0\u00bb background_color_gradient_stops=\u00a0\u00bbrgba(0,0,0,0) 60%|#008c87 60%\u00a0\u00bb background_color_gradient_overlays_image=\u00a0\u00bbon\u00a0\u00bb background_color_gradient_start=\u00a0\u00bbrgba(0,0,0,0)\u00a0\u00bb background_color_gradient_start_position=\u00a0\u00bb60%\u00a0\u00bb background_color_gradient_end=\u00a0\u00bb#008c87&Prime; background_color_gradient_end_position=\u00a0\u00bb0%\u00a0\u00bb background_image=\u00a0\u00bbhttps:\/\/green-up.ch\/wp-content\/uploads\/2021\/05\/Backgrounds-3.jpg\u00a0\u00bb background_size=\u00a0\u00bbcontain\u00a0\u00bb custom_padding=\u00a0\u00bb12vw||12vw||true|false\u00a0\u00bb custom_padding_tablet=\u00a0\u00bb50px|||\u00a0\u00bb custom_padding_phone=\u00a0\u00bb30px||\u00a0\u00bb locked=\u00a0\u00bboff\u00a0\u00bb global_colors_info=\u00a0\u00bb{}\u00a0\u00bb][et_pb_row custom_padding_last_edited=\u00a0\u00bbon|tablet\u00a0\u00bb _builder_version=\u00a0\u00bb4.16&Prime; background_color=\u00a0\u00bb#00506E\u00a0\u00bb max_width=\u00a0\u00bb700px\u00a0\u00bb custom_padding=\u00a0\u00bb80px|80px|80px|80px|true|true\u00a0\u00bb custom_padding_tablet=\u00a0\u00bb60px|60px|60px|60px\u00a0\u00bb custom_padding_phone=\u00a0\u00bb40px|20px|40px|20px|true|true\u00a0\u00bb border_radii=\u00a0\u00bbon|30px|30px|30px|30px\u00a0\u00bb global_colors_info=\u00a0\u00bb{}\u00a0\u00bb][et_pb_column type=\u00a0\u00bb4_4&Prime; _builder_version=\u00a0\u00bb4.16&Prime; global_colors_info=\u00a0\u00bb{}\u00a0\u00bb][et_pb_text _builder_version=\u00a0\u00bb4.16&Prime; text_font=\u00a0\u00bb||||||||\u00a0\u00bb header_2_font=\u00a0\u00bbPrompt|200|||||||\u00a0\u00bb header_2_font_size=\u00a0\u00bb60px\u00a0\u00bb header_2_line_height=\u00a0\u00bb1.2em\u00a0\u00bb header_4_font=\u00a0\u00bbPrompt|600||on|||||\u00a0\u00bb header_4_font_size=\u00a0\u00bb14px\u00a0\u00bb header_4_letter_spacing=\u00a0\u00bb2px\u00a0\u00bb header_4_line_height=\u00a0\u00bb1.2em\u00a0\u00bb z_index=\u00a0\u00bb1&Prime; background_layout=\u00a0\u00bbdark\u00a0\u00bb header_2_font_size_tablet=\u00a0\u00bb40px\u00a0\u00bb header_2_font_size_phone=\u00a0\u00bb25px\u00a0\u00bb header_2_font_size_last_edited=\u00a0\u00bbon|phone\u00a0\u00bb locked=\u00a0\u00bboff\u00a0\u00bb global_colors_info=\u00a0\u00bb{}\u00a0\u00bb]<\/p>\n<p>Vous souhaitez \u00eatre tenu inform\u00e9 des activit\u00e9s de GreenUp ? Inscrivez-vous \u00e0 la newsletter mensuelle dans votre langue.<\/p>\n<h3>Nous sommes heureux de t&rsquo;informer !<\/h3>\n<p>[\/et_pb_text][et_pb_signup mailchimp_list=\u00a0\u00bbUP|e1dec51940&Prime; layout=\u00a0\u00bbtop_bottom\u00a0\u00bb use_custom_fields=\u00a0\u00bbon\u00a0\u00bb button_text=\u00a0\u00bbS&rsquo;abonner\u00a0\u00bb admin_label=\u00a0\u00bbEmail Optin\u00a0\u00bb _builder_version=\u00a0\u00bb4.16&Prime; header_level=\u00a0\u00bbh3&Prime; header_font=\u00a0\u00bbPrompt|700|||||||\u00a0\u00bb header_font_size=\u00a0\u00bb30px\u00a0\u00bb header_line_height=\u00a0\u00bb1.2em\u00a0\u00bb body_font=\u00a0\u00bb|600|||||||\u00a0\u00bb body_line_height=\u00a0\u00bb1.8em\u00a0\u00bb form_field_font=\u00a0\u00bbPrompt||||||||\u00a0\u00bb use_background_color=\u00a0\u00bboff\u00a0\u00bb custom_button=\u00a0\u00bbon\u00a0\u00bb button_text_size=\u00a0\u00bb14px\u00a0\u00bb button_text_color=\u00a0\u00bb#ffffff\u00a0\u00bb button_bg_color=\u00a0\u00bb#87F5B4&Prime; button_border_width=\u00a0\u00bb10px\u00a0\u00bb button_border_color=\u00a0\u00bbrgba(0,0,0,0)\u00a0\u00bb button_border_radius=\u00a0\u00bb30px\u00a0\u00bb button_letter_spacing=\u00a0\u00bb2px\u00a0\u00bb button_font=\u00a0\u00bbPrompt|||on|||||\u00a0\u00bb button_use_icon=\u00a0\u00bboff\u00a0\u00bb custom_margin=\u00a0\u00bb|||-20px|false|false\u00a0\u00bb custom_margin_tablet=\u00a0\u00bb|||0px|false|false\u00a0\u00bb custom_margin_phone=\u00a0\u00bb\u00a0\u00bb custom_margin_last_edited=\u00a0\u00bbon|desktop\u00a0\u00bb header_font_size_tablet=\u00a0\u00bb\u00a0\u00bb header_font_size_phone=\u00a0\u00bb18px\u00a0\u00bb header_font_size_last_edited=\u00a0\u00bbon|phone\u00a0\u00bb button_bg_color_last_edited=\u00a0\u00bboff|desktop\u00a0\u00bb border_radii_fields=\u00a0\u00bbon|0px|0px|0px|0px\u00a0\u00bb global_colors_info=\u00a0\u00bb{}\u00a0\u00bb button_text_color__hover=\u00a0\u00bb#ffffff\u00a0\u00bb button_bg_color__hover=\u00a0\u00bb#008C87&Prime; button_bg_color__hover_enabled=\u00a0\u00bbon|hover\u00a0\u00bb button_border_color__hover=\u00a0\u00bbrgba(0,0,0,0)\u00a0\u00bb button_bg_enable_color__hover=\u00a0\u00bbon\u00a0\u00bb]<\/p>\n<p>[et_pb_signup_custom_field field_id=\u00a0\u00bb5&Prime; field_title=\u00a0\u00bbLanguage\u00a0\u00bb field_type=\u00a0\u00bbselect\u00a0\u00bb select_options=\u00a0\u00bb%91{%22checked%22:0,%22value%22:%22Deutsch%22,%22id%22:0,%22dragID%22:-1},{%22checked%22:0,%22value%22:%22Fran\u00e7ais%22,%22id%22:1,%22dragID%22:0},{%22checked%22:0,%22value%22:%22Italiano%22,%22id%22:2,%22dragID%22:1},{%22checked%22:0,%22value%22:%22English%22,%22id%22:3,%22dragID%22:2}%93&Prime; _builder_version=\u00a0\u00bb4.16&Prime; _module_preset=\u00a0\u00bbdefault\u00a0\u00bb global_colors_info=\u00a0\u00bb{}\u00a0\u00bb predefined_field=\u00a0\u00bb5&Prime;][\/et_pb_signup_custom_field]<\/p>\n<p>[\/et_pb_signup][\/et_pb_column][\/et_pb_row][\/et_pb_section][et_pb_section fb_built=\u00a0\u00bb1&Prime; admin_label=\u00a0\u00bbFooter\u00a0\u00bb _builder_version=\u00a0\u00bb4.16&Prime; locked=\u00a0\u00bboff\u00a0\u00bb global_colors_info=\u00a0\u00bb{}\u00a0\u00bb][et_pb_row _builder_version=\u00a0\u00bb4.16&Prime; locked=\u00a0\u00bboff\u00a0\u00bb global_colors_info=\u00a0\u00bb{}\u00a0\u00bb][et_pb_column type=\u00a0\u00bb4_4&Prime; _builder_version=\u00a0\u00bb4.16&Prime; global_colors_info=\u00a0\u00bb{}\u00a0\u00bb][et_pb_text _builder_version=\u00a0\u00bb4.16&Prime; text_font=\u00a0\u00bb|600|||||||\u00a0\u00bb text_font_size=\u00a0\u00bb16px\u00a0\u00bb text_line_height=\u00a0\u00bb1.8em\u00a0\u00bb header_4_font=\u00a0\u00bbPrompt|600||on|||||\u00a0\u00bb header_4_font_size=\u00a0\u00bb14px\u00a0\u00bb header_4_letter_spacing=\u00a0\u00bb2px\u00a0\u00bb header_4_line_height=\u00a0\u00bb1.2em\u00a0\u00bb z_index=\u00a0\u00bb1&Prime; text_orientation=\u00a0\u00bbcenter\u00a0\u00bb locked=\u00a0\u00bboff\u00a0\u00bb global_colors_info=\u00a0\u00bb{}\u00a0\u00bb]<\/p>\n<h4>Suivez-nous sur les m\u00e9dias sociaux.<\/h4>\n<p>[\/et_pb_text][et_pb_social_media_follow _builder_version=\u00a0\u00bb4.18.0&Prime; text_orientation=\u00a0\u00bbcenter\u00a0\u00bb global_colors_info=\u00a0\u00bb{}\u00a0\u00bb][et_pb_social_media_follow_network social_network=\u00a0\u00bbfacebook\u00a0\u00bb url=\u00a0\u00bbhttps:\/\/www.facebook.com\/greenupswitzerland%20&Prime; icon_color=\u00a0\u00bb#FFFFFF\u00a0\u00bb use_icon_font_size=\u00a0\u00bbon\u00a0\u00bb icon_font_size=\u00a0\u00bb15px\u00a0\u00bb _builder_version=\u00a0\u00bb4.16&Prime; background_color=\u00a0\u00bb#87F5B4&Prime; background_enable_color=\u00a0\u00bbon\u00a0\u00bb border_radii=\u00a0\u00bbon|50px|50px|50px|50px\u00a0\u00bb global_colors_info=\u00a0\u00bb{}\u00a0\u00bb follow_button=\u00a0\u00bboff\u00a0\u00bb url_new_window=\u00a0\u00bbon\u00a0\u00bb]facebook[\/et_pb_social_media_follow_network][et_pb_social_media_follow_network social_network=\u00a0\u00bblinkedin\u00a0\u00bb url=\u00a0\u00bbhttps:\/\/www.linkedin.com\/company\/greenupswitzerland\/\u00a0\u00bb icon_color=\u00a0\u00bb#FFFFFF\u00a0\u00bb use_icon_font_size=\u00a0\u00bbon\u00a0\u00bb icon_font_size=\u00a0\u00bb15px\u00a0\u00bb _builder_version=\u00a0\u00bb4.18.0&Prime; background_color=\u00a0\u00bb#87F5B4&Prime; background_enable_color=\u00a0\u00bbon\u00a0\u00bb border_radii=\u00a0\u00bbon|50px|50px|50px|50px\u00a0\u00bb global_colors_info=\u00a0\u00bb{}\u00a0\u00bb follow_button=\u00a0\u00bboff\u00a0\u00bb url_new_window=\u00a0\u00bbon\u00a0\u00bb]linkedin[\/et_pb_social_media_follow_network][et_pb_social_media_follow_network social_network=\u00a0\u00bbinstagram\u00a0\u00bb url=\u00a0\u00bbhttps:\/\/www.instagram.com\/greenup.ch\/\u00a0\u00bb icon_color=\u00a0\u00bb#FFFFFF\u00a0\u00bb use_icon_font_size=\u00a0\u00bbon\u00a0\u00bb icon_font_size=\u00a0\u00bb15px\u00a0\u00bb _builder_version=\u00a0\u00bb4.16&Prime; background_color=\u00a0\u00bb#87F5B4&Prime; background_enable_color=\u00a0\u00bbon\u00a0\u00bb border_radii=\u00a0\u00bbon|50px|50px|50px|50px\u00a0\u00bb global_colors_info=\u00a0\u00bb{}\u00a0\u00bb follow_button=\u00a0\u00bboff\u00a0\u00bb url_new_window=\u00a0\u00bbon\u00a0\u00bb]instagram[\/et_pb_social_media_follow_network][\/et_pb_social_media_follow][\/et_pb_column][\/et_pb_row][\/et_pb_section]<\/p>\n","protected":false},"excerpt":{"rendered":"<p>Villes actives \u00a0 Nous sommes actifs dans toutes les r\u00e9gions linguistiques de la Suisse, avec 6 bases dans les villes suivantes :Zurich: notre noyau Nos b\u00e9n\u00e9voles dynamiques partagent un espace [&hellip;]<\/p>\n","protected":false},"author":2,"featured_media":0,"parent":4111,"menu_order":0,"comment_status":"closed","ping_status":"closed","template":"","meta":{"_et_pb_use_builder":"on","_et_pb_old_content":"","_et_gb_content_width":"","footnotes":""},"class_list":["post-4133","page","type-page","status-publish","hentry"],"yoast_head":"<!-- This site is optimized with the Yoast SEO plugin v27.5 - https:\/\/yoast.com\/product\/yoast-seo-wordpress\/ -->\n<title>Les Villes | Green Up<\/title>\n<meta name=\"robots\" content=\"index, follow, max-snippet:-1, max-image-preview:large, max-video-preview:-1\" \/>\n<link rel=\"canonical\" href=\"https:\/\/green-up.ch\/?page_id=2280\" \/>\n<meta property=\"og:locale\" content=\"fr_FR\" \/>\n<meta property=\"og:type\" content=\"article\" \/>\n<meta property=\"og:title\" content=\"Les Villes | Green Up\" \/>\n<meta property=\"og:description\" content=\"Villes actives \u00a0 Nous sommes actifs dans toutes les r\u00e9gions linguistiques de la Suisse, avec 6 bases dans les villes suivantes :Zurich: notre noyau Nos b\u00e9n\u00e9voles dynamiques partagent un espace [&hellip;]\" \/>\n<meta property=\"og:url\" content=\"https:\/\/green-up.ch\/?page_id=2280\" \/>\n<meta property=\"og:site_name\" content=\"Green Up\" \/>\n<meta property=\"article:publisher\" content=\"https:\/\/m.facebook.com\/greenupswitzerland\" \/>\n<meta property=\"article:modified_time\" content=\"2022-10-11T14:41:38+00:00\" \/>\n<meta name=\"twitter:card\" content=\"summary_large_image\" \/>\n<meta name=\"twitter:label1\" content=\"Dur\u00e9e de lecture estim\u00e9e\" \/>\n\t<meta name=\"twitter:data1\" content=\"13 minutes\" \/>\n<script type=\"application\/ld+json\" class=\"yoast-schema-graph\">{\"@context\":\"https:\\\/\\\/schema.org\",\"@graph\":[{\"@type\":\"WebPage\",\"@id\":\"https:\\\/\\\/green-up.ch\\\/?page_id=2280\",\"url\":\"https:\\\/\\\/green-up.ch\\\/?page_id=2280\",\"name\":\"Les Villes | Green Up\",\"isPartOf\":{\"@id\":\"https:\\\/\\\/green-up.ch\\\/#website\"},\"datePublished\":\"2021-09-09T02:59:03+00:00\",\"dateModified\":\"2022-10-11T14:41:38+00:00\",\"breadcrumb\":{\"@id\":\"https:\\\/\\\/green-up.ch\\\/?page_id=2280#breadcrumb\"},\"inLanguage\":\"fr-FR\",\"potentialAction\":[{\"@type\":\"ReadAction\",\"target\":[\"https:\\\/\\\/green-up.ch\\\/?page_id=2280\"]}]},{\"@type\":\"BreadcrumbList\",\"@id\":\"https:\\\/\\\/green-up.ch\\\/?page_id=2280#breadcrumb\",\"itemListElement\":[{\"@type\":\"ListItem\",\"position\":1,\"name\":\"Home\",\"item\":\"https:\\\/\\\/green-up.ch\\\/\"},{\"@type\":\"ListItem\",\"position\":2,\"name\":\"Qui sommes-nous ?\",\"item\":\"https:\\\/\\\/green-up.ch\\\/about\\\/\"},{\"@type\":\"ListItem\",\"position\":3,\"name\":\"Les Villes\"}]},{\"@type\":\"WebSite\",\"@id\":\"https:\\\/\\\/green-up.ch\\\/#website\",\"url\":\"https:\\\/\\\/green-up.ch\\\/\",\"name\":\"GreenUp\",\"description\":\"Inspire, collaborate, empower.\",\"publisher\":{\"@id\":\"https:\\\/\\\/green-up.ch\\\/#organization\"},\"potentialAction\":[{\"@type\":\"SearchAction\",\"target\":{\"@type\":\"EntryPoint\",\"urlTemplate\":\"https:\\\/\\\/green-up.ch\\\/?s={search_term_string}\"},\"query-input\":{\"@type\":\"PropertyValueSpecification\",\"valueRequired\":true,\"valueName\":\"search_term_string\"}}],\"inLanguage\":\"fr-FR\"},{\"@type\":\"Organization\",\"@id\":\"https:\\\/\\\/green-up.ch\\\/#organization\",\"name\":\"GreeUp\",\"url\":\"https:\\\/\\\/green-up.ch\\\/\",\"logo\":{\"@type\":\"ImageObject\",\"inLanguage\":\"fr-FR\",\"@id\":\"https:\\\/\\\/green-up.ch\\\/#\\\/schema\\\/logo\\\/image\\\/\",\"url\":\"https:\\\/\\\/green-up.ch\\\/wp-content\\\/uploads\\\/2021\\\/11\\\/greenuplogo_rond.png\",\"contentUrl\":\"https:\\\/\\\/green-up.ch\\\/wp-content\\\/uploads\\\/2021\\\/11\\\/greenuplogo_rond.png\",\"width\":600,\"height\":595,\"caption\":\"GreeUp\"},\"image\":{\"@id\":\"https:\\\/\\\/green-up.ch\\\/#\\\/schema\\\/logo\\\/image\\\/\"},\"sameAs\":[\"https:\\\/\\\/m.facebook.com\\\/greenupswitzerland\",\"https:\\\/\\\/www.instagram.com\\\/greenup.ch\\\/\",\"https:\\\/\\\/www.linkedin.com\\\/company\\\/greenupswitzerland\\\/\"]}]}<\/script>\n<!-- \/ Yoast SEO plugin. -->","yoast_head_json":{"title":"Les Villes | Green Up","robots":{"index":"index","follow":"follow","max-snippet":"max-snippet:-1","max-image-preview":"max-image-preview:large","max-video-preview":"max-video-preview:-1"},"canonical":"https:\/\/green-up.ch\/?page_id=2280","og_locale":"fr_FR","og_type":"article","og_title":"Les Villes | Green Up","og_description":"Villes actives \u00a0 Nous sommes actifs dans toutes les r\u00e9gions linguistiques de la Suisse, avec 6 bases dans les villes suivantes :Zurich: notre noyau Nos b\u00e9n\u00e9voles dynamiques partagent un espace [&hellip;]","og_url":"https:\/\/green-up.ch\/?page_id=2280","og_site_name":"Green Up","article_publisher":"https:\/\/m.facebook.com\/greenupswitzerland","article_modified_time":"2022-10-11T14:41:38+00:00","twitter_card":"summary_large_image","twitter_misc":{"Dur\u00e9e de lecture estim\u00e9e":"13 minutes"},"schema":{"@context":"https:\/\/schema.org","@graph":[{"@type":"WebPage","@id":"https:\/\/green-up.ch\/?page_id=2280","url":"https:\/\/green-up.ch\/?page_id=2280","name":"Les Villes | Green Up","isPartOf":{"@id":"https:\/\/green-up.ch\/#website"},"datePublished":"2021-09-09T02:59:03+00:00","dateModified":"2022-10-11T14:41:38+00:00","breadcrumb":{"@id":"https:\/\/green-up.ch\/?page_id=2280#breadcrumb"},"inLanguage":"fr-FR","potentialAction":[{"@type":"ReadAction","target":["https:\/\/green-up.ch\/?page_id=2280"]}]},{"@type":"BreadcrumbList","@id":"https:\/\/green-up.ch\/?page_id=2280#breadcrumb","itemListElement":[{"@type":"ListItem","position":1,"name":"Home","item":"https:\/\/green-up.ch\/"},{"@type":"ListItem","position":2,"name":"Qui sommes-nous ?","item":"https:\/\/green-up.ch\/about\/"},{"@type":"ListItem","position":3,"name":"Les Villes"}]},{"@type":"WebSite","@id":"https:\/\/green-up.ch\/#website","url":"https:\/\/green-up.ch\/","name":"GreenUp","description":"Inspire, collaborate, empower.","publisher":{"@id":"https:\/\/green-up.ch\/#organization"},"potentialAction":[{"@type":"SearchAction","target":{"@type":"EntryPoint","urlTemplate":"https:\/\/green-up.ch\/?s={search_term_string}"},"query-input":{"@type":"PropertyValueSpecification","valueRequired":true,"valueName":"search_term_string"}}],"inLanguage":"fr-FR"},{"@type":"Organization","@id":"https:\/\/green-up.ch\/#organization","name":"GreeUp","url":"https:\/\/green-up.ch\/","logo":{"@type":"ImageObject","inLanguage":"fr-FR","@id":"https:\/\/green-up.ch\/#\/schema\/logo\/image\/","url":"https:\/\/green-up.ch\/wp-content\/uploads\/2021\/11\/greenuplogo_rond.png","contentUrl":"https:\/\/green-up.ch\/wp-content\/uploads\/2021\/11\/greenuplogo_rond.png","width":600,"height":595,"caption":"GreeUp"},"image":{"@id":"https:\/\/green-up.ch\/#\/schema\/logo\/image\/"},"sameAs":["https:\/\/m.facebook.com\/greenupswitzerland","https:\/\/www.instagram.com\/greenup.ch\/","https:\/\/www.linkedin.com\/company\/greenupswitzerland\/"]}]}},"_links":{"self":[{"href":"https:\/\/green-up.ch\/fr\/wp-json\/wp\/v2\/pages\/4133","targetHints":{"allow":["GET"]}}],"collection":[{"href":"https:\/\/green-up.ch\/fr\/wp-json\/wp\/v2\/pages"}],"about":[{"href":"https:\/\/green-up.ch\/fr\/wp-json\/wp\/v2\/types\/page"}],"author":[{"embeddable":true,"href":"https:\/\/green-up.ch\/fr\/wp-json\/wp\/v2\/users\/2"}],"replies":[{"embeddable":true,"href":"https:\/\/green-up.ch\/fr\/wp-json\/wp\/v2\/comments?post=4133"}],"version-history":[{"count":29,"href":"https:\/\/green-up.ch\/fr\/wp-json\/wp\/v2\/pages\/4133\/revisions"}],"predecessor-version":[{"id":9475,"href":"https:\/\/green-up.ch\/fr\/wp-json\/wp\/v2\/pages\/4133\/revisions\/9475"}],"up":[{"embeddable":true,"href":"https:\/\/green-up.ch\/fr\/wp-json\/wp\/v2\/pages\/4111"}],"wp:attachment":[{"href":"https:\/\/green-up.ch\/fr\/wp-json\/wp\/v2\/media?parent=4133"}],"curies":[{"name":"wp","href":"https:\/\/api.w.org\/{rel}","templated":true}]}}