{"id":4910,"date":"2021-09-14T05:39:00","date_gmt":"2021-09-14T05:39:00","guid":{"rendered":"https:\/\/green-up.ch\/event\/gruen-zu-gruen-regenerativer-gemueseanbau-kompost-vortrag-und-co-creation\/"},"modified":"2021-09-21T19:42:17","modified_gmt":"2021-09-21T19:42:17","slug":"gruen-zu-gruen-regenerativer-gemueseanbau-kompost-vortrag-und-co-creation","status":"publish","type":"tribe_events","link":"https:\/\/green-up.ch\/de\/event\/gruen-zu-gruen-regenerativer-gemueseanbau-kompost-vortrag-und-co-creation\/","title":{"rendered":"Gr\u00fcn-zu-Gr\u00fcn Regenerativer Gem\u00fcseanbau &#038; Kompost in Davos"},"content":{"rendered":"<p><strong>Regenerativer Gem\u00fcseanbau &amp; Kompost &#8211; Vortrag und Co-Creation<br \/><\/strong><\/p>\n<p>Wie geht es deinem Gem\u00fcse in der kalten Bergluft? Was kann uns der regenerative Gem\u00fcseanbau bringen und was machen wir danach mit dem Gem\u00fcse? Wie k\u00f6nnen wir in Davos Gr\u00fcnabf\u00e4lle wieder in den Boden bringen?<\/p>\n<p>Eine Pr\u00e4sentation \u00fcber regenerativen Gem\u00fcseanbau in Davos und ein Co-Creation-Workshop \u00fcber Gr\u00fcnabf\u00e4lle und Kompostierung in Davos mit einem Ap\u00e9ro dazwischen.<\/p>\n<p>Diskutiere mit, hole dich Tipps und helfe mit, ein gr\u00fcneres Davos zu schaffen!<\/p>\n<p>Bitte melde dich an damit alle Teilnehmen k\u00f6nnen (bis am 27.09): <a href=\"https:\/\/forms.gle\/k128TKQDWcFZuAxCA\">https:\/\/forms.gle\/k128TKQDWcFZuAxCA<\/a><\/p>\n<p>Der Event und das Ap\u00e9ro sind auf Spendenbasis!<\/p>\n<h2>\u00a0<\/h2>\n","protected":false},"excerpt":{"rendered":"<p>Eine Pr\u00e4sentation \u00fcber Regenerativen Gem\u00fcseanbau in Davos und ein Co-Creation-Workshop \u00fcber Gr\u00fcnabfall und Kompostierung in Davos. Diskutiere mit, hole dich Tipps und helfe mit, ein gr\u00fcneres Davos zu schaffen! Bitte melde dich vorher an (COVID): https:\/\/forms.gle\/k128TKQDWcFZuAxCA Der Event und das Ap\u00e9ro sind auf Spendenbasis!<\/p>\n","protected":false},"author":2,"featured_media":4904,"template":"","meta":{"_et_pb_use_builder":"","_et_pb_old_content":"<p><strong>Regenerativer Gem\u00fcseanbau &amp; Kompost - Vortrag und Co-Creation<br \/><\/strong><\/p>\r\n<p>Wie geht es deinem Gem\u00fcse in der kalten Bergluft? Was kann uns der regenerative Gem\u00fcseanbau bringen und was machen wir danach mit dem Gem\u00fcse? Wie k\u00f6nnen wir in Davos Gr\u00fcnabf\u00e4lle wieder in den Boden bringen?<br \/><br \/>Eine Pr\u00e4sentation \u00fcber regenerativen Gem\u00fcseanbau in Davos und ein Co-Creation-Workshop \u00fcber Gr\u00fcnabf\u00e4lle und Kompostierung in Davos mit einem Ap\u00e9ro dazwischen.<br \/><br \/>Diskutiere mit, hole dich Tipps und helfe mit, ein gr\u00fcneres Davos zu schaffen!<br \/><br \/>Bitte melde dich vorher an (COVID): https:\/\/forms.gle\/k128TKQDWcFZuAxCA<br \/><br \/>Der Event und das Ap\u00e9ro sind auf Spendenbasis!<\/p>\r\n<h2>\u00a0<\/h2>","_et_gb_content_width":"","_tribe_events_status":"","_tribe_events_status_reason":"","footnotes":""},"tags":[],"tribe_events_cat":[],"class_list":["post-4910","tribe_events","type-tribe_events","status-publish","has-post-thumbnail","hentry"],"yoast_head":"<!-- This site is optimized with the Yoast SEO plugin v27.5 - https:\/\/yoast.com\/product\/yoast-seo-wordpress\/ -->\n<title>Gr\u00fcn-zu-Gr\u00fcn Regenerativer Gem\u00fcseanbau &amp; Kompost in Davos | GreenUp<\/title>\n<meta name=\"robots\" content=\"index, follow, max-snippet:-1, max-image-preview:large, max-video-preview:-1\" \/>\n<link rel=\"canonical\" href=\"https:\/\/green-up.ch\/de\/event\/gruen-zu-gruen-regenerativer-gemueseanbau-kompost-vortrag-und-co-creation\/\" \/>\n<meta property=\"og:locale\" content=\"de_DE\" \/>\n<meta property=\"og:type\" content=\"article\" \/>\n<meta property=\"og:title\" content=\"Gr\u00fcn-zu-Gr\u00fcn Regenerativer Gem\u00fcseanbau &amp; Kompost in Davos | GreenUp\" \/>\n<meta property=\"og:description\" content=\"Eine Pr\u00e4sentation \u00fcber Regenerativen Gem\u00fcseanbau in Davos und ein Co-Creation-Workshop \u00fcber Gr\u00fcnabfall und Kompostierung in Davos. Diskutiere mit, hole dich Tipps und helfe mit, ein gr\u00fcneres Davos zu schaffen! Bitte melde dich vorher an (COVID): https:\/\/forms.gle\/k128TKQDWcFZuAxCA Der Event und das Ap\u00e9ro sind auf Spendenbasis!\" \/>\n<meta property=\"og:url\" content=\"https:\/\/green-up.ch\/de\/event\/gruen-zu-gruen-regenerativer-gemueseanbau-kompost-vortrag-und-co-creation\/\" \/>\n<meta property=\"og:site_name\" content=\"GreenUp\" \/>\n<meta property=\"article:publisher\" content=\"https:\/\/m.facebook.com\/greenupswitzerland\" \/>\n<meta property=\"article:modified_time\" content=\"2021-09-21T19:42:17+00:00\" \/>\n<meta property=\"og:image\" content=\"https:\/\/green-up.ch\/wp-content\/uploads\/2021\/09\/Banner_2909-1024x576.png\" \/>\n\t<meta property=\"og:image:width\" content=\"1024\" \/>\n\t<meta property=\"og:image:height\" content=\"576\" \/>\n\t<meta property=\"og:image:type\" content=\"image\/png\" \/>\n<meta name=\"twitter:card\" content=\"summary_large_image\" \/>\n<meta name=\"twitter:label1\" content=\"Gesch\u00e4tzte Lesezeit\" \/>\n\t<meta name=\"twitter:data1\" content=\"1\u00a0Minute\" \/>\n<script type=\"application\/ld+json\" class=\"yoast-schema-graph\">{\"@context\":\"https:\\\/\\\/schema.org\",\"@graph\":[{\"@type\":\"WebPage\",\"@id\":\"https:\\\/\\\/green-up.ch\\\/de\\\/event\\\/gruen-zu-gruen-regenerativer-gemueseanbau-kompost-vortrag-und-co-creation\\\/\",\"url\":\"https:\\\/\\\/green-up.ch\\\/de\\\/event\\\/gruen-zu-gruen-regenerativer-gemueseanbau-kompost-vortrag-und-co-creation\\\/\",\"name\":\"Gr\u00fcn-zu-Gr\u00fcn Regenerativer Gem\u00fcseanbau & Kompost in Davos | GreenUp\",\"isPartOf\":{\"@id\":\"https:\\\/\\\/green-up.ch\\\/#website\"},\"primaryImageOfPage\":{\"@id\":\"https:\\\/\\\/green-up.ch\\\/de\\\/event\\\/gruen-zu-gruen-regenerativer-gemueseanbau-kompost-vortrag-und-co-creation\\\/#primaryimage\"},\"image\":{\"@id\":\"https:\\\/\\\/green-up.ch\\\/de\\\/event\\\/gruen-zu-gruen-regenerativer-gemueseanbau-kompost-vortrag-und-co-creation\\\/#primaryimage\"},\"thumbnailUrl\":\"https:\\\/\\\/green-up.ch\\\/wp-content\\\/uploads\\\/2021\\\/09\\\/Banner_2909.png\",\"datePublished\":\"2021-09-14T05:39:00+00:00\",\"dateModified\":\"2021-09-21T19:42:17+00:00\",\"breadcrumb\":{\"@id\":\"https:\\\/\\\/green-up.ch\\\/de\\\/event\\\/gruen-zu-gruen-regenerativer-gemueseanbau-kompost-vortrag-und-co-creation\\\/#breadcrumb\"},\"inLanguage\":\"de\",\"potentialAction\":[{\"@type\":\"ReadAction\",\"target\":[\"https:\\\/\\\/green-up.ch\\\/de\\\/event\\\/gruen-zu-gruen-regenerativer-gemueseanbau-kompost-vortrag-und-co-creation\\\/\"]}]},{\"@type\":\"ImageObject\",\"inLanguage\":\"de\",\"@id\":\"https:\\\/\\\/green-up.ch\\\/de\\\/event\\\/gruen-zu-gruen-regenerativer-gemueseanbau-kompost-vortrag-und-co-creation\\\/#primaryimage\",\"url\":\"https:\\\/\\\/green-up.ch\\\/wp-content\\\/uploads\\\/2021\\\/09\\\/Banner_2909.png\",\"contentUrl\":\"https:\\\/\\\/green-up.ch\\\/wp-content\\\/uploads\\\/2021\\\/09\\\/Banner_2909.png\",\"width\":1920,\"height\":1080},{\"@type\":\"BreadcrumbList\",\"@id\":\"https:\\\/\\\/green-up.ch\\\/de\\\/event\\\/gruen-zu-gruen-regenerativer-gemueseanbau-kompost-vortrag-und-co-creation\\\/#breadcrumb\",\"itemListElement\":[{\"@type\":\"ListItem\",\"position\":1,\"name\":\"Home\",\"item\":\"https:\\\/\\\/green-up.ch\\\/\"},{\"@type\":\"ListItem\",\"position\":2,\"name\":\"Eventi\",\"item\":\"https:\\\/\\\/green-up.ch\\\/it\\\/events\\\/\"},{\"@type\":\"ListItem\",\"position\":3,\"name\":\"Gr\u00fcn-zu-Gr\u00fcn Regenerativer Gem\u00fcseanbau &#038; Kompost in Davos\"}]},{\"@type\":\"WebSite\",\"@id\":\"https:\\\/\\\/green-up.ch\\\/#website\",\"url\":\"https:\\\/\\\/green-up.ch\\\/\",\"name\":\"GreenUp\",\"description\":\"Inspire, collaborate, empower.\",\"publisher\":{\"@id\":\"https:\\\/\\\/green-up.ch\\\/#organization\"},\"potentialAction\":[{\"@type\":\"SearchAction\",\"target\":{\"@type\":\"EntryPoint\",\"urlTemplate\":\"https:\\\/\\\/green-up.ch\\\/?s={search_term_string}\"},\"query-input\":{\"@type\":\"PropertyValueSpecification\",\"valueRequired\":true,\"valueName\":\"search_term_string\"}}],\"inLanguage\":\"de\"},{\"@type\":\"Organization\",\"@id\":\"https:\\\/\\\/green-up.ch\\\/#organization\",\"name\":\"GreeUp\",\"url\":\"https:\\\/\\\/green-up.ch\\\/\",\"logo\":{\"@type\":\"ImageObject\",\"inLanguage\":\"de\",\"@id\":\"https:\\\/\\\/green-up.ch\\\/#\\\/schema\\\/logo\\\/image\\\/\",\"url\":\"https:\\\/\\\/green-up.ch\\\/wp-content\\\/uploads\\\/2021\\\/11\\\/greenuplogo_rond.png\",\"contentUrl\":\"https:\\\/\\\/green-up.ch\\\/wp-content\\\/uploads\\\/2021\\\/11\\\/greenuplogo_rond.png\",\"width\":600,\"height\":595,\"caption\":\"GreeUp\"},\"image\":{\"@id\":\"https:\\\/\\\/green-up.ch\\\/#\\\/schema\\\/logo\\\/image\\\/\"},\"sameAs\":[\"https:\\\/\\\/m.facebook.com\\\/greenupswitzerland\",\"https:\\\/\\\/www.instagram.com\\\/greenup.ch\\\/\",\"https:\\\/\\\/www.linkedin.com\\\/company\\\/greenupswitzerland\\\/\"]}]}<\/script>\n<!-- \/ Yoast SEO plugin. -->","yoast_head_json":{"title":"Gr\u00fcn-zu-Gr\u00fcn Regenerativer Gem\u00fcseanbau & Kompost in Davos | GreenUp","robots":{"index":"index","follow":"follow","max-snippet":"max-snippet:-1","max-image-preview":"max-image-preview:large","max-video-preview":"max-video-preview:-1"},"canonical":"https:\/\/green-up.ch\/de\/event\/gruen-zu-gruen-regenerativer-gemueseanbau-kompost-vortrag-und-co-creation\/","og_locale":"de_DE","og_type":"article","og_title":"Gr\u00fcn-zu-Gr\u00fcn Regenerativer Gem\u00fcseanbau & Kompost in Davos | GreenUp","og_description":"Eine Pr\u00e4sentation \u00fcber Regenerativen Gem\u00fcseanbau in Davos und ein Co-Creation-Workshop \u00fcber Gr\u00fcnabfall und Kompostierung in Davos. Diskutiere mit, hole dich Tipps und helfe mit, ein gr\u00fcneres Davos zu schaffen! Bitte melde dich vorher an (COVID): https:\/\/forms.gle\/k128TKQDWcFZuAxCA Der Event und das Ap\u00e9ro sind auf Spendenbasis!","og_url":"https:\/\/green-up.ch\/de\/event\/gruen-zu-gruen-regenerativer-gemueseanbau-kompost-vortrag-und-co-creation\/","og_site_name":"GreenUp","article_publisher":"https:\/\/m.facebook.com\/greenupswitzerland","article_modified_time":"2021-09-21T19:42:17+00:00","og_image":[{"width":1024,"height":576,"url":"https:\/\/green-up.ch\/wp-content\/uploads\/2021\/09\/Banner_2909-1024x576.png","type":"image\/png"}],"twitter_card":"summary_large_image","twitter_misc":{"Gesch\u00e4tzte Lesezeit":"1\u00a0Minute"},"schema":{"@context":"https:\/\/schema.org","@graph":[{"@type":"WebPage","@id":"https:\/\/green-up.ch\/de\/event\/gruen-zu-gruen-regenerativer-gemueseanbau-kompost-vortrag-und-co-creation\/","url":"https:\/\/green-up.ch\/de\/event\/gruen-zu-gruen-regenerativer-gemueseanbau-kompost-vortrag-und-co-creation\/","name":"Gr\u00fcn-zu-Gr\u00fcn Regenerativer Gem\u00fcseanbau & Kompost in Davos | GreenUp","isPartOf":{"@id":"https:\/\/green-up.ch\/#website"},"primaryImageOfPage":{"@id":"https:\/\/green-up.ch\/de\/event\/gruen-zu-gruen-regenerativer-gemueseanbau-kompost-vortrag-und-co-creation\/#primaryimage"},"image":{"@id":"https:\/\/green-up.ch\/de\/event\/gruen-zu-gruen-regenerativer-gemueseanbau-kompost-vortrag-und-co-creation\/#primaryimage"},"thumbnailUrl":"https:\/\/green-up.ch\/wp-content\/uploads\/2021\/09\/Banner_2909.png","datePublished":"2021-09-14T05:39:00+00:00","dateModified":"2021-09-21T19:42:17+00:00","breadcrumb":{"@id":"https:\/\/green-up.ch\/de\/event\/gruen-zu-gruen-regenerativer-gemueseanbau-kompost-vortrag-und-co-creation\/#breadcrumb"},"inLanguage":"de","potentialAction":[{"@type":"ReadAction","target":["https:\/\/green-up.ch\/de\/event\/gruen-zu-gruen-regenerativer-gemueseanbau-kompost-vortrag-und-co-creation\/"]}]},{"@type":"ImageObject","inLanguage":"de","@id":"https:\/\/green-up.ch\/de\/event\/gruen-zu-gruen-regenerativer-gemueseanbau-kompost-vortrag-und-co-creation\/#primaryimage","url":"https:\/\/green-up.ch\/wp-content\/uploads\/2021\/09\/Banner_2909.png","contentUrl":"https:\/\/green-up.ch\/wp-content\/uploads\/2021\/09\/Banner_2909.png","width":1920,"height":1080},{"@type":"BreadcrumbList","@id":"https:\/\/green-up.ch\/de\/event\/gruen-zu-gruen-regenerativer-gemueseanbau-kompost-vortrag-und-co-creation\/#breadcrumb","itemListElement":[{"@type":"ListItem","position":1,"name":"Home","item":"https:\/\/green-up.ch\/"},{"@type":"ListItem","position":2,"name":"Eventi","item":"https:\/\/green-up.ch\/it\/events\/"},{"@type":"ListItem","position":3,"name":"Gr\u00fcn-zu-Gr\u00fcn Regenerativer Gem\u00fcseanbau &#038; Kompost in Davos"}]},{"@type":"WebSite","@id":"https:\/\/green-up.ch\/#website","url":"https:\/\/green-up.ch\/","name":"GreenUp","description":"Inspire, collaborate, empower.","publisher":{"@id":"https:\/\/green-up.ch\/#organization"},"potentialAction":[{"@type":"SearchAction","target":{"@type":"EntryPoint","urlTemplate":"https:\/\/green-up.ch\/?s={search_term_string}"},"query-input":{"@type":"PropertyValueSpecification","valueRequired":true,"valueName":"search_term_string"}}],"inLanguage":"de"},{"@type":"Organization","@id":"https:\/\/green-up.ch\/#organization","name":"GreeUp","url":"https:\/\/green-up.ch\/","logo":{"@type":"ImageObject","inLanguage":"de","@id":"https:\/\/green-up.ch\/#\/schema\/logo\/image\/","url":"https:\/\/green-up.ch\/wp-content\/uploads\/2021\/11\/greenuplogo_rond.png","contentUrl":"https:\/\/green-up.ch\/wp-content\/uploads\/2021\/11\/greenuplogo_rond.png","width":600,"height":595,"caption":"GreeUp"},"image":{"@id":"https:\/\/green-up.ch\/#\/schema\/logo\/image\/"},"sameAs":["https:\/\/m.facebook.com\/greenupswitzerland","https:\/\/www.instagram.com\/greenup.ch\/","https:\/\/www.linkedin.com\/company\/greenupswitzerland\/"]}]}},"_links":{"self":[{"href":"https:\/\/green-up.ch\/de\/wp-json\/wp\/v2\/tribe_events\/4910","targetHints":{"allow":["GET"]}}],"collection":[{"href":"https:\/\/green-up.ch\/de\/wp-json\/wp\/v2\/tribe_events"}],"about":[{"href":"https:\/\/green-up.ch\/de\/wp-json\/wp\/v2\/types\/tribe_events"}],"author":[{"embeddable":true,"href":"https:\/\/green-up.ch\/de\/wp-json\/wp\/v2\/users\/2"}],"version-history":[{"count":6,"href":"https:\/\/green-up.ch\/de\/wp-json\/wp\/v2\/tribe_events\/4910\/revisions"}],"predecessor-version":[{"id":5097,"href":"https:\/\/green-up.ch\/de\/wp-json\/wp\/v2\/tribe_events\/4910\/revisions\/5097"}],"wp:featuredmedia":[{"embeddable":true,"href":"https:\/\/green-up.ch\/de\/wp-json\/wp\/v2\/media\/4904"}],"wp:attachment":[{"href":"https:\/\/green-up.ch\/de\/wp-json\/wp\/v2\/media?parent=4910"}],"wp:term":[{"taxonomy":"post_tag","embeddable":true,"href":"https:\/\/green-up.ch\/de\/wp-json\/wp\/v2\/tags?post=4910"},{"taxonomy":"tribe_events_cat","embeddable":true,"href":"https:\/\/green-up.ch\/de\/wp-json\/wp\/v2\/tribe_events_cat?post=4910"}],"curies":[{"name":"wp","href":"https:\/\/api.w.org\/{rel}","templated":true}]}}