{"id":4348,"date":"2021-09-09T21:53:12","date_gmt":"2021-09-09T21:53:12","guid":{"rendered":"https:\/\/green-up.ch\/project\/kampagne-neujahrsvorsaetze-aue-basel\/"},"modified":"2022-01-11T15:01:40","modified_gmt":"2022-01-11T15:01:40","slug":"kampagne-neujahrsvorsaetze-aue-basel","status":"publish","type":"project","link":"https:\/\/green-up.ch\/de\/project\/kampagne-neujahrsvorsaetze-aue-basel\/","title":{"rendered":"Kampagne Neujahrsvors\u00e4tze (AUE Basel)"},"content":{"rendered":"<p>[et_pb_section fb_built=&#8220;1&#8243; _builder_version=&#8220;4.9.4&#8243; _module_preset=&#8220;default&#8220; custom_padding=&#8220;||0px||false|false&#8220;][et_pb_row _builder_version=&#8220;4.9.4&#8243; _module_preset=&#8220;default&#8220; custom_margin=&#8220;2px|auto||auto||&#8220; custom_padding=&#8220;0px|0px|0px|0px|false|false&#8220;][et_pb_column type=&#8220;4_4&#8243; _builder_version=&#8220;4.9.4&#8243; _module_preset=&#8220;default&#8220;][et_pb_text _builder_version=&#8220;4.9.10&#8243; text_font_size=&#8220;30px&#8220; text_line_height=&#8220;1.5em&#8220; header_text_color=&#8220;#000000&#8243; header_font_size=&#8220;80px&#8220; header_letter_spacing=&#8220;1px&#8220; z_index=&#8220;1&#8243; custom_margin=&#8220;100px||||false|false&#8220; custom_margin_tablet=&#8220;|||0px&#8220; custom_margin_phone=&#8220;&#8220; custom_margin_last_edited=&#8220;on|phone&#8220; custom_padding=&#8220;0px|||||&#8220; header_font_size_tablet=&#8220;80px&#8220; header_font_size_phone=&#8220;60px&#8220; header_font_size_last_edited=&#8220;on|phone&#8220; header_letter_spacing_tablet=&#8220;0px&#8220; header_letter_spacing_phone=&#8220;&#8220; header_letter_spacing_last_edited=&#8220;on|tablet&#8220; locked=&#8220;off&#8220;]<\/p>\n<p><span style=\"font-size: medium;\">Januar &#8211; M\u00e4rz 2020<\/span><\/p>\n<h1 style=\"text-align: left;\"><span style=\"color: #00506e;\">Neujahrsvors\u00e4tze-Kampagne (AUE Basel)<\/span><\/h1>\n<p>F\u00fcr das Amt f\u00fcr Umwelt (AUE) in Basel haben wir eine Online-Kampagne mit Videos rund um nachhaltige Lebensvors\u00e4tze f\u00fcr das neue Jahr erstellt.<\/p>\n<p>[\/et_pb_text][\/et_pb_column][\/et_pb_row][\/et_pb_section][et_pb_section fb_built=&#8220;1&#8243; _builder_version=&#8220;4.9.10&#8243; _module_preset=&#8220;default&#8220;][et_pb_row _builder_version=&#8220;4.9.10&#8243; _module_preset=&#8220;default&#8220;][et_pb_column type=&#8220;4_4&#8243; _builder_version=&#8220;4.9.10&#8243; _module_preset=&#8220;default&#8220;][et_pb_image src=&#8220;https:\/\/green-up.ch\/wp-content\/uploads\/2021\/08\/AUE_Tilla.png&#8220; title_text=&#8220;AUE_Tilla&#8220; force_fullwidth=&#8220;on&#8220; _builder_version=&#8220;4.9.10&#8243; max_width_tablet=&#8220;100%&#8220; max_width_phone=&#8220;&#8220; max_width_last_edited=&#8220;on|desktop&#8220; custom_margin=&#8220;30px||||false|false&#8220; border_radii=&#8220;on|30px|30px|30px|30px&#8220; locked=&#8220;off&#8220;][\/et_pb_image][\/et_pb_column][\/et_pb_row][\/et_pb_section][et_pb_section fb_built=&#8220;1&#8243; _builder_version=&#8220;4.9.10&#8243; _module_preset=&#8220;default&#8220;][et_pb_row _builder_version=&#8220;4.9.10&#8243; _module_preset=&#8220;default&#8220;][et_pb_column type=&#8220;4_4&#8243; _builder_version=&#8220;4.9.10&#8243; _module_preset=&#8220;default&#8220;][et_pb_text _builder_version=&#8220;4.9.10&#8243; _module_preset=&#8220;default&#8220;]<\/p>\n<p>&#8222;Vorbilder von heute f\u00fcr morgen&#8220;<\/p>\n<p>Die Umweltagenda des AUE enth\u00e4lt viele inspirierende Vorbilder von Menschen und ihren Projekten, die einen Unterschied f\u00fcr die nachhaltige Welt von morgen machen. Wir haben lustige Videos mit ihnen gedreht, in denen sie praktische Tipps f\u00fcr das neue Jahr geben. Unten finden Sie zwei Beispiele. Oder sehen Sie sich die gesamte Kampagne auf Facebook an!<\/p>\n<p>[\/et_pb_text][et_pb_button button_url=&#8220;https:\/\/www.facebook.com\/watch\/170159889668853\/536326473622959&#8243; url_new_window=&#8220;on&#8220; button_text=&#8220;Umweltagenda Facebook 2020&#8243; button_alignment=&#8220;left&#8220; _builder_version=&#8220;4.9.10&#8243; custom_button=&#8220;on&#8220; button_text_size=&#8220;14px&#8220; button_text_color=&#8220;#00506E&#8220; button_bg_color=&#8220;#87F5B4&#8243; button_border_width=&#8220;0px&#8220; button_border_radius=&#8220;30px&#8220; button_letter_spacing=&#8220;2px&#8220; button_font=&#8220;|||on|||||&#8220; button_use_icon=&#8220;off&#8220; transform_translate=&#8220;0px|0%&#8220; transform_translate_linked=&#8220;off&#8220; z_index=&#8220;1&#8243; custom_margin=&#8220;||0px||false|false&#8220; custom_padding=&#8220;15px|30px|15px|30px|true|true&#8220; button_bg_color_last_edited=&#8220;off|desktop&#8220; locked=&#8220;off&#8220; button_bg_color__hover_enabled=&#8220;on|hover&#8220; button_bg_color__hover=&#8220;#E6FFEB&#8220; button_bg_enable_color__hover=&#8220;on&#8220; button_text_color__hover=&#8220;#ffffff&#8220; button_border_color__hover=&#8220;rgba(0,0,0,0)&#8220;][\/et_pb_button][\/et_pb_column][\/et_pb_row][\/et_pb_section][et_pb_section fb_built=&#8220;1&#8243; _builder_version=&#8220;4.9.10&#8243; _module_preset=&#8220;default&#8220; background_color=&#8220;#E6FFEB&#8220;][et_pb_row column_structure=&#8220;1_2,1_2&#8243; _builder_version=&#8220;4.9.10&#8243; _module_preset=&#8220;default&#8220;][et_pb_column type=&#8220;1_2&#8243; _builder_version=&#8220;4.9.10&#8243; _module_preset=&#8220;default&#8220;][et_pb_video src=&#8220;https:\/\/green-up.ch\/wp-content\/uploads\/2021\/08\/4_Moni_Danielle_ZeroWasteBasel_Umweltagenda.mov&#8220; src_webm=&#8220;https:\/\/green-up.ch\/wp-content\/uploads\/2021\/08\/4_Moni_Danielle_ZeroWasteBasel_Umweltagenda.mov&#8220; play_icon_color=&#8220;#87F5B4&#8243; _builder_version=&#8220;4.9.10&#8243; _module_preset=&#8220;default&#8220; border_radii=&#8220;on|30px|30px|30px|30px&#8220;][\/et_pb_video][\/et_pb_column][et_pb_column type=&#8220;1_2&#8243; _builder_version=&#8220;4.9.10&#8243; _module_preset=&#8220;default&#8220;][et_pb_video src=&#8220;https:\/\/green-up.ch\/wp-content\/uploads\/2021\/08\/10_ImpactHub_Upcycling-im-Impact-Hub-Basel-und-Cafe-spurlos-Tipps-.mp4&#8243; play_icon_color=&#8220;#87F5B4&#8243; _builder_version=&#8220;4.9.10&#8243; _module_preset=&#8220;default&#8220; border_radii=&#8220;on|30px|30px|30px|30px&#8220;][\/et_pb_video][\/et_pb_column][\/et_pb_row][\/et_pb_section]<\/p>\n","protected":false},"excerpt":{"rendered":"<p>Januar &#8211; M\u00e4rz 2020 Neujahrsvors\u00e4tze-Kampagne (AUE Basel) F\u00fcr das Amt f\u00fcr Umwelt (AUE) in Basel haben wir eine Online-Kampagne mit Videos rund um nachhaltige Lebensvors\u00e4tze f\u00fcr das neue Jahr erstellt.&#8220;Vorbilder [&hellip;]<\/p>\n","protected":false},"author":2,"featured_media":2784,"comment_status":"open","ping_status":"closed","template":"","meta":{"_et_pb_use_builder":"on","_et_pb_old_content":"","_et_gb_content_width":"","footnotes":""},"project_category":[93],"project_tag":[],"class_list":["post-4348","project","type-project","status-publish","has-post-thumbnail","hentry","project_category-offentlichkeit-vergangene-projekte"],"yoast_head":"<!-- This site is optimized with the Yoast SEO plugin v27.5 - https:\/\/yoast.com\/product\/yoast-seo-wordpress\/ -->\n<title>Kampagne Neujahrsvors\u00e4tze (AUE Basel) | GreenUp<\/title>\n<meta name=\"robots\" content=\"index, follow, max-snippet:-1, max-image-preview:large, max-video-preview:-1\" \/>\n<link rel=\"canonical\" href=\"https:\/\/green-up.ch\/de\/project\/kampagne-neujahrsvorsaetze-aue-basel\/\" \/>\n<meta property=\"og:locale\" content=\"de_DE\" \/>\n<meta property=\"og:type\" content=\"article\" \/>\n<meta property=\"og:title\" content=\"Kampagne Neujahrsvors\u00e4tze (AUE Basel) | GreenUp\" \/>\n<meta property=\"og:description\" content=\"Januar - M\u00e4rz 2020 Neujahrsvors\u00e4tze-Kampagne (AUE Basel) F\u00fcr das Amt f\u00fcr Umwelt (AUE) in Basel haben wir eine Online-Kampagne mit Videos rund um nachhaltige Lebensvors\u00e4tze f\u00fcr das neue Jahr erstellt.&quot;Vorbilder [&hellip;]\" \/>\n<meta property=\"og:url\" content=\"https:\/\/green-up.ch\/de\/project\/kampagne-neujahrsvorsaetze-aue-basel\/\" \/>\n<meta property=\"og:site_name\" content=\"GreenUp\" \/>\n<meta property=\"article:publisher\" content=\"https:\/\/m.facebook.com\/greenupswitzerland\" \/>\n<meta property=\"article:modified_time\" content=\"2022-01-11T15:01:40+00:00\" \/>\n<meta property=\"og:image\" content=\"https:\/\/green-up.ch\/wp-content\/uploads\/2021\/08\/AUE_Tilla-1024x563.png\" \/>\n\t<meta property=\"og:image:width\" content=\"1024\" \/>\n\t<meta property=\"og:image:height\" content=\"563\" \/>\n\t<meta property=\"og:image:type\" content=\"image\/png\" \/>\n<meta name=\"twitter:card\" content=\"summary_large_image\" \/>\n<meta name=\"twitter:label1\" content=\"Gesch\u00e4tzte Lesezeit\" \/>\n\t<meta name=\"twitter:data1\" content=\"3\u00a0Minuten\" \/>\n<script type=\"application\/ld+json\" class=\"yoast-schema-graph\">{\"@context\":\"https:\\\/\\\/schema.org\",\"@graph\":[{\"@type\":\"WebPage\",\"@id\":\"https:\\\/\\\/green-up.ch\\\/de\\\/project\\\/kampagne-neujahrsvorsaetze-aue-basel\\\/\",\"url\":\"https:\\\/\\\/green-up.ch\\\/de\\\/project\\\/kampagne-neujahrsvorsaetze-aue-basel\\\/\",\"name\":\"Kampagne Neujahrsvors\u00e4tze (AUE Basel) | GreenUp\",\"isPartOf\":{\"@id\":\"https:\\\/\\\/green-up.ch\\\/#website\"},\"primaryImageOfPage\":{\"@id\":\"https:\\\/\\\/green-up.ch\\\/de\\\/project\\\/kampagne-neujahrsvorsaetze-aue-basel\\\/#primaryimage\"},\"image\":{\"@id\":\"https:\\\/\\\/green-up.ch\\\/de\\\/project\\\/kampagne-neujahrsvorsaetze-aue-basel\\\/#primaryimage\"},\"thumbnailUrl\":\"https:\\\/\\\/green-up.ch\\\/wp-content\\\/uploads\\\/2021\\\/08\\\/AUE_Tilla.png\",\"datePublished\":\"2021-09-09T21:53:12+00:00\",\"dateModified\":\"2022-01-11T15:01:40+00:00\",\"breadcrumb\":{\"@id\":\"https:\\\/\\\/green-up.ch\\\/de\\\/project\\\/kampagne-neujahrsvorsaetze-aue-basel\\\/#breadcrumb\"},\"inLanguage\":\"de\",\"potentialAction\":[{\"@type\":\"ReadAction\",\"target\":[\"https:\\\/\\\/green-up.ch\\\/de\\\/project\\\/kampagne-neujahrsvorsaetze-aue-basel\\\/\"]}]},{\"@type\":\"ImageObject\",\"inLanguage\":\"de\",\"@id\":\"https:\\\/\\\/green-up.ch\\\/de\\\/project\\\/kampagne-neujahrsvorsaetze-aue-basel\\\/#primaryimage\",\"url\":\"https:\\\/\\\/green-up.ch\\\/wp-content\\\/uploads\\\/2021\\\/08\\\/AUE_Tilla.png\",\"contentUrl\":\"https:\\\/\\\/green-up.ch\\\/wp-content\\\/uploads\\\/2021\\\/08\\\/AUE_Tilla.png\",\"width\":2880,\"height\":1584},{\"@type\":\"BreadcrumbList\",\"@id\":\"https:\\\/\\\/green-up.ch\\\/de\\\/project\\\/kampagne-neujahrsvorsaetze-aue-basel\\\/#breadcrumb\",\"itemListElement\":[{\"@type\":\"ListItem\",\"position\":1,\"name\":\"Home\",\"item\":\"https:\\\/\\\/green-up.ch\\\/\"},{\"@type\":\"ListItem\",\"position\":2,\"name\":\"Projects\",\"item\":\"https:\\\/\\\/green-up.ch\\\/project\\\/\"},{\"@type\":\"ListItem\",\"position\":3,\"name\":\"Kampagne Neujahrsvors\u00e4tze (AUE Basel)\"}]},{\"@type\":\"WebSite\",\"@id\":\"https:\\\/\\\/green-up.ch\\\/#website\",\"url\":\"https:\\\/\\\/green-up.ch\\\/\",\"name\":\"GreenUp\",\"description\":\"Inspire, collaborate, empower.\",\"publisher\":{\"@id\":\"https:\\\/\\\/green-up.ch\\\/#organization\"},\"potentialAction\":[{\"@type\":\"SearchAction\",\"target\":{\"@type\":\"EntryPoint\",\"urlTemplate\":\"https:\\\/\\\/green-up.ch\\\/?s={search_term_string}\"},\"query-input\":{\"@type\":\"PropertyValueSpecification\",\"valueRequired\":true,\"valueName\":\"search_term_string\"}}],\"inLanguage\":\"de\"},{\"@type\":\"Organization\",\"@id\":\"https:\\\/\\\/green-up.ch\\\/#organization\",\"name\":\"GreeUp\",\"url\":\"https:\\\/\\\/green-up.ch\\\/\",\"logo\":{\"@type\":\"ImageObject\",\"inLanguage\":\"de\",\"@id\":\"https:\\\/\\\/green-up.ch\\\/#\\\/schema\\\/logo\\\/image\\\/\",\"url\":\"https:\\\/\\\/green-up.ch\\\/wp-content\\\/uploads\\\/2021\\\/11\\\/greenuplogo_rond.png\",\"contentUrl\":\"https:\\\/\\\/green-up.ch\\\/wp-content\\\/uploads\\\/2021\\\/11\\\/greenuplogo_rond.png\",\"width\":600,\"height\":595,\"caption\":\"GreeUp\"},\"image\":{\"@id\":\"https:\\\/\\\/green-up.ch\\\/#\\\/schema\\\/logo\\\/image\\\/\"},\"sameAs\":[\"https:\\\/\\\/m.facebook.com\\\/greenupswitzerland\",\"https:\\\/\\\/www.instagram.com\\\/greenup.ch\\\/\",\"https:\\\/\\\/www.linkedin.com\\\/company\\\/greenupswitzerland\\\/\"]}]}<\/script>\n<!-- \/ Yoast SEO plugin. -->","yoast_head_json":{"title":"Kampagne Neujahrsvors\u00e4tze (AUE Basel) | GreenUp","robots":{"index":"index","follow":"follow","max-snippet":"max-snippet:-1","max-image-preview":"max-image-preview:large","max-video-preview":"max-video-preview:-1"},"canonical":"https:\/\/green-up.ch\/de\/project\/kampagne-neujahrsvorsaetze-aue-basel\/","og_locale":"de_DE","og_type":"article","og_title":"Kampagne Neujahrsvors\u00e4tze (AUE Basel) | GreenUp","og_description":"Januar - M\u00e4rz 2020 Neujahrsvors\u00e4tze-Kampagne (AUE Basel) F\u00fcr das Amt f\u00fcr Umwelt (AUE) in Basel haben wir eine Online-Kampagne mit Videos rund um nachhaltige Lebensvors\u00e4tze f\u00fcr das neue Jahr erstellt.\"Vorbilder [&hellip;]","og_url":"https:\/\/green-up.ch\/de\/project\/kampagne-neujahrsvorsaetze-aue-basel\/","og_site_name":"GreenUp","article_publisher":"https:\/\/m.facebook.com\/greenupswitzerland","article_modified_time":"2022-01-11T15:01:40+00:00","og_image":[{"width":1024,"height":563,"url":"https:\/\/green-up.ch\/wp-content\/uploads\/2021\/08\/AUE_Tilla-1024x563.png","type":"image\/png"}],"twitter_card":"summary_large_image","twitter_misc":{"Gesch\u00e4tzte Lesezeit":"3\u00a0Minuten"},"schema":{"@context":"https:\/\/schema.org","@graph":[{"@type":"WebPage","@id":"https:\/\/green-up.ch\/de\/project\/kampagne-neujahrsvorsaetze-aue-basel\/","url":"https:\/\/green-up.ch\/de\/project\/kampagne-neujahrsvorsaetze-aue-basel\/","name":"Kampagne Neujahrsvors\u00e4tze (AUE Basel) | GreenUp","isPartOf":{"@id":"https:\/\/green-up.ch\/#website"},"primaryImageOfPage":{"@id":"https:\/\/green-up.ch\/de\/project\/kampagne-neujahrsvorsaetze-aue-basel\/#primaryimage"},"image":{"@id":"https:\/\/green-up.ch\/de\/project\/kampagne-neujahrsvorsaetze-aue-basel\/#primaryimage"},"thumbnailUrl":"https:\/\/green-up.ch\/wp-content\/uploads\/2021\/08\/AUE_Tilla.png","datePublished":"2021-09-09T21:53:12+00:00","dateModified":"2022-01-11T15:01:40+00:00","breadcrumb":{"@id":"https:\/\/green-up.ch\/de\/project\/kampagne-neujahrsvorsaetze-aue-basel\/#breadcrumb"},"inLanguage":"de","potentialAction":[{"@type":"ReadAction","target":["https:\/\/green-up.ch\/de\/project\/kampagne-neujahrsvorsaetze-aue-basel\/"]}]},{"@type":"ImageObject","inLanguage":"de","@id":"https:\/\/green-up.ch\/de\/project\/kampagne-neujahrsvorsaetze-aue-basel\/#primaryimage","url":"https:\/\/green-up.ch\/wp-content\/uploads\/2021\/08\/AUE_Tilla.png","contentUrl":"https:\/\/green-up.ch\/wp-content\/uploads\/2021\/08\/AUE_Tilla.png","width":2880,"height":1584},{"@type":"BreadcrumbList","@id":"https:\/\/green-up.ch\/de\/project\/kampagne-neujahrsvorsaetze-aue-basel\/#breadcrumb","itemListElement":[{"@type":"ListItem","position":1,"name":"Home","item":"https:\/\/green-up.ch\/"},{"@type":"ListItem","position":2,"name":"Projects","item":"https:\/\/green-up.ch\/project\/"},{"@type":"ListItem","position":3,"name":"Kampagne Neujahrsvors\u00e4tze (AUE Basel)"}]},{"@type":"WebSite","@id":"https:\/\/green-up.ch\/#website","url":"https:\/\/green-up.ch\/","name":"GreenUp","description":"Inspire, collaborate, empower.","publisher":{"@id":"https:\/\/green-up.ch\/#organization"},"potentialAction":[{"@type":"SearchAction","target":{"@type":"EntryPoint","urlTemplate":"https:\/\/green-up.ch\/?s={search_term_string}"},"query-input":{"@type":"PropertyValueSpecification","valueRequired":true,"valueName":"search_term_string"}}],"inLanguage":"de"},{"@type":"Organization","@id":"https:\/\/green-up.ch\/#organization","name":"GreeUp","url":"https:\/\/green-up.ch\/","logo":{"@type":"ImageObject","inLanguage":"de","@id":"https:\/\/green-up.ch\/#\/schema\/logo\/image\/","url":"https:\/\/green-up.ch\/wp-content\/uploads\/2021\/11\/greenuplogo_rond.png","contentUrl":"https:\/\/green-up.ch\/wp-content\/uploads\/2021\/11\/greenuplogo_rond.png","width":600,"height":595,"caption":"GreeUp"},"image":{"@id":"https:\/\/green-up.ch\/#\/schema\/logo\/image\/"},"sameAs":["https:\/\/m.facebook.com\/greenupswitzerland","https:\/\/www.instagram.com\/greenup.ch\/","https:\/\/www.linkedin.com\/company\/greenupswitzerland\/"]}]}},"_links":{"self":[{"href":"https:\/\/green-up.ch\/de\/wp-json\/wp\/v2\/project\/4348","targetHints":{"allow":["GET"]}}],"collection":[{"href":"https:\/\/green-up.ch\/de\/wp-json\/wp\/v2\/project"}],"about":[{"href":"https:\/\/green-up.ch\/de\/wp-json\/wp\/v2\/types\/project"}],"author":[{"embeddable":true,"href":"https:\/\/green-up.ch\/de\/wp-json\/wp\/v2\/users\/2"}],"replies":[{"embeddable":true,"href":"https:\/\/green-up.ch\/de\/wp-json\/wp\/v2\/comments?post=4348"}],"version-history":[{"count":3,"href":"https:\/\/green-up.ch\/de\/wp-json\/wp\/v2\/project\/4348\/revisions"}],"predecessor-version":[{"id":5873,"href":"https:\/\/green-up.ch\/de\/wp-json\/wp\/v2\/project\/4348\/revisions\/5873"}],"wp:featuredmedia":[{"embeddable":true,"href":"https:\/\/green-up.ch\/de\/wp-json\/wp\/v2\/media\/2784"}],"wp:attachment":[{"href":"https:\/\/green-up.ch\/de\/wp-json\/wp\/v2\/media?parent=4348"}],"wp:term":[{"taxonomy":"project_category","embeddable":true,"href":"https:\/\/green-up.ch\/de\/wp-json\/wp\/v2\/project_category?post=4348"},{"taxonomy":"project_tag","embeddable":true,"href":"https:\/\/green-up.ch\/de\/wp-json\/wp\/v2\/project_tag?post=4348"}],"curies":[{"name":"wp","href":"https:\/\/api.w.org\/{rel}","templated":true}]}}