{"id":19197,"date":"2025-02-13T14:59:09","date_gmt":"2025-02-13T14:59:09","guid":{"rendered":"https:\/\/green-up.ch\/project\/greenshare-greenhubdavos-tauschecke\/"},"modified":"2025-06-02T15:18:57","modified_gmt":"2025-06-02T15:18:57","slug":"greenshare","status":"publish","type":"project","link":"https:\/\/green-up.ch\/de\/project\/greenshare\/","title":{"rendered":"GreenShare + GreenHubDavos Tauschecke"},"content":{"rendered":"<p>[et_pb_section fb_built=&#8220;1&#8243; _builder_version=&#8220;4.16&#8243; _module_preset=&#8220;default&#8220; custom_padding=&#8220;||0px|||&#8220; global_colors_info=&#8220;{}&#8220;][et_pb_row _builder_version=&#8220;4.27.0&#8243; _module_preset=&#8220;default&#8220; custom_padding=&#8220;||40px|||&#8220; global_colors_info=&#8220;{}&#8220;][et_pb_column type=&#8220;4_4&#8243; _builder_version=&#8220;4.16&#8243; _module_preset=&#8220;default&#8220; global_colors_info=&#8220;{}&#8220;][et_pb_text _builder_version=&#8220;4.27.0&#8243; text_font_size=&#8220;30px&#8220; text_line_height=&#8220;1.5em&#8220; header_text_color=&#8220;#000000&#8243; header_font_size=&#8220;80px&#8220; header_letter_spacing=&#8220;1px&#8220; z_index=&#8220;1&#8243; custom_margin=&#8220;0px||||false|false&#8220; custom_margin_tablet=&#8220;|||0px&#8220; custom_margin_phone=&#8220;&#8220; custom_margin_last_edited=&#8220;on|phone&#8220; custom_padding=&#8220;0px|||||&#8220; header_font_size_tablet=&#8220;80px&#8220; header_font_size_phone=&#8220;60px&#8220; header_font_size_last_edited=&#8220;on|phone&#8220; header_letter_spacing_tablet=&#8220;0px&#8220; header_letter_spacing_phone=&#8220;&#8220; header_letter_spacing_last_edited=&#8220;on|tablet&#8220; locked=&#8220;off&#8220; global_colors_info=&#8220;{}&#8220;]<\/p>\n<p>GreenUp-Projekt seit Mai 2022<\/p>\n<p><\/p>\n<h1><span style=\"color: #00506e;\"><strong>Davos GreenShare<\/strong><\/span><\/h1>\n<p><\/p>\n<p>Mit den Davoserinnen und Davosern teilen wir Gegenst\u00e4nde\/Ressourcen vom WEF-Jahrestreffen und w\u00e4hrend des ganzen Jahres von Kelly Transports und Privaten. <\/p>\n<p>Auf diese Weise vermeiden wir Abfall und schonen wertvolle Ressourcen. Allein w\u00e4hrend der WEF-Woche wurden in den letzten Jahren \u00fcber 8000 Gegenst\u00e4nde gerettet, die von rund 1000 lokalen Familien und Organisationen wiederverwendet werden. Damit haben wir CO2 Treibhausgase vermieden! Das entspricht 37&#8217;000kg.<\/p>\n<p>[\/et_pb_text][et_pb_button button_url=&#8220;#video_greenshare&#8220; button_text=&#8220;Video ansehen&#8220; button_alignment=&#8220;center&#8220; _builder_version=&#8220;4.27.0&#8243; custom_button=&#8220;on&#8220; button_text_size=&#8220;14px&#8220; button_text_color=&#8220;#00506E&#8220; button_bg_color=&#8220;#87F5B4&#8243; button_border_width=&#8220;0px&#8220; button_border_radius=&#8220;30px&#8220; button_letter_spacing=&#8220;2px&#8220; button_font=&#8220;|||on|||||&#8220; button_use_icon=&#8220;off&#8220; transform_translate=&#8220;0px|0%&#8220; transform_translate_linked=&#8220;off&#8220; z_index=&#8220;1&#8243; custom_margin=&#8220;||0px||false|false&#8220; custom_padding=&#8220;15px|30px|15px|30px|true|true&#8220; locked=&#8220;off&#8220; global_colors_info=&#8220;{}&#8220; button_bg_color__hover_enabled=&#8220;on|hover&#8220; button_bg_color__hover=&#8220;#008C87&#8243; button_bg_enable_color__hover=&#8220;on&#8220; button_text_color__hover=&#8220;#ffffff&#8220; button_border_color__hover=&#8220;rgba(0,0,0,0)&#8220;][\/et_pb_button][\/et_pb_column][\/et_pb_row][\/et_pb_section][et_pb_section fb_built=&#8220;1&#8243; _builder_version=&#8220;4.27.0&#8243; _module_preset=&#8220;default&#8220; custom_padding=&#8220;0px||||false|false&#8220; global_colors_info=&#8220;{}&#8220;][et_pb_row use_custom_gutter=&#8220;on&#8220; gutter_width=&#8220;2&#8243; _builder_version=&#8220;4.27.0&#8243; _module_preset=&#8220;default&#8220; custom_padding=&#8220;||0px||false|false&#8220; global_colors_info=&#8220;{}&#8220;][et_pb_column type=&#8220;4_4&#8243; _builder_version=&#8220;4.27.0&#8243; _module_preset=&#8220;default&#8220; global_colors_info=&#8220;{}&#8220;][et_pb_text _builder_version=&#8220;4.27.0&#8243; _module_preset=&#8220;default&#8220; header_2_font_size=&#8220;46px&#8220; custom_padding=&#8220;||20px||false|false&#8220; global_colors_info=&#8220;{}&#8220;]<\/p>\n<h2 style=\"text-align: center;\">Kaufe gebrauchte M\u00f6bel mit GreenShare, Kleider und kleinere Gegenst\u00e4nde im Green Hub Davos.<\/h2>\n<p>[\/et_pb_text][\/et_pb_column][\/et_pb_row][et_pb_row use_custom_gutter=&#8220;on&#8220; gutter_width=&#8220;2&#8243; _builder_version=&#8220;4.27.0&#8243; _module_preset=&#8220;default&#8220; custom_padding=&#8220;||0px||false|false&#8220; global_colors_info=&#8220;{}&#8220;][et_pb_column type=&#8220;4_4&#8243; _builder_version=&#8220;4.27.0&#8243; _module_preset=&#8220;default&#8220; global_colors_info=&#8220;{}&#8220;][et_pb_text _builder_version=&#8220;4.27.0&#8243; _module_preset=&#8220;default&#8220; header_2_font_size=&#8220;46px&#8220; custom_padding=&#8220;||20px||false|false&#8220; global_colors_info=&#8220;{}&#8220;]<\/p>\n<h2>GreenShare<\/h2>\n<p><\/p>\n<p>Wir haben verschiedene gebrauchte Artikel, die Sie reservieren und einem neuen Zuhause zuf\u00fchren k\u00f6nnen.<\/p>\n<p>[\/et_pb_text][et_pb_text _builder_version=&#8220;4.27.0&#8243; _module_preset=&#8220;default&#8220; text_font_size=&#8220;14px&#8220; text_line_height=&#8220;1.5em&#8220; header_2_font_size=&#8220;34px&#8220; header_3_font_size=&#8220;30px&#8220; custom_css_main_element=&#8220;li {||  line-height:1.5em;||}&#8220; global_colors_info=&#8220;{}&#8220;]<\/p>\n<h3>Wie funktioniert es?\u00a0<\/h3>\n<p>[\/et_pb_text][\/et_pb_column][\/et_pb_row][et_pb_row column_structure=&#8220;1_5,1_5,1_5,1_5,1_5&#8243; _builder_version=&#8220;4.27.0&#8243; _module_preset=&#8220;default&#8220; custom_padding=&#8220;10px||||false|false&#8220; global_colors_info=&#8220;{}&#8220;][et_pb_column type=&#8220;1_5&#8243; _builder_version=&#8220;4.27.0&#8243; _module_preset=&#8220;default&#8220; global_colors_info=&#8220;{}&#8220;][et_pb_text _builder_version=&#8220;4.27.0&#8243; _module_preset=&#8220;default&#8220; text_font_size=&#8220;14px&#8220; text_line_height=&#8220;1.5em&#8220; header_2_font_size=&#8220;34px&#8220; header_3_font_size=&#8220;30px&#8220; custom_css_main_element=&#8220;li {||  line-height:1.5em;||}&#8220; global_colors_info=&#8220;{}&#8220;]<\/p>\n<p><strong>1.<\/strong><br \/><strong>St\u00f6bern &amp; Reservieren<\/strong><br \/>St\u00f6bere in unseren Shop, lege deine Lieblingsartikel in den Warenkorb und schliesse den Bestellvorgang ab, um sie zu reservieren.<\/p>\n<p>[\/et_pb_text][\/et_pb_column][et_pb_column type=&#8220;1_5&#8243; _builder_version=&#8220;4.27.0&#8243; _module_preset=&#8220;default&#8220; global_colors_info=&#8220;{}&#8220;][et_pb_text _builder_version=&#8220;4.27.0&#8243; _module_preset=&#8220;default&#8220; text_font_size=&#8220;14px&#8220; text_line_height=&#8220;1.5em&#8220; header_2_font_size=&#8220;34px&#8220; header_3_font_size=&#8220;30px&#8220; custom_css_main_element=&#8220;li {||  line-height:1.5em;||}&#8220; global_colors_info=&#8220;{}&#8220;]<\/p>\n<p><strong>2.<\/strong><br \/><strong>Faire Preise f\u00fcr die Spende<\/strong><br \/>Alle Artikel sind mit 0,- CHF gelistet, wir bitten Sie, den Wert zu spenden, den der Artikel nach der Reservierung f\u00fcr dich hat.<\/p>\n<p>[\/et_pb_text][\/et_pb_column][et_pb_column type=&#8220;1_5&#8243; _builder_version=&#8220;4.27.0&#8243; _module_preset=&#8220;default&#8220; global_colors_info=&#8220;{}&#8220;][et_pb_text _builder_version=&#8220;4.27.0&#8243; _module_preset=&#8220;default&#8220; text_font_size=&#8220;14px&#8220; text_line_height=&#8220;1.5em&#8220; header_2_font_size=&#8220;34px&#8220; header_3_font_size=&#8220;30px&#8220; custom_css_main_element=&#8220;li {||  line-height:1.5em;||}&#8220; global_colors_info=&#8220;{}&#8220;]<\/p>\n<p><strong>3.<\/strong><br \/><strong>Gerechte Verteilung<\/strong><br \/>Wir \u00fcberpr\u00fcfen alle Reservierungen, um sicherzustellen, dass die Gegenst\u00e4nde gerecht auf alle verteilt werden.<\/p>\n<p>[\/et_pb_text][\/et_pb_column][et_pb_column type=&#8220;1_5&#8243; _builder_version=&#8220;4.27.0&#8243; _module_preset=&#8220;default&#8220; global_colors_info=&#8220;{}&#8220;][et_pb_text _builder_version=&#8220;4.27.0&#8243; _module_preset=&#8220;default&#8220; text_font_size=&#8220;14px&#8220; text_line_height=&#8220;1.5em&#8220; header_2_font_size=&#8220;34px&#8220; header_3_font_size=&#8220;30px&#8220; custom_css_main_element=&#8220;li {||  line-height:1.5em;||}&#8220; global_colors_info=&#8220;{}&#8220;]<\/p>\n<p><strong>4.<\/strong><br \/><strong>Best\u00e4tigung &amp; Abholvereinbarung<\/strong><br \/>Sobald deine Reservierung best\u00e4tigt ist, setzen wir uns mit dir in Verbindung, um einen Abholtermin zu vereinbaren und dir einen Spendenlink zukommen zu lassen.<\/p>\n<p>[\/et_pb_text][\/et_pb_column][et_pb_column type=&#8220;1_5&#8243; _builder_version=&#8220;4.27.0&#8243; _module_preset=&#8220;default&#8220; global_colors_info=&#8220;{}&#8220;][et_pb_text _builder_version=&#8220;4.27.0&#8243; _module_preset=&#8220;default&#8220; text_font_size=&#8220;14px&#8220; text_line_height=&#8220;1.5em&#8220; header_2_font_size=&#8220;34px&#8220; header_3_font_size=&#8220;30px&#8220; custom_css_main_element=&#8220;li {||  line-height:1.5em;||}&#8220; global_colors_info=&#8220;{}&#8220;]<\/p>\n<p><strong>5.<\/strong><br \/><strong>Bring sie nach Hause<\/strong><br \/>Sammle deine Gegenst\u00e4nde, spende und gebe diesen gebrauchten Sch\u00e4tzen eine zweite Chance, zu gl\u00e4nzen! \u2665<\/p>\n<p>[\/et_pb_text][\/et_pb_column][\/et_pb_row][et_pb_row _builder_version=&#8220;4.27.0&#8243; _module_preset=&#8220;default&#8220; global_colors_info=&#8220;{}&#8220;][et_pb_column type=&#8220;4_4&#8243; _builder_version=&#8220;4.27.0&#8243; _module_preset=&#8220;default&#8220; global_colors_info=&#8220;{}&#8220;][et_pb_text _builder_version=&#8220;4.27.0&#8243; _module_preset=&#8220;default&#8220; global_colors_info=&#8220;{}&#8220;]<\/p>\n<div class=\"woocommerce columns-4 \"><ul class=\"products columns-4\">\n<li class=\"product type-product post-21306 status-publish first instock product_cat-greenshare product_cat-moebel has-post-thumbnail shipping-taxable purchasable product-type-simple\">\n\t<a href=\"https:\/\/green-up.ch\/de\/produkt\/antiker-holzschrank-von-1848\/\" class=\"woocommerce-LoopProduct-link woocommerce-loop-product__link\"><span class=\"et_shop_image\"><img loading=\"lazy\" decoding=\"async\" width=\"300\" height=\"300\" src=\"https:\/\/green-up.ch\/wp-content\/uploads\/2025\/09\/19-300x300.png\" class=\"attachment-woocommerce_thumbnail size-woocommerce_thumbnail\" alt=\"Antiker Holzschrank von 1848\" \/><span class=\"et_overlay\"><\/span><\/span><h2 class=\"woocommerce-loop-product__title\">Antiker Holzschrank von 1848<\/h2>\n\t<span class=\"price\"><span class=\"woocommerce-Price-amount amount\"><bdi><span class=\"woocommerce-Price-currencySymbol\" translate=\"no\">&#67;&#72;&#70;<\/span>&nbsp;0<\/bdi><\/span><\/span>\n<\/a><\/li>\n<li class=\"product type-product post-24381 status-publish instock product_cat-allgemein-general product_cat-greenshare has-post-thumbnail shipping-taxable purchasable product-type-simple\">\n\t<a href=\"https:\/\/green-up.ch\/de\/produkt\/baby-schlaf-sack\/\" class=\"woocommerce-LoopProduct-link woocommerce-loop-product__link\"><span class=\"et_shop_image\"><img loading=\"lazy\" decoding=\"async\" width=\"300\" height=\"300\" src=\"https:\/\/green-up.ch\/wp-content\/uploads\/2026\/08\/78-300x300.png\" class=\"attachment-woocommerce_thumbnail size-woocommerce_thumbnail\" alt=\"Baby Schlafsack\" \/><span class=\"et_overlay\"><\/span><\/span><h2 class=\"woocommerce-loop-product__title\">Baby Schlafsack<\/h2>\n\t<span class=\"price\"><span class=\"woocommerce-Price-amount amount\"><bdi><span class=\"woocommerce-Price-currencySymbol\" translate=\"no\">&#67;&#72;&#70;<\/span>&nbsp;0<\/bdi><\/span><\/span>\n<\/a><\/li>\n<li class=\"product type-product post-23666 status-publish instock product_cat-allgemein-general has-post-thumbnail shipping-taxable purchasable product-type-simple\">\n\t<a href=\"https:\/\/green-up.ch\/de\/produkt\/baby-spielzeug-aus-holz\/\" class=\"woocommerce-LoopProduct-link woocommerce-loop-product__link\"><span class=\"et_shop_image\"><img loading=\"lazy\" decoding=\"async\" width=\"300\" height=\"300\" src=\"https:\/\/green-up.ch\/wp-content\/uploads\/2026\/06\/2-300x300.png\" class=\"attachment-woocommerce_thumbnail size-woocommerce_thumbnail\" alt=\"Baby Spielzeug aus Holz\" \/><span class=\"et_overlay\"><\/span><\/span><h2 class=\"woocommerce-loop-product__title\">Baby Spielzeug aus Holz<\/h2>\n\t<span class=\"price\"><span class=\"woocommerce-Price-amount amount\"><bdi><span class=\"woocommerce-Price-currencySymbol\" translate=\"no\">&#67;&#72;&#70;<\/span>&nbsp;0<\/bdi><\/span><\/span>\n<\/a><\/li>\n<li class=\"product type-product post-24386 status-publish last instock product_cat-allgemein-general product_cat-greenshare has-post-thumbnail shipping-taxable purchasable product-type-simple\">\n\t<a href=\"https:\/\/green-up.ch\/de\/produkt\/brauner-baby-schlafsack\/\" class=\"woocommerce-LoopProduct-link woocommerce-loop-product__link\"><span class=\"et_shop_image\"><img loading=\"lazy\" decoding=\"async\" width=\"300\" height=\"300\" src=\"https:\/\/green-up.ch\/wp-content\/uploads\/2026\/08\/79-300x300.png\" class=\"attachment-woocommerce_thumbnail size-woocommerce_thumbnail\" alt=\"Brauner Baby Schlafsack\" \/><span class=\"et_overlay\"><\/span><\/span><h2 class=\"woocommerce-loop-product__title\">Brauner Baby Schlafsack<\/h2>\n\t<span class=\"price\"><span class=\"woocommerce-Price-amount amount\"><bdi><span class=\"woocommerce-Price-currencySymbol\" translate=\"no\">&#67;&#72;&#70;<\/span>&nbsp;0<\/bdi><\/span><\/span>\n<\/a><\/li>\n<li class=\"product type-product post-24350 status-publish first instock product_cat-greenshare product_cat-moebel has-post-thumbnail shipping-taxable purchasable product-type-simple\">\n\t<a href=\"https:\/\/green-up.ch\/de\/produkt\/brauner-babystuhl\/\" class=\"woocommerce-LoopProduct-link woocommerce-loop-product__link\"><span class=\"et_shop_image\"><img loading=\"lazy\" decoding=\"async\" width=\"300\" height=\"300\" src=\"https:\/\/green-up.ch\/wp-content\/uploads\/2026\/08\/72-300x300.png\" class=\"attachment-woocommerce_thumbnail size-woocommerce_thumbnail\" alt=\"Brauner Babystuhl\" \/><span class=\"et_overlay\"><\/span><\/span><h2 class=\"woocommerce-loop-product__title\">Brauner Babystuhl<\/h2>\n\t<span class=\"price\"><span class=\"woocommerce-Price-amount amount\"><bdi><span class=\"woocommerce-Price-currencySymbol\" translate=\"no\">&#67;&#72;&#70;<\/span>&nbsp;0<\/bdi><\/span><\/span>\n<\/a><\/li>\n<li class=\"product type-product post-24330 status-publish instock product_cat-greenshare product_cat-moebel has-post-thumbnail shipping-taxable purchasable product-type-simple\">\n\t<a href=\"https:\/\/green-up.ch\/de\/produkt\/doppelbett\/\" class=\"woocommerce-LoopProduct-link woocommerce-loop-product__link\"><span class=\"et_shop_image\"><img loading=\"lazy\" decoding=\"async\" width=\"300\" height=\"300\" src=\"https:\/\/green-up.ch\/wp-content\/uploads\/2026\/08\/68-300x300.png\" class=\"attachment-woocommerce_thumbnail size-woocommerce_thumbnail\" alt=\"Doppelbett\" \/><span class=\"et_overlay\"><\/span><\/span><h2 class=\"woocommerce-loop-product__title\">Doppelbett<\/h2>\n\t<span class=\"price\"><span class=\"woocommerce-Price-amount amount\"><bdi><span class=\"woocommerce-Price-currencySymbol\" translate=\"no\">&#67;&#72;&#70;<\/span>&nbsp;20<\/bdi><\/span><\/span>\n<\/a><\/li>\n<li class=\"product type-product post-24313 status-publish instock product_cat-allgemein-general product_cat-greenshare has-post-thumbnail shipping-taxable purchasable product-type-simple\">\n\t<a href=\"https:\/\/green-up.ch\/de\/produkt\/gelber-kinderwagen\/\" class=\"woocommerce-LoopProduct-link woocommerce-loop-product__link\"><span class=\"et_shop_image\"><img loading=\"lazy\" decoding=\"async\" width=\"300\" height=\"300\" src=\"https:\/\/green-up.ch\/wp-content\/uploads\/2026\/08\/65-300x300.png\" class=\"attachment-woocommerce_thumbnail size-woocommerce_thumbnail\" alt=\"Gelber Kinderwagen\" \/><span class=\"et_overlay\"><\/span><\/span><h2 class=\"woocommerce-loop-product__title\">Gelber Kinderwagen<\/h2>\n\t<span class=\"price\"><span class=\"woocommerce-Price-amount amount\"><bdi><span class=\"woocommerce-Price-currencySymbol\" translate=\"no\">&#67;&#72;&#70;<\/span>&nbsp;0<\/bdi><\/span><\/span>\n<\/a><\/li>\n<li class=\"product type-product post-24275 status-publish last instock product_cat-greenshare product_cat-plants has-post-thumbnail shipping-taxable purchasable product-type-simple\">\n\t<a href=\"https:\/\/green-up.ch\/de\/produkt\/grosser-schwarzer-befullter-topf\/\" class=\"woocommerce-LoopProduct-link woocommerce-loop-product__link\"><span class=\"et_shop_image\"><img loading=\"lazy\" decoding=\"async\" width=\"300\" height=\"300\" src=\"https:\/\/green-up.ch\/wp-content\/uploads\/2026\/08\/58-300x300.png\" class=\"attachment-woocommerce_thumbnail size-woocommerce_thumbnail\" alt=\"Grosser schwarzer bef\u00fcllter Topf\" \/><span class=\"et_overlay\"><\/span><\/span><h2 class=\"woocommerce-loop-product__title\">Grosser schwarzer bef\u00fcllter Topf<\/h2>\n\t<span class=\"price\"><span class=\"woocommerce-Price-amount amount\"><bdi><span class=\"woocommerce-Price-currencySymbol\" translate=\"no\">&#67;&#72;&#70;<\/span>&nbsp;0<\/bdi><\/span><\/span>\n<\/a><\/li>\n<li class=\"product type-product post-24308 status-publish first instock product_cat-deko-deco product_cat-greenshare has-post-thumbnail shipping-taxable purchasable product-type-simple\">\n\t<a href=\"https:\/\/green-up.ch\/de\/produkt\/grosser-weisser-kunststoff-tannenbaum\/\" class=\"woocommerce-LoopProduct-link woocommerce-loop-product__link\"><span class=\"et_shop_image\"><img loading=\"lazy\" decoding=\"async\" width=\"300\" height=\"300\" src=\"https:\/\/green-up.ch\/wp-content\/uploads\/2026\/08\/64-300x300.png\" class=\"attachment-woocommerce_thumbnail size-woocommerce_thumbnail\" alt=\"Grosser Weisser Kunststoff Tannenbaum\" \/><span class=\"et_overlay\"><\/span><\/span><h2 class=\"woocommerce-loop-product__title\">Grosser Weisser Kunststoff Tannenbaum<\/h2>\n\t<span class=\"price\"><span class=\"woocommerce-Price-amount amount\"><bdi><span class=\"woocommerce-Price-currencySymbol\" translate=\"no\">&#67;&#72;&#70;<\/span>&nbsp;0<\/bdi><\/span><\/span>\n<\/a><\/li>\n<li class=\"product type-product post-24285 status-publish instock product_cat-allgemein-general product_cat-greenshare has-post-thumbnail shipping-taxable purchasable product-type-simple\">\n\t<a href=\"https:\/\/green-up.ch\/de\/produkt\/holzpferdchen-spielzeug\/\" class=\"woocommerce-LoopProduct-link woocommerce-loop-product__link\"><span class=\"et_shop_image\"><img loading=\"lazy\" decoding=\"async\" width=\"300\" height=\"300\" src=\"https:\/\/green-up.ch\/wp-content\/uploads\/2026\/08\/60-300x300.png\" class=\"attachment-woocommerce_thumbnail size-woocommerce_thumbnail\" alt=\"Holzpferdchen-Spielzeug\" \/><span class=\"et_overlay\"><\/span><\/span><h2 class=\"woocommerce-loop-product__title\">Holzpferdchen-Spielzeug<\/h2>\n\t<span class=\"price\"><span class=\"woocommerce-Price-amount amount\"><bdi><span class=\"woocommerce-Price-currencySymbol\" translate=\"no\">&#67;&#72;&#70;<\/span>&nbsp;0<\/bdi><\/span><\/span>\n<\/a><\/li>\n<li class=\"product type-product post-24318 status-publish instock product_cat-greenshare product_cat-sportausrustung has-post-thumbnail shipping-taxable purchasable product-type-simple\">\n\t<a href=\"https:\/\/green-up.ch\/de\/produkt\/kinder-ski\/\" class=\"woocommerce-LoopProduct-link woocommerce-loop-product__link\"><span class=\"et_shop_image\"><img loading=\"lazy\" decoding=\"async\" width=\"300\" height=\"300\" src=\"https:\/\/green-up.ch\/wp-content\/uploads\/2026\/08\/66-300x300.png\" class=\"attachment-woocommerce_thumbnail size-woocommerce_thumbnail\" alt=\"Kinderski\" \/><span class=\"et_overlay\"><\/span><\/span><h2 class=\"woocommerce-loop-product__title\">Kinderski<\/h2>\n\t<span class=\"price\"><span class=\"woocommerce-Price-amount amount\"><bdi><span class=\"woocommerce-Price-currencySymbol\" translate=\"no\">&#67;&#72;&#70;<\/span>&nbsp;0<\/bdi><\/span><\/span>\n<\/a><\/li>\n<li class=\"product type-product post-24355 status-publish last instock product_cat-greenshare product_cat-sportausrustung has-post-thumbnail shipping-taxable purchasable product-type-simple\">\n\t<a href=\"https:\/\/green-up.ch\/de\/produkt\/kinderski\/\" class=\"woocommerce-LoopProduct-link woocommerce-loop-product__link\"><span class=\"et_shop_image\"><img loading=\"lazy\" decoding=\"async\" width=\"300\" height=\"300\" src=\"https:\/\/green-up.ch\/wp-content\/uploads\/2026\/08\/73-300x300.png\" class=\"attachment-woocommerce_thumbnail size-woocommerce_thumbnail\" alt=\"Kinderski\" \/><span class=\"et_overlay\"><\/span><\/span><h2 class=\"woocommerce-loop-product__title\">Kinderski<\/h2>\n\t<span class=\"price\"><span class=\"woocommerce-Price-amount amount\"><bdi><span class=\"woocommerce-Price-currencySymbol\" translate=\"no\">&#67;&#72;&#70;<\/span>&nbsp;0<\/bdi><\/span><\/span>\n<\/a><\/li>\n<li class=\"product type-product post-24295 status-publish first instock product_cat-deko-deco product_cat-greenshare has-post-thumbnail shipping-taxable purchasable product-type-simple\">\n\t<a href=\"https:\/\/green-up.ch\/de\/produkt\/kleiner-kunststoff-tannenbaum\/\" class=\"woocommerce-LoopProduct-link woocommerce-loop-product__link\"><span class=\"et_shop_image\"><img loading=\"lazy\" decoding=\"async\" width=\"300\" height=\"300\" src=\"https:\/\/green-up.ch\/wp-content\/uploads\/2026\/08\/62-300x300.png\" class=\"attachment-woocommerce_thumbnail size-woocommerce_thumbnail\" alt=\"Kleiner Kunststoff Tannenbaum\" \/><span class=\"et_overlay\"><\/span><\/span><h2 class=\"woocommerce-loop-product__title\">Kleiner Kunststoff Tannenbaum<\/h2>\n\t<span class=\"price\"><span class=\"woocommerce-Price-amount amount\"><bdi><span class=\"woocommerce-Price-currencySymbol\" translate=\"no\">&#67;&#72;&#70;<\/span>&nbsp;0<\/bdi><\/span><\/span>\n<\/a><\/li>\n<li class=\"product type-product post-24325 status-publish instock product_cat-deko-deco product_cat-greenshare has-post-thumbnail shipping-taxable purchasable product-type-simple\">\n\t<a href=\"https:\/\/green-up.ch\/de\/produkt\/kleiner-kunststoff-tannenbaum-2\/\" class=\"woocommerce-LoopProduct-link woocommerce-loop-product__link\"><span class=\"et_shop_image\"><img loading=\"lazy\" decoding=\"async\" width=\"300\" height=\"300\" src=\"https:\/\/green-up.ch\/wp-content\/uploads\/2026\/08\/67-300x300.png\" class=\"attachment-woocommerce_thumbnail size-woocommerce_thumbnail\" alt=\"Kleiner Kunststoff Tannenbaum\" \/><span class=\"et_overlay\"><\/span><\/span><h2 class=\"woocommerce-loop-product__title\">Kleiner Kunststoff Tannenbaum<\/h2>\n\t<span class=\"price\"><span class=\"woocommerce-Price-amount amount\"><bdi><span class=\"woocommerce-Price-currencySymbol\" translate=\"no\">&#67;&#72;&#70;<\/span>&nbsp;0<\/bdi><\/span><\/span>\n<\/a><\/li>\n<li class=\"product type-product post-24091 status-publish instock product_cat-allgemein-general has-post-thumbnail shipping-taxable purchasable product-type-simple\">\n\t<a href=\"https:\/\/green-up.ch\/de\/produkt\/kleiner-roter-spielzeuganhanger\/\" class=\"woocommerce-LoopProduct-link woocommerce-loop-product__link\"><span class=\"et_shop_image\"><img loading=\"lazy\" decoding=\"async\" width=\"300\" height=\"300\" src=\"https:\/\/green-up.ch\/wp-content\/uploads\/2026\/08\/54-1-300x300.png\" class=\"attachment-woocommerce_thumbnail size-woocommerce_thumbnail\" alt=\"Kleiner roter Spielzeuganh\u00e4nger\" \/><span class=\"et_overlay\"><\/span><\/span><h2 class=\"woocommerce-loop-product__title\">Kleiner roter Spielzeuganh\u00e4nger<\/h2>\n\t<span class=\"price\"><span class=\"woocommerce-Price-amount amount\"><bdi><span class=\"woocommerce-Price-currencySymbol\" translate=\"no\">&#67;&#72;&#70;<\/span>&nbsp;0<\/bdi><\/span><\/span>\n<\/a><\/li>\n<li class=\"product type-product post-24302 status-publish last instock product_cat-deko-deco product_cat-greenshare has-post-thumbnail shipping-taxable purchasable product-type-simple\">\n\t<a href=\"https:\/\/green-up.ch\/de\/produkt\/kunststoff-tannebaum\/\" class=\"woocommerce-LoopProduct-link woocommerce-loop-product__link\"><span class=\"et_shop_image\"><img loading=\"lazy\" decoding=\"async\" width=\"300\" height=\"300\" src=\"https:\/\/green-up.ch\/wp-content\/uploads\/2026\/08\/63-300x300.png\" class=\"attachment-woocommerce_thumbnail size-woocommerce_thumbnail\" alt=\"Kunststoff Tannenbaum\" \/><span class=\"et_overlay\"><\/span><\/span><h2 class=\"woocommerce-loop-product__title\">Kunststoff Tannenbaum<\/h2>\n\t<span class=\"price\"><span class=\"woocommerce-Price-amount amount\"><bdi><span class=\"woocommerce-Price-currencySymbol\" translate=\"no\">&#67;&#72;&#70;<\/span>&nbsp;0<\/bdi><\/span><\/span>\n<\/a><\/li>\n<li class=\"product type-product post-24335 status-publish first instock product_cat-deko-deco product_cat-greenshare has-post-thumbnail shipping-taxable purchasable product-type-simple\">\n\t<a href=\"https:\/\/green-up.ch\/de\/produkt\/lampe\/\" class=\"woocommerce-LoopProduct-link woocommerce-loop-product__link\"><span class=\"et_shop_image\"><img loading=\"lazy\" decoding=\"async\" width=\"300\" height=\"300\" src=\"https:\/\/green-up.ch\/wp-content\/uploads\/2026\/08\/69-300x300.png\" class=\"attachment-woocommerce_thumbnail size-woocommerce_thumbnail\" alt=\"Lampe\" \/><span class=\"et_overlay\"><\/span><\/span><h2 class=\"woocommerce-loop-product__title\">Lampe<\/h2>\n\t<span class=\"price\"><span class=\"woocommerce-Price-amount amount\"><bdi><span class=\"woocommerce-Price-currencySymbol\" translate=\"no\">&#67;&#72;&#70;<\/span>&nbsp;0<\/bdi><\/span><\/span>\n<\/a><\/li>\n<li class=\"product type-product post-24396 status-publish instock product_cat-greenshare product_cat-sportausrustung has-post-thumbnail shipping-taxable purchasable product-type-simple\">\n\t<a href=\"https:\/\/green-up.ch\/de\/produkt\/leki-stocke\/\" class=\"woocommerce-LoopProduct-link woocommerce-loop-product__link\"><span class=\"et_shop_image\"><img loading=\"lazy\" decoding=\"async\" width=\"300\" height=\"300\" src=\"https:\/\/green-up.ch\/wp-content\/uploads\/2026\/08\/81-300x300.png\" class=\"attachment-woocommerce_thumbnail size-woocommerce_thumbnail\" alt=\"Leki St\u00f6cke\" \/><span class=\"et_overlay\"><\/span><\/span><h2 class=\"woocommerce-loop-product__title\">Leki St\u00f6cke<\/h2>\n\t<span class=\"price\"><span class=\"woocommerce-Price-amount amount\"><bdi><span class=\"woocommerce-Price-currencySymbol\" translate=\"no\">&#67;&#72;&#70;<\/span>&nbsp;0<\/bdi><\/span><\/span>\n<\/a><\/li>\n<li class=\"product type-product post-24290 status-publish instock product_cat-deko-deco product_cat-greenshare has-post-thumbnail shipping-taxable purchasable product-type-simple\">\n\t<a href=\"https:\/\/green-up.ch\/de\/produkt\/mittelgrosser-kunststoff-tannenbaum\/\" class=\"woocommerce-LoopProduct-link woocommerce-loop-product__link\"><span class=\"et_shop_image\"><img loading=\"lazy\" decoding=\"async\" width=\"300\" height=\"300\" src=\"https:\/\/green-up.ch\/wp-content\/uploads\/2026\/08\/61-300x300.png\" class=\"attachment-woocommerce_thumbnail size-woocommerce_thumbnail\" alt=\"Mittelgrosser Kunststoff Tannenbaum\" \/><span class=\"et_overlay\"><\/span><\/span><h2 class=\"woocommerce-loop-product__title\">Mittelgrosser Kunststoff Tannenbaum<\/h2>\n\t<span class=\"price\"><span class=\"woocommerce-Price-amount amount\"><bdi><span class=\"woocommerce-Price-currencySymbol\" translate=\"no\">&#67;&#72;&#70;<\/span>&nbsp;0<\/bdi><\/span><\/span>\n<\/a><\/li>\n<li class=\"product type-product post-24411 status-publish last instock product_cat-allgemein-general product_cat-greenshare has-post-thumbnail shipping-taxable purchasable product-type-simple\">\n\t<a href=\"https:\/\/green-up.ch\/de\/produkt\/nahmaschine-husqvarna-1090\/\" class=\"woocommerce-LoopProduct-link woocommerce-loop-product__link\"><span class=\"et_shop_image\"><img loading=\"lazy\" decoding=\"async\" width=\"300\" height=\"300\" src=\"https:\/\/green-up.ch\/wp-content\/uploads\/2026\/08\/84-300x300.png\" class=\"attachment-woocommerce_thumbnail size-woocommerce_thumbnail\" alt=\"N\u00e4hmaschine Husqvarna 1090\" \/><span class=\"et_overlay\"><\/span><\/span><h2 class=\"woocommerce-loop-product__title\">N\u00e4hmaschine Husqvarna 1090<\/h2>\n\t<span class=\"price\"><span class=\"woocommerce-Price-amount amount\"><bdi><span class=\"woocommerce-Price-currencySymbol\" translate=\"no\">&#67;&#72;&#70;<\/span>&nbsp;0<\/bdi><\/span><\/span>\n<\/a><\/li>\n<li class=\"product type-product post-24365 status-publish first instock product_cat-allgemein-general product_cat-greenshare has-post-thumbnail shipping-taxable purchasable product-type-simple\">\n\t<a href=\"https:\/\/green-up.ch\/de\/produkt\/schirmkob\/\" class=\"woocommerce-LoopProduct-link woocommerce-loop-product__link\"><span class=\"et_shop_image\"><img loading=\"lazy\" decoding=\"async\" width=\"300\" height=\"300\" src=\"https:\/\/green-up.ch\/wp-content\/uploads\/2026\/08\/75-300x300.png\" class=\"attachment-woocommerce_thumbnail size-woocommerce_thumbnail\" alt=\"Schirmkob\" \/><span class=\"et_overlay\"><\/span><\/span><h2 class=\"woocommerce-loop-product__title\">Schirmkob<\/h2>\n\t<span class=\"price\"><span class=\"woocommerce-Price-amount amount\"><bdi><span class=\"woocommerce-Price-currencySymbol\" translate=\"no\">&#67;&#72;&#70;<\/span>&nbsp;0<\/bdi><\/span><\/span>\n<\/a><\/li>\n<li class=\"product type-product post-24376 status-publish instock product_cat-greenshare product_cat-sportausrustung has-post-thumbnail shipping-taxable purchasable product-type-simple\">\n\t<a href=\"https:\/\/green-up.ch\/de\/produkt\/schlitten\/\" class=\"woocommerce-LoopProduct-link woocommerce-loop-product__link\"><span class=\"et_shop_image\"><img loading=\"lazy\" decoding=\"async\" width=\"300\" height=\"300\" src=\"https:\/\/green-up.ch\/wp-content\/uploads\/2026\/08\/77-300x300.png\" class=\"attachment-woocommerce_thumbnail size-woocommerce_thumbnail\" alt=\"Schlitten\" \/><span class=\"et_overlay\"><\/span><\/span><h2 class=\"woocommerce-loop-product__title\">Schlitten<\/h2>\n\t<span class=\"price\"><span class=\"woocommerce-Price-amount amount\"><bdi><span class=\"woocommerce-Price-currencySymbol\" translate=\"no\">&#67;&#72;&#70;<\/span>&nbsp;0<\/bdi><\/span><\/span>\n<\/a><\/li>\n<li class=\"product type-product post-21286 status-publish instock product_cat-greenhubdavos product_cat-greenshare product_cat-kindersachen product_cat-moebel has-post-thumbnail shipping-taxable purchasable product-type-simple\">\n\t<a href=\"https:\/\/green-up.ch\/de\/produkt\/schneerutscher-blau-neuwertig\/\" class=\"woocommerce-LoopProduct-link woocommerce-loop-product__link\"><span class=\"et_shop_image\"><img loading=\"lazy\" decoding=\"async\" width=\"300\" height=\"300\" src=\"https:\/\/green-up.ch\/wp-content\/uploads\/2025\/09\/12-300x300.png\" class=\"attachment-woocommerce_thumbnail size-woocommerce_thumbnail\" alt=\"Schneerutscher blau, neuwertig\" \/><span class=\"et_overlay\"><\/span><\/span><h2 class=\"woocommerce-loop-product__title\">Schneerutscher blau, neuwertig<\/h2>\n\t<span class=\"price\"><span class=\"woocommerce-Price-amount amount\"><bdi><span class=\"woocommerce-Price-currencySymbol\" translate=\"no\">&#67;&#72;&#70;<\/span>&nbsp;0<\/bdi><\/span><\/span>\n<\/a><\/li>\n<li class=\"product type-product post-21488 status-publish last instock product_cat-greenshare product_cat-moebel has-post-thumbnail shipping-taxable purchasable product-type-simple\">\n\t<a href=\"https:\/\/green-up.ch\/de\/produkt\/schoner-antiker-tisch-neuwertig\/\" class=\"woocommerce-LoopProduct-link woocommerce-loop-product__link\"><span class=\"et_shop_image\"><img loading=\"lazy\" decoding=\"async\" width=\"300\" height=\"300\" src=\"https:\/\/green-up.ch\/wp-content\/uploads\/2025\/10\/GreenShare-KELLY-3-300x300.png\" class=\"attachment-woocommerce_thumbnail size-woocommerce_thumbnail\" alt=\"Sch\u00f6ner antiker Tisch, neuwertig\" \/><span class=\"et_overlay\"><\/span><\/span><h2 class=\"woocommerce-loop-product__title\">Sch\u00f6ner antiker Tisch, neuwertig<\/h2>\n\t<span class=\"price\"><span class=\"woocommerce-Price-amount amount\"><bdi><span class=\"woocommerce-Price-currencySymbol\" translate=\"no\">&#67;&#72;&#70;<\/span>&nbsp;0<\/bdi><\/span><\/span>\n<\/a><\/li>\n<li class=\"product type-product post-24080 status-publish first instock product_cat-deko-deco product_cat-greenshare has-post-thumbnail shipping-taxable purchasable product-type-simple\">\n\t<a href=\"https:\/\/green-up.ch\/de\/produkt\/schone-bergpanorama-triptychon\/\" class=\"woocommerce-LoopProduct-link woocommerce-loop-product__link\"><span class=\"et_shop_image\"><img loading=\"lazy\" decoding=\"async\" width=\"300\" height=\"300\" src=\"https:\/\/green-up.ch\/wp-content\/uploads\/2026\/08\/52-1-300x300.png\" class=\"attachment-woocommerce_thumbnail size-woocommerce_thumbnail\" alt=\"Sch\u00f6nes Bergpanorama-Triptychon\" \/><span class=\"et_overlay\"><\/span><\/span><h2 class=\"woocommerce-loop-product__title\">Sch\u00f6nes Bergpanorama-Triptychon<\/h2>\n\t<span class=\"price\"><span class=\"woocommerce-Price-amount amount\"><bdi><span class=\"woocommerce-Price-currencySymbol\" translate=\"no\">&#67;&#72;&#70;<\/span>&nbsp;0<\/bdi><\/span><\/span>\n<\/a><\/li>\n<li class=\"product type-product post-24269 status-publish instock product_cat-deko-deco product_cat-greenshare has-post-thumbnail shipping-taxable purchasable product-type-simple\">\n\t<a href=\"https:\/\/green-up.ch\/de\/produkt\/schones-bild-von-bergpanorama\/\" class=\"woocommerce-LoopProduct-link woocommerce-loop-product__link\"><span class=\"et_shop_image\"><img loading=\"lazy\" decoding=\"async\" width=\"300\" height=\"300\" src=\"https:\/\/green-up.ch\/wp-content\/uploads\/2026\/08\/51-1-300x300.png\" class=\"attachment-woocommerce_thumbnail size-woocommerce_thumbnail\" alt=\"Sch\u00f6nes Bild von Bergpanorama\" \/><span class=\"et_overlay\"><\/span><\/span><h2 class=\"woocommerce-loop-product__title\">Sch\u00f6nes Bild von Bergpanorama<\/h2>\n\t<span class=\"price\"><span class=\"woocommerce-Price-amount amount\"><bdi><span class=\"woocommerce-Price-currencySymbol\" translate=\"no\">&#67;&#72;&#70;<\/span>&nbsp;0<\/bdi><\/span><\/span>\n<\/a><\/li>\n<li class=\"product type-product post-24340 status-publish instock product_cat-greenshare product_cat-moebel has-post-thumbnail shipping-taxable purchasable product-type-simple\">\n\t<a href=\"https:\/\/green-up.ch\/de\/produkt\/schwarze-komode\/\" class=\"woocommerce-LoopProduct-link woocommerce-loop-product__link\"><span class=\"et_shop_image\"><img loading=\"lazy\" decoding=\"async\" width=\"300\" height=\"300\" src=\"https:\/\/green-up.ch\/wp-content\/uploads\/2026\/08\/70-300x300.png\" class=\"attachment-woocommerce_thumbnail size-woocommerce_thumbnail\" alt=\"Schwarze Komode\" \/><span class=\"et_overlay\"><\/span><\/span><h2 class=\"woocommerce-loop-product__title\">Schwarze Komode<\/h2>\n\t<span class=\"price\"><span class=\"woocommerce-Price-amount amount\"><bdi><span class=\"woocommerce-Price-currencySymbol\" translate=\"no\">&#67;&#72;&#70;<\/span>&nbsp;0<\/bdi><\/span><\/span>\n<\/a><\/li>\n<li class=\"product type-product post-24121 status-publish last instock product_cat-allgemein-general product_cat-greenshare has-post-thumbnail shipping-taxable purchasable product-type-simple\">\n\t<a href=\"https:\/\/green-up.ch\/de\/produkt\/schwarzer-kindersitz-furs-auto\/\" class=\"woocommerce-LoopProduct-link woocommerce-loop-product__link\"><span class=\"et_shop_image\"><img loading=\"lazy\" decoding=\"async\" width=\"300\" height=\"300\" src=\"https:\/\/green-up.ch\/wp-content\/uploads\/2026\/08\/55-300x300.png\" class=\"attachment-woocommerce_thumbnail size-woocommerce_thumbnail\" alt=\"Schwarzer Kindersitz f\u00fcrs Auto\" \/><span class=\"et_overlay\"><\/span><\/span><h2 class=\"woocommerce-loop-product__title\">Schwarzer Kindersitz f\u00fcrs Auto<\/h2>\n\t<span class=\"price\"><span class=\"woocommerce-Price-amount amount\"><bdi><span class=\"woocommerce-Price-currencySymbol\" translate=\"no\">&#67;&#72;&#70;<\/span>&nbsp;0<\/bdi><\/span><\/span>\n<\/a><\/li>\n<li class=\"product type-product post-24218 status-publish first instock product_cat-allgemein-general product_cat-greenshare has-post-thumbnail shipping-taxable purchasable product-type-simple\">\n\t<a href=\"https:\/\/green-up.ch\/de\/produkt\/schwarzer-kinderwagen\/\" class=\"woocommerce-LoopProduct-link woocommerce-loop-product__link\"><span class=\"et_shop_image\"><img loading=\"lazy\" decoding=\"async\" width=\"300\" height=\"300\" src=\"https:\/\/green-up.ch\/wp-content\/uploads\/2026\/08\/56-300x300.png\" class=\"attachment-woocommerce_thumbnail size-woocommerce_thumbnail\" alt=\"Schwarzer Kinderwagen\" \/><span class=\"et_overlay\"><\/span><\/span><h2 class=\"woocommerce-loop-product__title\">Schwarzer Kinderwagen<\/h2>\n\t<span class=\"price\"><span class=\"woocommerce-Price-amount amount\"><bdi><span class=\"woocommerce-Price-currencySymbol\" translate=\"no\">&#67;&#72;&#70;<\/span>&nbsp;0<\/bdi><\/span><\/span>\n<\/a><\/li>\n<li class=\"product type-product post-24222 status-publish instock product_cat-allgemein-general has-post-thumbnail shipping-taxable purchasable product-type-simple\">\n\t<a href=\"https:\/\/green-up.ch\/de\/produkt\/schwarzer-topf\/\" class=\"woocommerce-LoopProduct-link woocommerce-loop-product__link\"><span class=\"et_shop_image\"><img loading=\"lazy\" decoding=\"async\" width=\"300\" height=\"300\" src=\"https:\/\/green-up.ch\/wp-content\/uploads\/2026\/08\/57-300x300.png\" class=\"attachment-woocommerce_thumbnail size-woocommerce_thumbnail\" alt=\"Schwarzer Topf\" \/><span class=\"et_overlay\"><\/span><\/span><h2 class=\"woocommerce-loop-product__title\">Schwarzer Topf<\/h2>\n\t<span class=\"price\"><span class=\"woocommerce-Price-amount amount\"><bdi><span class=\"woocommerce-Price-currencySymbol\" translate=\"no\">&#67;&#72;&#70;<\/span>&nbsp;0<\/bdi><\/span><\/span>\n<\/a><\/li>\n<li class=\"product type-product post-24360 status-publish instock product_cat-allgemein-general product_cat-greenshare has-post-thumbnail shipping-taxable purchasable product-type-simple\">\n\t<a href=\"https:\/\/green-up.ch\/de\/produkt\/weinglaser\/\" class=\"woocommerce-LoopProduct-link woocommerce-loop-product__link\"><span class=\"et_shop_image\"><img loading=\"lazy\" decoding=\"async\" width=\"300\" height=\"300\" src=\"https:\/\/green-up.ch\/wp-content\/uploads\/2026\/08\/74-300x300.png\" class=\"attachment-woocommerce_thumbnail size-woocommerce_thumbnail\" alt=\"Weingl\u00e4ser\" \/><span class=\"et_overlay\"><\/span><\/span><h2 class=\"woocommerce-loop-product__title\">Weingl\u00e4ser<\/h2>\n\t<span class=\"price\"><span class=\"woocommerce-Price-amount amount\"><bdi><span class=\"woocommerce-Price-currencySymbol\" translate=\"no\">&#67;&#72;&#70;<\/span>&nbsp;0<\/bdi><\/span><\/span>\n<\/a><\/li>\n<li class=\"product type-product post-24391 status-publish last instock product_cat-allgemein-general product_cat-greenshare has-post-thumbnail shipping-taxable purchasable product-type-simple\">\n\t<a href=\"https:\/\/green-up.ch\/de\/produkt\/weisser-baby-sack\/\" class=\"woocommerce-LoopProduct-link woocommerce-loop-product__link\"><span class=\"et_shop_image\"><img loading=\"lazy\" decoding=\"async\" width=\"300\" height=\"300\" src=\"https:\/\/green-up.ch\/wp-content\/uploads\/2026\/08\/80-300x300.png\" class=\"attachment-woocommerce_thumbnail size-woocommerce_thumbnail\" alt=\"Weisser Baby Schlafsack\" \/><span class=\"et_overlay\"><\/span><\/span><h2 class=\"woocommerce-loop-product__title\">Weisser Baby Schlafsack<\/h2>\n\t<span class=\"price\"><span class=\"woocommerce-Price-amount amount\"><bdi><span class=\"woocommerce-Price-currencySymbol\" translate=\"no\">&#67;&#72;&#70;<\/span>&nbsp;0<\/bdi><\/span><\/span>\n<\/a><\/li>\n<li class=\"product type-product post-24280 status-publish first instock product_cat-greenshare product_cat-moebel has-post-thumbnail shipping-taxable purchasable product-type-simple\">\n\t<a href=\"https:\/\/green-up.ch\/de\/produkt\/weisser-schemel\/\" class=\"woocommerce-LoopProduct-link woocommerce-loop-product__link\"><span class=\"et_shop_image\"><img loading=\"lazy\" decoding=\"async\" width=\"300\" height=\"300\" src=\"https:\/\/green-up.ch\/wp-content\/uploads\/2026\/08\/59-300x300.png\" class=\"attachment-woocommerce_thumbnail size-woocommerce_thumbnail\" alt=\"Weisser Schemel\" \/><span class=\"et_overlay\"><\/span><\/span><h2 class=\"woocommerce-loop-product__title\">Weisser Schemel<\/h2>\n\t<span class=\"price\"><span class=\"woocommerce-Price-amount amount\"><bdi><span class=\"woocommerce-Price-currencySymbol\" translate=\"no\">&#67;&#72;&#70;<\/span>&nbsp;0<\/bdi><\/span><\/span>\n<\/a><\/li>\n<li class=\"product type-product post-24345 status-publish instock product_cat-greenshare product_cat-moebel has-post-thumbnail shipping-taxable purchasable product-type-simple\">\n\t<a href=\"https:\/\/green-up.ch\/de\/produkt\/weisser-wickeltisch\/\" class=\"woocommerce-LoopProduct-link woocommerce-loop-product__link\"><span class=\"et_shop_image\"><img loading=\"lazy\" decoding=\"async\" width=\"300\" height=\"300\" src=\"https:\/\/green-up.ch\/wp-content\/uploads\/2026\/08\/71-300x300.png\" class=\"attachment-woocommerce_thumbnail size-woocommerce_thumbnail\" alt=\"Weisser Wickeltisch\" \/><span class=\"et_overlay\"><\/span><\/span><h2 class=\"woocommerce-loop-product__title\">Weisser Wickeltisch<\/h2>\n\t<span class=\"price\"><span class=\"woocommerce-Price-amount amount\"><bdi><span class=\"woocommerce-Price-currencySymbol\" translate=\"no\">&#67;&#72;&#70;<\/span>&nbsp;0<\/bdi><\/span><\/span>\n<\/a><\/li>\n<li class=\"product type-product post-24406 status-publish instock product_cat-greenshare product_cat-sportausrustung has-post-thumbnail shipping-taxable purchasable product-type-simple\">\n\t<a href=\"https:\/\/green-up.ch\/de\/produkt\/winterschuhe-f\/\" class=\"woocommerce-LoopProduct-link woocommerce-loop-product__link\"><span class=\"et_shop_image\"><img loading=\"lazy\" decoding=\"async\" width=\"300\" height=\"300\" src=\"https:\/\/green-up.ch\/wp-content\/uploads\/2026\/08\/83-300x300.png\" class=\"attachment-woocommerce_thumbnail size-woocommerce_thumbnail\" alt=\"Winterschuhe F\" \/><span class=\"et_overlay\"><\/span><\/span><h2 class=\"woocommerce-loop-product__title\">Winterschuhe F<\/h2>\n\t<span class=\"price\"><span class=\"woocommerce-Price-amount amount\"><bdi><span class=\"woocommerce-Price-currencySymbol\" translate=\"no\">&#67;&#72;&#70;<\/span>&nbsp;0<\/bdi><\/span><\/span>\n<\/a><\/li>\n<li class=\"product type-product post-24401 status-publish last instock product_cat-greenshare product_cat-sportausrustung has-post-thumbnail shipping-taxable purchasable product-type-simple\">\n\t<a href=\"https:\/\/green-up.ch\/de\/produkt\/winterschuhe-m\/\" class=\"woocommerce-LoopProduct-link woocommerce-loop-product__link\"><span class=\"et_shop_image\"><img loading=\"lazy\" decoding=\"async\" width=\"300\" height=\"300\" src=\"https:\/\/green-up.ch\/wp-content\/uploads\/2026\/08\/82-300x300.png\" class=\"attachment-woocommerce_thumbnail size-woocommerce_thumbnail\" alt=\"Winterschuhe M\" \/><span class=\"et_overlay\"><\/span><\/span><h2 class=\"woocommerce-loop-product__title\">Winterschuhe M<\/h2>\n\t<span class=\"price\"><span class=\"woocommerce-Price-amount amount\"><bdi><span class=\"woocommerce-Price-currencySymbol\" translate=\"no\">&#67;&#72;&#70;<\/span>&nbsp;0<\/bdi><\/span><\/span>\n<\/a><\/li>\n<\/ul>\n<\/div>\n<p>[\/et_pb_text][et_pb_text _builder_version=&#8220;4.27.0&#8243; _module_preset=&#8220;default&#8220; global_colors_info=&#8220;{}&#8220;]<\/p>\n<h2>Green Hub Davos<\/h2>\n<p><\/p>\n<div>Der Tauschb\u00f6rse vom GreenHub ist 3x pro Woche ge\u00f6ffnet. Unsere Adresse: Promenade 87. <br \/>Di &#8211; 13.30 &#8211; 15.30<br \/>Mi &#8211; 09.00 &#8211; 11.00<br \/>Do &#8211; 16.00 &#8211; 18.00<\/div>\n<p>[\/et_pb_text][et_pb_text _builder_version=&#8220;4.27.0&#8243; _module_preset=&#8220;default&#8220; global_colors_info=&#8220;{}&#8220;]<\/p>\n<div class=\"woocommerce columns-4 \"><ul class=\"products columns-4\">\n<li class=\"product type-product post-14996 status-publish first instock product_cat-greenhubdavos product_cat-haus-home has-post-thumbnail shipping-taxable purchasable product-type-simple\">\n\t<a href=\"https:\/\/green-up.ch\/de\/produkt\/bild-blume\/\" class=\"woocommerce-LoopProduct-link woocommerce-loop-product__link\"><span class=\"et_shop_image\"><img loading=\"lazy\" decoding=\"async\" width=\"300\" height=\"300\" src=\"https:\/\/green-up.ch\/wp-content\/uploads\/2024\/02\/81-300x300.jpg\" class=\"attachment-woocommerce_thumbnail size-woocommerce_thumbnail\" alt=\"Gem\u00e4lde - Blume\" \/><span class=\"et_overlay\"><\/span><\/span><h2 class=\"woocommerce-loop-product__title\">Gem\u00e4lde &#8211; Blume<\/h2>\n\t<span class=\"price\"><span class=\"woocommerce-Price-amount amount\"><bdi><span class=\"woocommerce-Price-currencySymbol\" translate=\"no\">&#67;&#72;&#70;<\/span>&nbsp;0<\/bdi><\/span><\/span>\n<\/a><\/li>\n<li class=\"product type-product post-21286 status-publish instock product_cat-greenhubdavos product_cat-greenshare product_cat-kindersachen product_cat-moebel has-post-thumbnail shipping-taxable purchasable product-type-simple\">\n\t<a href=\"https:\/\/green-up.ch\/de\/produkt\/schneerutscher-blau-neuwertig\/\" class=\"woocommerce-LoopProduct-link woocommerce-loop-product__link\"><span class=\"et_shop_image\"><img loading=\"lazy\" decoding=\"async\" width=\"300\" height=\"300\" src=\"https:\/\/green-up.ch\/wp-content\/uploads\/2025\/09\/12-300x300.png\" class=\"attachment-woocommerce_thumbnail size-woocommerce_thumbnail\" alt=\"Schneerutscher blau, neuwertig\" \/><span class=\"et_overlay\"><\/span><\/span><h2 class=\"woocommerce-loop-product__title\">Schneerutscher blau, neuwertig<\/h2>\n\t<span class=\"price\"><span class=\"woocommerce-Price-amount amount\"><bdi><span class=\"woocommerce-Price-currencySymbol\" translate=\"no\">&#67;&#72;&#70;<\/span>&nbsp;0<\/bdi><\/span><\/span>\n<\/a><\/li>\n<li class=\"product type-product post-21301 status-publish instock product_cat-greenhubdavos product_cat-haus-home has-post-thumbnail shipping-taxable purchasable product-type-simple\">\n\t<a href=\"https:\/\/green-up.ch\/de\/produkt\/sonnenschirmstander-aus-beton\/\" class=\"woocommerce-LoopProduct-link woocommerce-loop-product__link\"><span class=\"et_shop_image\"><img loading=\"lazy\" decoding=\"async\" width=\"300\" height=\"300\" src=\"https:\/\/green-up.ch\/wp-content\/uploads\/2025\/09\/14-300x300.png\" class=\"attachment-woocommerce_thumbnail size-woocommerce_thumbnail\" alt=\"Sonnenschirmst\u00e4nder aus Beton\" \/><span class=\"et_overlay\"><\/span><\/span><h2 class=\"woocommerce-loop-product__title\">Sonnenschirmst\u00e4nder aus Beton<\/h2>\n\t<span class=\"price\"><span class=\"woocommerce-Price-amount amount\"><bdi><span class=\"woocommerce-Price-currencySymbol\" translate=\"no\">&#67;&#72;&#70;<\/span>&nbsp;0<\/bdi><\/span><\/span>\n<\/a><\/li>\n<\/ul>\n<\/div>\n<p>[\/et_pb_text][\/et_pb_column][\/et_pb_row][\/et_pb_section][et_pb_section fb_built=&#8220;1&#8243; module_id=&#8220;video_greenshare&#8220; _builder_version=&#8220;4.27.0&#8243; _module_preset=&#8220;default&#8220; custom_padding=&#8220;||0px|||&#8220; global_colors_info=&#8220;{}&#8220;][et_pb_row column_structure=&#8220;4_4,1_2&#8243; _builder_version=&#8220;4.16&#8243; _module_preset=&#8220;default&#8220; custom_padding=&#8220;||40px|||&#8220; global_colors_info=&#8220;{}&#8220;][et_pb_column type=&#8220;4_4&#8243; _builder_version=&#8220;4.16&#8243; _module_preset=&#8220;default&#8220; global_colors_info=&#8220;{}&#8220;]<\/p>\n<p>[et_pb_video src=&#8220;https:\/\/youtu.be\/kgMPognDMYM&#8220; _builder_version=&#8220;4.22.2&#8243; _module_preset=&#8220;default&#8220; global_colors_info=&#8220;{}&#8220;][\/et_pb_video]<\/p>\n<p>[\/et_pb_column][et_pb_column type=&#8220;1_2&#8243; _builder_version=&#8220;4.16&#8243; _module_preset=&#8220;default&#8220; global_colors_info=&#8220;{}&#8220;][\/et_pb_column][\/et_pb_row][\/et_pb_section]<\/p>\n","protected":false},"excerpt":{"rendered":"<p>GreenUp-Projekt seit Mai 2022Davos GreenShareMit den Davoserinnen und Davosern teilen wir Gegenst\u00e4nde\/Ressourcen vom WEF-Jahrestreffen und w\u00e4hrend des ganzen Jahres von Kelly Transports und Privaten. Auf diese Weise vermeiden wir Abfall [&hellip;]<\/p>\n","protected":false},"author":1,"featured_media":17332,"comment_status":"open","ping_status":"closed","template":"","meta":{"_et_pb_use_builder":"on","_et_pb_old_content":"","_et_gb_content_width":"","footnotes":""},"project_category":[283,105],"project_tag":[],"class_list":["post-19197","project","type-project","status-publish","has-post-thumbnail","hentry","project_category-people-de","project_category-personen-aktive-projekte"],"yoast_head":"<!-- This site is optimized with the Yoast SEO plugin v28.3 - https:\/\/yoast.com\/product\/yoast-seo-wordpress\/ -->\n<title>GreenShare + GreenHubDavos Tauschecke | GreenUp<\/title>\n<meta name=\"robots\" content=\"index, follow, max-snippet:-1, max-image-preview:large, max-video-preview:-1\" \/>\n<link rel=\"canonical\" href=\"https:\/\/green-up.ch\/project\/greenshare\/\" \/>\n<meta property=\"og:locale\" content=\"de_DE\" \/>\n<meta property=\"og:type\" content=\"article\" \/>\n<meta property=\"og:title\" content=\"GreenShare + GreenHubDavos Tauschecke | GreenUp\" \/>\n<meta property=\"og:description\" content=\"GreenUp-Projekt seit Mai 2022Davos GreenShareMit den Davoserinnen und Davosern teilen wir Gegenst\u00e4nde\/Ressourcen vom WEF-Jahrestreffen und w\u00e4hrend des ganzen Jahres von Kelly Transports und Privaten. Auf diese Weise vermeiden wir Abfall [&hellip;]\" \/>\n<meta property=\"og:url\" content=\"https:\/\/green-up.ch\/project\/greenshare\/\" \/>\n<meta property=\"og:site_name\" content=\"GreenUp\" \/>\n<meta property=\"article:publisher\" content=\"https:\/\/m.facebook.com\/greenupswitzerland\" \/>\n<meta property=\"article:modified_time\" content=\"2025-06-02T15:18:57+00:00\" \/>\n<meta property=\"og:image\" content=\"https:\/\/green-up.ch\/wp-content\/uploads\/2024\/12\/GreenShare_GreenHub_Davos-1024x633.png\" \/>\n\t<meta property=\"og:image:width\" content=\"1024\" \/>\n\t<meta property=\"og:image:height\" content=\"633\" \/>\n\t<meta property=\"og:image:type\" content=\"image\/png\" \/>\n<meta name=\"twitter:card\" content=\"summary_large_image\" \/>\n<meta name=\"twitter:label1\" content=\"Gesch\u00e4tzte Lesezeit\" \/>\n\t<meta name=\"twitter:data1\" content=\"2\u00a0Minuten\" \/>\n<script type=\"application\/ld+json\" class=\"yoast-schema-graph\">{\"@context\":\"https:\\\/\\\/schema.org\",\"@graph\":[{\"@type\":\"WebPage\",\"@id\":\"https:\\\/\\\/green-up.ch\\\/project\\\/greenshare\\\/\",\"url\":\"https:\\\/\\\/green-up.ch\\\/project\\\/greenshare\\\/\",\"name\":\"GreenShare + GreenHubDavos Tauschecke | GreenUp\",\"isPartOf\":{\"@id\":\"https:\\\/\\\/green-up.ch\\\/#website\"},\"primaryImageOfPage\":{\"@id\":\"https:\\\/\\\/green-up.ch\\\/project\\\/greenshare\\\/#primaryimage\"},\"image\":{\"@id\":\"https:\\\/\\\/green-up.ch\\\/project\\\/greenshare\\\/#primaryimage\"},\"thumbnailUrl\":\"https:\\\/\\\/green-up.ch\\\/wp-content\\\/uploads\\\/2024\\\/12\\\/GreenShare_GreenHub_Davos.png\",\"datePublished\":\"2025-02-13T14:59:09+00:00\",\"dateModified\":\"2025-06-02T15:18:57+00:00\",\"breadcrumb\":{\"@id\":\"https:\\\/\\\/green-up.ch\\\/project\\\/greenshare\\\/#breadcrumb\"},\"inLanguage\":\"de\",\"potentialAction\":[{\"@type\":\"ReadAction\",\"target\":[\"https:\\\/\\\/green-up.ch\\\/project\\\/greenshare\\\/\"]}]},{\"@type\":\"ImageObject\",\"inLanguage\":\"de\",\"@id\":\"https:\\\/\\\/green-up.ch\\\/project\\\/greenshare\\\/#primaryimage\",\"url\":\"https:\\\/\\\/green-up.ch\\\/wp-content\\\/uploads\\\/2024\\\/12\\\/GreenShare_GreenHub_Davos.png\",\"contentUrl\":\"https:\\\/\\\/green-up.ch\\\/wp-content\\\/uploads\\\/2024\\\/12\\\/GreenShare_GreenHub_Davos.png\",\"width\":2666,\"height\":1648,\"caption\":\"People looking at second hand furnitures\"},{\"@type\":\"BreadcrumbList\",\"@id\":\"https:\\\/\\\/green-up.ch\\\/project\\\/greenshare\\\/#breadcrumb\",\"itemListElement\":[{\"@type\":\"ListItem\",\"position\":1,\"name\":\"Home\",\"item\":\"https:\\\/\\\/green-up.ch\\\/\"},{\"@type\":\"ListItem\",\"position\":2,\"name\":\"Projects\",\"item\":\"https:\\\/\\\/green-up.ch\\\/project\\\/\"},{\"@type\":\"ListItem\",\"position\":3,\"name\":\"GreenShare + GreenHubDavos Tauschecke\"}]},{\"@type\":\"WebSite\",\"@id\":\"https:\\\/\\\/green-up.ch\\\/#website\",\"url\":\"https:\\\/\\\/green-up.ch\\\/\",\"name\":\"GreenUp\",\"description\":\"Inspire, collaborate, empower.\",\"publisher\":{\"@id\":\"https:\\\/\\\/green-up.ch\\\/#organization\"},\"potentialAction\":[{\"@type\":\"SearchAction\",\"target\":{\"@type\":\"EntryPoint\",\"urlTemplate\":\"https:\\\/\\\/green-up.ch\\\/?s={search_term_string}\"},\"query-input\":{\"@type\":\"PropertyValueSpecification\",\"valueRequired\":true,\"valueName\":\"search_term_string\"}}],\"inLanguage\":\"de\"},{\"@type\":\"Organization\",\"@id\":\"https:\\\/\\\/green-up.ch\\\/#organization\",\"name\":\"GreeUp\",\"url\":\"https:\\\/\\\/green-up.ch\\\/\",\"logo\":{\"@type\":\"ImageObject\",\"inLanguage\":\"de\",\"@id\":\"https:\\\/\\\/green-up.ch\\\/#\\\/schema\\\/logo\\\/image\\\/\",\"url\":\"https:\\\/\\\/green-up.ch\\\/wp-content\\\/uploads\\\/2021\\\/11\\\/greenuplogo_rond.png\",\"contentUrl\":\"https:\\\/\\\/green-up.ch\\\/wp-content\\\/uploads\\\/2021\\\/11\\\/greenuplogo_rond.png\",\"width\":600,\"height\":595,\"caption\":\"GreeUp\"},\"image\":{\"@id\":\"https:\\\/\\\/green-up.ch\\\/#\\\/schema\\\/logo\\\/image\\\/\"},\"sameAs\":[\"https:\\\/\\\/m.facebook.com\\\/greenupswitzerland\",\"https:\\\/\\\/www.instagram.com\\\/greenup.ch\\\/\",\"https:\\\/\\\/www.linkedin.com\\\/company\\\/greenupswitzerland\\\/\"]}]}<\/script>\n<!-- \/ Yoast SEO plugin. -->","yoast_head_json":{"title":"GreenShare + GreenHubDavos Tauschecke | GreenUp","robots":{"index":"index","follow":"follow","max-snippet":"max-snippet:-1","max-image-preview":"max-image-preview:large","max-video-preview":"max-video-preview:-1"},"canonical":"https:\/\/green-up.ch\/project\/greenshare\/","og_locale":"de_DE","og_type":"article","og_title":"GreenShare + GreenHubDavos Tauschecke | GreenUp","og_description":"GreenUp-Projekt seit Mai 2022Davos GreenShareMit den Davoserinnen und Davosern teilen wir Gegenst\u00e4nde\/Ressourcen vom WEF-Jahrestreffen und w\u00e4hrend des ganzen Jahres von Kelly Transports und Privaten. Auf diese Weise vermeiden wir Abfall [&hellip;]","og_url":"https:\/\/green-up.ch\/project\/greenshare\/","og_site_name":"GreenUp","article_publisher":"https:\/\/m.facebook.com\/greenupswitzerland","article_modified_time":"2025-06-02T15:18:57+00:00","og_image":[{"width":1024,"height":633,"url":"https:\/\/green-up.ch\/wp-content\/uploads\/2024\/12\/GreenShare_GreenHub_Davos-1024x633.png","type":"image\/png"}],"twitter_card":"summary_large_image","twitter_misc":{"Gesch\u00e4tzte Lesezeit":"2\u00a0Minuten"},"schema":{"@context":"https:\/\/schema.org","@graph":[{"@type":"WebPage","@id":"https:\/\/green-up.ch\/project\/greenshare\/","url":"https:\/\/green-up.ch\/project\/greenshare\/","name":"GreenShare + GreenHubDavos Tauschecke | GreenUp","isPartOf":{"@id":"https:\/\/green-up.ch\/#website"},"primaryImageOfPage":{"@id":"https:\/\/green-up.ch\/project\/greenshare\/#primaryimage"},"image":{"@id":"https:\/\/green-up.ch\/project\/greenshare\/#primaryimage"},"thumbnailUrl":"https:\/\/green-up.ch\/wp-content\/uploads\/2024\/12\/GreenShare_GreenHub_Davos.png","datePublished":"2025-02-13T14:59:09+00:00","dateModified":"2025-06-02T15:18:57+00:00","breadcrumb":{"@id":"https:\/\/green-up.ch\/project\/greenshare\/#breadcrumb"},"inLanguage":"de","potentialAction":[{"@type":"ReadAction","target":["https:\/\/green-up.ch\/project\/greenshare\/"]}]},{"@type":"ImageObject","inLanguage":"de","@id":"https:\/\/green-up.ch\/project\/greenshare\/#primaryimage","url":"https:\/\/green-up.ch\/wp-content\/uploads\/2024\/12\/GreenShare_GreenHub_Davos.png","contentUrl":"https:\/\/green-up.ch\/wp-content\/uploads\/2024\/12\/GreenShare_GreenHub_Davos.png","width":2666,"height":1648,"caption":"People looking at second hand furnitures"},{"@type":"BreadcrumbList","@id":"https:\/\/green-up.ch\/project\/greenshare\/#breadcrumb","itemListElement":[{"@type":"ListItem","position":1,"name":"Home","item":"https:\/\/green-up.ch\/"},{"@type":"ListItem","position":2,"name":"Projects","item":"https:\/\/green-up.ch\/project\/"},{"@type":"ListItem","position":3,"name":"GreenShare + GreenHubDavos Tauschecke"}]},{"@type":"WebSite","@id":"https:\/\/green-up.ch\/#website","url":"https:\/\/green-up.ch\/","name":"GreenUp","description":"Inspire, collaborate, empower.","publisher":{"@id":"https:\/\/green-up.ch\/#organization"},"potentialAction":[{"@type":"SearchAction","target":{"@type":"EntryPoint","urlTemplate":"https:\/\/green-up.ch\/?s={search_term_string}"},"query-input":{"@type":"PropertyValueSpecification","valueRequired":true,"valueName":"search_term_string"}}],"inLanguage":"de"},{"@type":"Organization","@id":"https:\/\/green-up.ch\/#organization","name":"GreeUp","url":"https:\/\/green-up.ch\/","logo":{"@type":"ImageObject","inLanguage":"de","@id":"https:\/\/green-up.ch\/#\/schema\/logo\/image\/","url":"https:\/\/green-up.ch\/wp-content\/uploads\/2021\/11\/greenuplogo_rond.png","contentUrl":"https:\/\/green-up.ch\/wp-content\/uploads\/2021\/11\/greenuplogo_rond.png","width":600,"height":595,"caption":"GreeUp"},"image":{"@id":"https:\/\/green-up.ch\/#\/schema\/logo\/image\/"},"sameAs":["https:\/\/m.facebook.com\/greenupswitzerland","https:\/\/www.instagram.com\/greenup.ch\/","https:\/\/www.linkedin.com\/company\/greenupswitzerland\/"]}]}},"_links":{"self":[{"href":"https:\/\/green-up.ch\/de\/wp-json\/wp\/v2\/project\/19197","targetHints":{"allow":["GET"]}}],"collection":[{"href":"https:\/\/green-up.ch\/de\/wp-json\/wp\/v2\/project"}],"about":[{"href":"https:\/\/green-up.ch\/de\/wp-json\/wp\/v2\/types\/project"}],"author":[{"embeddable":true,"href":"https:\/\/green-up.ch\/de\/wp-json\/wp\/v2\/users\/1"}],"replies":[{"embeddable":true,"href":"https:\/\/green-up.ch\/de\/wp-json\/wp\/v2\/comments?post=19197"}],"version-history":[{"count":17,"href":"https:\/\/green-up.ch\/de\/wp-json\/wp\/v2\/project\/19197\/revisions"}],"predecessor-version":[{"id":20667,"href":"https:\/\/green-up.ch\/de\/wp-json\/wp\/v2\/project\/19197\/revisions\/20667"}],"wp:featuredmedia":[{"embeddable":true,"href":"https:\/\/green-up.ch\/de\/wp-json\/wp\/v2\/media\/17332"}],"wp:attachment":[{"href":"https:\/\/green-up.ch\/de\/wp-json\/wp\/v2\/media?parent=19197"}],"wp:term":[{"taxonomy":"project_category","embeddable":true,"href":"https:\/\/green-up.ch\/de\/wp-json\/wp\/v2\/project_category?post=19197"},{"taxonomy":"project_tag","embeddable":true,"href":"https:\/\/green-up.ch\/de\/wp-json\/wp\/v2\/project_tag?post=19197"}],"curies":[{"name":"wp","href":"https:\/\/api.w.org\/{rel}","templated":true}]}}