{"id":4136,"date":"2021-09-09T03:09:32","date_gmt":"2021-09-09T03:09:32","guid":{"rendered":"https:\/\/green-up.ch\/about\/staedte\/"},"modified":"2022-10-11T14:39:41","modified_gmt":"2022-10-11T14:39:41","slug":"staedte","status":"publish","type":"page","link":"https:\/\/green-up.ch\/de\/ueber-uns\/staedte\/","title":{"rendered":"St\u00e4dte"},"content":{"rendered":"<p>[et_pb_section fb_built=&#8220;1&#8243; _builder_version=&#8220;4.16&#8243; _module_preset=&#8220;default&#8220; custom_padding=&#8220;||0px||false|false&#8220; global_colors_info=&#8220;{}&#8220;][et_pb_row _builder_version=&#8220;4.16&#8243; _module_preset=&#8220;default&#8220; custom_padding=&#8220;0px|0px|0px|0px|false|false&#8220; global_colors_info=&#8220;{}&#8220;][et_pb_column type=&#8220;4_4&#8243; _builder_version=&#8220;4.16&#8243; _module_preset=&#8220;default&#8220; global_colors_info=&#8220;{}&#8220;][et_pb_text _builder_version=&#8220;4.16&#8243; text_font_size=&#8220;30px&#8220; text_line_height=&#8220;1.5em&#8220; header_font=&#8220;Gravur2||||||||&#8220; header_text_color=&#8220;#000000&#8243; header_font_size=&#8220;80px&#8220; header_letter_spacing=&#8220;1px&#8220; z_index=&#8220;1&#8243; custom_margin=&#8220;100px||||false|false&#8220; custom_margin_tablet=&#8220;|||0px&#8220; custom_margin_phone=&#8220;&#8220; custom_margin_last_edited=&#8220;on|phone&#8220; header_font_size_tablet=&#8220;80px&#8220; header_font_size_phone=&#8220;60px&#8220; header_font_size_last_edited=&#8220;on|phone&#8220; header_letter_spacing_tablet=&#8220;0px&#8220; header_letter_spacing_phone=&#8220;&#8220; header_letter_spacing_last_edited=&#8220;on|tablet&#8220; global_colors_info=&#8220;{}&#8220;]<\/p>\n<h1 style=\"text-align: left;\"><span style=\"color: #00506e;\">Aktive St\u00e4dte<\/span><\/h1>\n<p style=\"text-align: left;\">\u00a0<\/p>\n<p class=\"p1\" style=\"text-align: left;\">Wir sind in allen Sprachregionen der Schweiz t\u00e4tig, mit 6 Standorten in den folgenden St\u00e4dten:<\/p>\n<p>[\/et_pb_text][\/et_pb_column][\/et_pb_row][\/et_pb_section][et_pb_section fb_built=&#8220;1&#8243; _builder_version=&#8220;4.16&#8243; _module_preset=&#8220;default&#8220; background_color=&#8220;RGBA(0,0,0,0)&#8220; background_color_gradient_direction=&#8220;90deg&#8220; global_colors_info=&#8220;{}&#8220;][et_pb_row column_structure=&#8220;1_2,1_2&#8243; _builder_version=&#8220;4.16&#8243; _module_preset=&#8220;default&#8220; global_colors_info=&#8220;{}&#8220;][et_pb_column type=&#8220;1_2&#8243; _builder_version=&#8220;4.16&#8243; _module_preset=&#8220;default&#8220; global_colors_info=&#8220;{}&#8220;][et_pb_image src=&#8220;https:\/\/green-up.ch\/wp-content\/uploads\/2021\/08\/zurich-photo1-1-scaled.jpg&#8220; alt=&#8220;z\u00fcrich-photo1&#8243; title_text=&#8220;z\u00fcrich-photo1&#8243; _builder_version=&#8220;4.16&#8243; _module_preset=&#8220;default&#8220; border_radii=&#8220;on|30px|30px|30px|30px&#8220; global_colors_info=&#8220;{}&#8220;][\/et_pb_image][et_pb_text _builder_version=&#8220;4.16&#8243; _module_preset=&#8220;default&#8220; global_colors_info=&#8220;{}&#8220;]<\/p>\n<h3><b>Z\u00fcrich: unsere Kernstadt<\/b><\/h3>\n<p><span style=\"font-weight: 400;\">Mit einem supercoolen Standort <\/span><span style=\"font-weight: 400;\">im Co-Working mit WWF <\/span><span style=\"font-weight: 400;\">inspiriert unsere dynamische und interne Gruppe von Freiwilligen Z\u00fcrcher*innen mit Events wie zum Beispiel \u201cDiscobrunch\u201d, \u201cUPTrain\u201d und \u201cKreislaufsafari\u201d. Wenn m\u00f6glich zusammen mit so vielen coolen Initiativen wie m\u00f6glich.<\/span><\/p>\n<p>[\/et_pb_text][\/et_pb_column][et_pb_column type=&#8220;1_2&#8243; _builder_version=&#8220;4.16&#8243; _module_preset=&#8220;default&#8220; global_colors_info=&#8220;{}&#8220;][et_pb_image src=&#8220;https:\/\/green-up.ch\/wp-content\/uploads\/2021\/08\/Davos-city-photo1-scaled.jpg&#8220; alt=&#8220;Davos-city-photo1&#8243; title_text=&#8220;Davos-city-photo1&#8243; _builder_version=&#8220;4.16&#8243; _module_preset=&#8220;default&#8220; border_radii=&#8220;on|30px|30px|30px|30px&#8220; global_colors_info=&#8220;{}&#8220;][\/et_pb_image][et_pb_text _builder_version=&#8220;4.16&#8243; _module_preset=&#8220;default&#8220; global_colors_info=&#8220;{}&#8220;]<\/p>\n<h3><b>Davos: unsere Stadt der Natur<\/b><span style=\"font-weight: 400;\">\u00a0<\/span><\/h3>\n<p><span style=\"font-weight: 400;\">Seit 2020 steht unser eigener Standort &#8211; the Green Hub &#8211; auf der Hauptstrasse im Zentrum von dem, was wir in Davos tun. Seit 2016 inspirieren engagierte Freiwillige dazu, verschiedene Projekte aufzustellen, wie zum Beispiel die \u201cReparierBar\u201d, \u201cPro Velo Davos Klosters\u201d, \u201cDavos Rollt\u201d und die \u201cStadtgartenEvents\u201d <\/span><span style=\"font-weight: 400;\">reichen von Workshops um Skis zu reparieren bis zu \u201cPower Hours\u201d f\u00fcr Unternehmen.<\/span><\/p>\n<p>[\/et_pb_text][\/et_pb_column][\/et_pb_row][et_pb_row column_structure=&#8220;1_2,1_2&#8243; _builder_version=&#8220;4.16&#8243; _module_preset=&#8220;default&#8220; global_colors_info=&#8220;{}&#8220;][et_pb_column type=&#8220;1_2&#8243; _builder_version=&#8220;4.16&#8243; _module_preset=&#8220;default&#8220; global_colors_info=&#8220;{}&#8220;][et_pb_image src=&#8220;https:\/\/green-up.ch\/wp-content\/uploads\/2021\/08\/basel-city-photo1-1.jpg&#8220; alt=&#8220;basel-city-photo1&#8243; title_text=&#8220;basel-city-photo1&#8243; _builder_version=&#8220;4.16&#8243; _module_preset=&#8220;default&#8220; border_radii=&#8220;on|30px|30px|30px|30px&#8220; global_colors_info=&#8220;{}&#8220;][\/et_pb_image][et_pb_text _builder_version=&#8220;4.16&#8243; _module_preset=&#8220;default&#8220; global_colors_info=&#8220;{}&#8220;]<\/p>\n<h3><b>Basel: unsere kreative Stadt<\/b><\/h3>\n<p><span style=\"font-weight: 400;\">In 2019 wurden unsere Freiwilligen f\u00fcr ihre ausserordentliche Kreativit\u00e4t ausgezeichnet, Menschen zu einem ressourcensparenden Lifestyle zu inspirieren. Events wie ein Pflanzentausch, dem Simply More Pop-Up Store und \u201cFood-by-Foot\u201d sind Beweis daf\u00fcr.<\/span><\/p>\n<p>[\/et_pb_text][\/et_pb_column][et_pb_column type=&#8220;1_2&#8243; _builder_version=&#8220;4.16&#8243; _module_preset=&#8220;default&#8220; global_colors_info=&#8220;{}&#8220;][et_pb_image src=&#8220;https:\/\/green-up.ch\/wp-content\/uploads\/2021\/08\/LCDF-city-photo1.jpg&#8220; alt=&#8220;LCDF-city-photo1&#8243; title_text=&#8220;LCDF-city-photo1&#8243; _builder_version=&#8220;4.16&#8243; _module_preset=&#8220;default&#8220; border_radii=&#8220;on|30px|30px|30px|30px&#8220; global_colors_info=&#8220;{}&#8220;][\/et_pb_image][et_pb_text _builder_version=&#8220;4.16&#8243; _module_preset=&#8220;default&#8220; global_colors_info=&#8220;{}&#8220;]<\/p>\n<h3><strong>La-Chaux-de-Fonds: die Stadt voller Begeisterung<\/strong><\/h3>\n<p><span style=\"font-weight: 400;\">In La-Chaux-de-Fonds bewegt unsere enthusiastische Gruppe von Freiwilligen die Stadt mit coolen Events wie \u201cDisco Soup\u201d, Swaps und Food-Hunts nach Essbarem in der Natur. Sie <\/span><span style=\"font-weight: 400;\">stellten <\/span><span style=\"font-weight: 400;\">eine zero waste Challenge auf die Beine, inspirierten mehrere neue Nachhaltigkeits-Initiativen und stehen im Mittelpunkt vieler Aktivit\u00e4ten bez\u00fcglich Nachhaltigkeit, wie zum Beispiel dem \u201cFestival du Printemps\u201d.<\/span><\/p>\n<p>[\/et_pb_text][\/et_pb_column][\/et_pb_row][et_pb_row column_structure=&#8220;1_2,1_2&#8243; _builder_version=&#8220;4.16&#8243; _module_preset=&#8220;default&#8220; global_colors_info=&#8220;{}&#8220;][et_pb_column type=&#8220;1_2&#8243; _builder_version=&#8220;4.16&#8243; _module_preset=&#8220;default&#8220; global_colors_info=&#8220;{}&#8220;][et_pb_image src=&#8220;https:\/\/green-up.ch\/wp-content\/uploads\/2022\/06\/CAA_1071-scaled-e1654203519559.jpg&#8220; alt=&#8220;sion-vor\u00fcbergehend&#8220; title_text=&#8220;CAA_1071&#8243; _builder_version=&#8220;4.16&#8243; _module_preset=&#8220;default&#8220; border_radii=&#8220;on|30px|30px|30px|30px&#8220; global_colors_info=&#8220;{}&#8220;][\/et_pb_image][et_pb_text _builder_version=&#8220;4.16&#8243; _module_preset=&#8220;default&#8220; global_colors_info=&#8220;{}&#8220;]<\/p>\n<h3><b>Sion: unsere Kulturstadt<\/b><\/h3>\n<p>Wir begannen unsere Aktivit\u00e4ten im November 2021 mit einer besonderen DiscoSoupe: Wir haben gemeinsam Suppe aus K\u00fcchenresten gekocht. Die Musik unseres Cellisten unterstrich unsere Botschaft noch mehr, dass es so viel zu tun gibt, um Lebensmittelverschwendung zu bek\u00e4mpfen! In diesem Fr\u00fchjahr haben wir bei unserem Pflanzentausch im Caf\u00e9 Matrioschka viele Pflanzen und Zollinger-Samen getauscht und den Menschen in Sion das Konzept von Sharing Economy n\u00e4her gebracht.<\/p>\n<p>[\/et_pb_text][et_pb_button button_url=&#8220;https:\/\/green-up.ch\/de\/ueber-uns\/staedte\/sion\/&#8220; url_new_window=&#8220;on&#8220; button_text=&#8220;GreenUp Sion&#8220; button_alignment=&#8220;left&#8220; _builder_version=&#8220;4.16&#8243; custom_button=&#8220;on&#8220; button_text_size=&#8220;14px&#8220; button_text_color=&#8220;#00506E&#8220; button_bg_color=&#8220;#87F5B4&#8243; button_border_width=&#8220;0px&#8220; button_border_radius=&#8220;30px&#8220; button_letter_spacing=&#8220;2px&#8220; button_font=&#8220;|||on|||||&#8220; button_use_icon=&#8220;off&#8220; transform_translate=&#8220;0px|0%&#8220; transform_translate_linked=&#8220;off&#8220; z_index=&#8220;1&#8243; custom_margin=&#8220;||0px||false|false&#8220; custom_padding=&#8220;15px|30px|15px|30px|true|true&#8220; button_bg_color_last_edited=&#8220;off|desktop&#8220; locked=&#8220;off&#8220; global_colors_info=&#8220;{}&#8220; button_bg_color__hover_enabled=&#8220;on|hover&#8220; button_bg_color__hover=&#8220;#E6FFEB&#8220; button_bg_enable_color__hover=&#8220;on&#8220; button_text_color__hover=&#8220;#ffffff&#8220; button_border_color__hover=&#8220;rgba(0,0,0,0)&#8220;][\/et_pb_button][et_pb_text _builder_version=&#8220;4.16&#8243; text_font_size=&#8220;30px&#8220; text_line_height=&#8220;1.5em&#8220; header_font=&#8220;Gravur2||||||||&#8220; header_text_color=&#8220;#000000&#8243; header_font_size=&#8220;80px&#8220; header_letter_spacing=&#8220;1px&#8220; z_index=&#8220;1&#8243; custom_margin=&#8220;100px|-569px|||false|false&#8220; custom_margin_tablet=&#8220;|||0px&#8220; custom_margin_phone=&#8220;&#8220; custom_margin_last_edited=&#8220;on|phone&#8220; header_font_size_tablet=&#8220;80px&#8220; header_font_size_phone=&#8220;60px&#8220; header_font_size_last_edited=&#8220;on|phone&#8220; header_letter_spacing_tablet=&#8220;0px&#8220; header_letter_spacing_phone=&#8220;&#8220; header_letter_spacing_last_edited=&#8220;on|tablet&#8220; global_colors_info=&#8220;{}&#8220;]<\/p>\n<h1 style=\"text-align: left;\"><span style=\"color: #00506e;\">Passive St\u00e4dte<\/span><\/h1>\n<p style=\"text-align: left;\">\u00a0<\/p>\n<p class=\"p1\" style=\"text-align: left;\">Wir waren bis zur Pandemie in Locarno und Solothurn aktiv. Jetzt haben wir immer noch eine kleine Basis in diesen beiden St\u00e4dten, aber in naher Zukunft sind keine Veranstaltungen geplant. Falls du eine dieser St\u00e4dte wiederbeleben m\u00f6chtest, w\u00fcrden wir uns \u00fcber eine Kontaktaufnahme freuen.<\/p>\n<p>[\/et_pb_text][\/et_pb_column][et_pb_column type=&#8220;1_2&#8243; _builder_version=&#8220;4.16&#8243; _module_preset=&#8220;default&#8220; global_colors_info=&#8220;{}&#8220;][et_pb_image src=&#8220;https:\/\/green-up.ch\/wp-content\/uploads\/2022\/06\/Lugano_Plantswap-e1654204404497.jpg&#8220; alt=&#8220;locarno vor\u00fcbergehend&#8220; title_text=&#8220;Lugano_Plantswap&#8220; _builder_version=&#8220;4.16&#8243; _module_preset=&#8220;default&#8220; border_radii=&#8220;on|30px|30px|30px|30px&#8220; global_colors_info=&#8220;{}&#8220;][\/et_pb_image][et_pb_text _builder_version=&#8220;4.16&#8243; _module_preset=&#8220;default&#8220; global_colors_info=&#8220;{}&#8220;]<\/p>\n<h3>Lugano: unsere gemischte Stadt<\/h3>\n<p>Wir begannen unsere Aktivit\u00e4ten im September 2021 mit einer Plogging-Challenge, die wir mit und f\u00fcr den Kanton organisierten. Im Dezember 2021 veranstalteten wir ein Zero Waste Pub Quiz, bei dem \u00fcber 40 Studierende sich selbst herausforderten, um zu erfahren und zu experimentieren, wie sie in ihrem Leben weniger Abfall verursachen. Und im Mai 2022 haben wir bei il Gemmo einen Pflanzentausch durchgef\u00fchrt und die Menschen f\u00fcr mehr Gr\u00fcn in ihrem Leben gest\u00e4rkt und ihnen das Konzept der Sharing Economy n\u00e4her gebracht.<\/p>\n<p>[\/et_pb_text][et_pb_button button_url=&#8220;https:\/\/green-up.ch\/wp-content\/uploads\/2021\/09\/GreenUp-Lugano.pdf%20&#8243; url_new_window=&#8220;on&#8220; button_text=&#8220;GreenUp Lugano&#8220; button_alignment=&#8220;left&#8220; _builder_version=&#8220;4.16&#8243; custom_button=&#8220;on&#8220; button_text_size=&#8220;14px&#8220; button_text_color=&#8220;#00506E&#8220; button_bg_color=&#8220;#87F5B4&#8243; button_border_width=&#8220;0px&#8220; button_border_radius=&#8220;30px&#8220; button_letter_spacing=&#8220;2px&#8220; button_font=&#8220;|||on|||||&#8220; button_use_icon=&#8220;off&#8220; transform_translate=&#8220;0px|0%&#8220; transform_translate_linked=&#8220;off&#8220; z_index=&#8220;1&#8243; custom_margin=&#8220;||0px||false|false&#8220; custom_padding=&#8220;15px|30px|15px|30px|true|true&#8220; button_bg_color_last_edited=&#8220;off|desktop&#8220; locked=&#8220;off&#8220; global_colors_info=&#8220;{}&#8220; button_bg_color__hover_enabled=&#8220;on|hover&#8220; button_bg_color__hover=&#8220;#E6FFEB&#8220; button_bg_enable_color__hover=&#8220;on&#8220; button_text_color__hover=&#8220;#ffffff&#8220; button_border_color__hover=&#8220;rgba(0,0,0,0)&#8220;][\/et_pb_button][\/et_pb_column][\/et_pb_row][et_pb_row column_structure=&#8220;1_2,1_2&#8243; _builder_version=&#8220;4.16&#8243; _module_preset=&#8220;default&#8220; global_colors_info=&#8220;{}&#8220;][et_pb_column type=&#8220;1_2&#8243; _builder_version=&#8220;4.16&#8243; _module_preset=&#8220;default&#8220; global_colors_info=&#8220;{}&#8220;][et_pb_image src=&#8220;https:\/\/green-up.ch\/wp-content\/uploads\/2021\/08\/locarno-city-photo1-scaled.jpg&#8220; alt=&#8220;locarno-city-photo1&#8243; title_text=&#8220;locarno-city-photo1&#8243; _builder_version=&#8220;4.16&#8243; _module_preset=&#8220;default&#8220; border_radii=&#8220;on|30px|30px|30px|30px&#8220; global_colors_info=&#8220;{}&#8220;][\/et_pb_image][et_pb_text _builder_version=&#8220;4.16&#8243; _module_preset=&#8220;default&#8220; global_colors_info=&#8220;{}&#8220;]<\/p>\n<h3><b>Locarno: unsere leidenschaftliche Stadt<\/b><\/h3>\n<p><span style=\"font-weight: 400;\">Eine Werkzeugbibliothek mit \u00fcber 200 Objekten und monatliche \u201cDiscosoups\u201d, bei denen sich Menschen treffen, mit Foodwaste kochen und zusammen das Essen und die Musik geniessen. Dies sind nur einige der Projekte, die wir in Locarno inspiriert und veranstaltet haben mit Spazio ELLE. Events rund um Mobilit\u00e4t, Plogging und zero-waste Produkten waren grosse Erfolge.<\/span><\/p>\n<p>[\/et_pb_text][\/et_pb_column][et_pb_column type=&#8220;1_2&#8243; _builder_version=&#8220;4.16&#8243; _module_preset=&#8220;default&#8220; global_colors_info=&#8220;{}&#8220;][et_pb_image src=&#8220;https:\/\/green-up.ch\/wp-content\/uploads\/2021\/08\/solothurn-photo1.jpg&#8220; alt=&#8220;solothurn-photo1&#8243; title_text=&#8220;solothurn-photo1&#8243; _builder_version=&#8220;4.16&#8243; _module_preset=&#8220;default&#8220; border_radii=&#8220;on|30px|30px|30px|30px&#8220; global_colors_info=&#8220;{}&#8220;][\/et_pb_image][et_pb_text _builder_version=&#8220;4.16&#8243; _module_preset=&#8220;default&#8220; global_colors_info=&#8220;{}&#8220;]<\/p>\n<h3><b>Solothurn<\/b><b>: unsere aktive Stadt<\/b><\/h3>\n<p><span style=\"font-weight: 400;\">Unsere aktiven und enthusiastischen Freiwilligen \u00fcberraschen oft ihre Mitb\u00fcrger im Herzen der Stadt \u2026 ob durch \u201cDiscofruit\u201d (Foodwaste-Smoothies), eine \u201cSlow Safari\u201d um Slow Mobility zu f\u00f6rdern oder durch ein Event rund um \u201cTimegifts\u201d an Weihnachten. Gemeinsame Projekte \u00fcber \u201cUrban Green\u201d und \u201cNo Plastic\u201d haben zu spannenden neuen Ideen gef\u00fchrt!<\/span><\/p>\n<p>[\/et_pb_text][\/et_pb_column][\/et_pb_row][\/et_pb_section][et_pb_section fb_built=&#8220;1&#8243; admin_label=&#8220;Services&#8220; _builder_version=&#8220;4.16&#8243; custom_padding=&#8220;0px|||||&#8220; locked=&#8220;off&#8220; global_colors_info=&#8220;{}&#8220;][\/et_pb_section][et_pb_section fb_built=&#8220;1&#8243; custom_padding_last_edited=&#8220;off|phone&#8220; admin_label=&#8220;Footer&#8220; _builder_version=&#8220;4.16&#8243; use_background_color_gradient=&#8220;on&#8220; background_color_gradient_direction=&#8220;90deg&#8220; background_color_gradient_stops=&#8220;rgba(0,0,0,0) 60%|#008c87 60%&#8220; background_color_gradient_overlays_image=&#8220;on&#8220; background_color_gradient_start=&#8220;rgba(0,0,0,0)&#8220; background_color_gradient_start_position=&#8220;60%&#8220; background_color_gradient_end=&#8220;#008c87&#8243; background_color_gradient_end_position=&#8220;0%&#8220; background_image=&#8220;https:\/\/green-up.ch\/wp-content\/uploads\/2021\/05\/Backgrounds-3.jpg&#8220; background_size=&#8220;contain&#8220; custom_padding=&#8220;12vw||12vw||true|false&#8220; custom_padding_tablet=&#8220;50px|||&#8220; custom_padding_phone=&#8220;30px||&#8220; locked=&#8220;off&#8220; global_colors_info=&#8220;{}&#8220;][et_pb_row custom_padding_last_edited=&#8220;on|tablet&#8220; _builder_version=&#8220;4.16&#8243; background_color=&#8220;#00506E&#8220; max_width=&#8220;700px&#8220; custom_padding=&#8220;80px|80px|80px|80px|true|true&#8220; custom_padding_tablet=&#8220;60px|60px|60px|60px&#8220; custom_padding_phone=&#8220;40px|20px|40px|20px|true|true&#8220; border_radii=&#8220;on|30px|30px|30px|30px&#8220; global_colors_info=&#8220;{}&#8220;][et_pb_column type=&#8220;4_4&#8243; _builder_version=&#8220;4.16&#8243; global_colors_info=&#8220;{}&#8220;][et_pb_text _builder_version=&#8220;4.16&#8243; text_font=&#8220;||||||||&#8220; header_2_font=&#8220;Prompt|200|||||||&#8220; header_2_font_size=&#8220;60px&#8220; header_2_line_height=&#8220;1.2em&#8220; header_4_font=&#8220;Prompt|600||on|||||&#8220; header_4_font_size=&#8220;14px&#8220; header_4_letter_spacing=&#8220;2px&#8220; header_4_line_height=&#8220;1.2em&#8220; z_index=&#8220;1&#8243; background_layout=&#8220;dark&#8220; header_2_font_size_tablet=&#8220;40px&#8220; header_2_font_size_phone=&#8220;25px&#8220; header_2_font_size_last_edited=&#8220;on|phone&#8220; locked=&#8220;off&#8220; global_colors_info=&#8220;{}&#8220;]<\/p>\n<p>Du m\u00f6chtest immer \u00fcber die Aktivit\u00e4ten von GreenUp informiert werden? Dann melde Dich f\u00fcr den monatlichen Newsletter in Deiner Sprache an. \u00a0<\/p>\n<h3>Wir freuen uns, dich zu informieren!<\/h3>\n<p>[\/et_pb_text][et_pb_signup mailchimp_list=&#8220;UP|e1dec51940&#8243; layout=&#8220;top_bottom&#8220; use_custom_fields=&#8220;on&#8220; button_text=&#8220;Abonnieren&#8220; admin_label=&#8220;Email Optin&#8220; _builder_version=&#8220;4.16&#8243; header_level=&#8220;h3&#8243; header_font=&#8220;Prompt|700|||||||&#8220; header_font_size=&#8220;30px&#8220; header_line_height=&#8220;1.2em&#8220; body_font=&#8220;|600|||||||&#8220; body_line_height=&#8220;1.8em&#8220; form_field_font=&#8220;Prompt||||||||&#8220; use_background_color=&#8220;off&#8220; custom_button=&#8220;on&#8220; button_text_size=&#8220;14px&#8220; button_text_color=&#8220;#ffffff&#8220; button_bg_color=&#8220;#87F5B4&#8243; button_border_width=&#8220;10px&#8220; button_border_color=&#8220;rgba(0,0,0,0)&#8220; button_border_radius=&#8220;30px&#8220; button_letter_spacing=&#8220;2px&#8220; button_font=&#8220;Prompt|||on|||||&#8220; button_use_icon=&#8220;off&#8220; custom_margin=&#8220;|||-20px|false|false&#8220; custom_margin_tablet=&#8220;|||0px|false|false&#8220; custom_margin_phone=&#8220;&#8220; custom_margin_last_edited=&#8220;on|desktop&#8220; header_font_size_tablet=&#8220;&#8220; header_font_size_phone=&#8220;18px&#8220; header_font_size_last_edited=&#8220;on|phone&#8220; button_bg_color_last_edited=&#8220;off|desktop&#8220; border_radii_fields=&#8220;on|0px|0px|0px|0px&#8220; global_colors_info=&#8220;{}&#8220; button_text_color__hover=&#8220;#ffffff&#8220; button_bg_color__hover=&#8220;#008C87&#8243; button_bg_color__hover_enabled=&#8220;on|hover&#8220; button_border_color__hover=&#8220;rgba(0,0,0,0)&#8220; button_bg_enable_color__hover=&#8220;on&#8220;][et_pb_signup_custom_field field_id=&#8220;5&#8243; field_title=&#8220;Language&#8220; field_type=&#8220;select&#8220; select_options=&#8220;%91{%22checked%22:0,%22value%22:%22Deutsch%22,%22id%22:0,%22dragID%22:-1},{%22checked%22:0,%22value%22:%22Fran\u00e7ais%22,%22id%22:1,%22dragID%22:0},{%22checked%22:0,%22value%22:%22Italiano%22,%22id%22:2,%22dragID%22:1},{%22checked%22:0,%22value%22:%22English%22,%22id%22:3,%22dragID%22:2}%93&#8243; _builder_version=&#8220;4.16&#8243; _module_preset=&#8220;default&#8220; global_colors_info=&#8220;{}&#8220; predefined_field=&#8220;5&#8243;][\/et_pb_signup_custom_field][\/et_pb_signup][\/et_pb_column][\/et_pb_row][\/et_pb_section][et_pb_section fb_built=&#8220;1&#8243; admin_label=&#8220;Footer&#8220; _builder_version=&#8220;4.16&#8243; locked=&#8220;off&#8220; global_colors_info=&#8220;{}&#8220;][et_pb_row _builder_version=&#8220;4.16&#8243; locked=&#8220;off&#8220; global_colors_info=&#8220;{}&#8220;][et_pb_column type=&#8220;4_4&#8243; _builder_version=&#8220;4.16&#8243; global_colors_info=&#8220;{}&#8220;][et_pb_text _builder_version=&#8220;4.16&#8243; text_font=&#8220;|600|||||||&#8220; text_font_size=&#8220;16px&#8220; text_line_height=&#8220;1.8em&#8220; header_4_font=&#8220;Prompt|600||on|||||&#8220; header_4_font_size=&#8220;14px&#8220; header_4_letter_spacing=&#8220;2px&#8220; header_4_line_height=&#8220;1.2em&#8220; z_index=&#8220;1&#8243; text_orientation=&#8220;center&#8220; locked=&#8220;off&#8220; global_colors_info=&#8220;{}&#8220;]<\/p>\n<h4>Folge uns auf sozialen Medien.<\/h4>\n<p>[\/et_pb_text][et_pb_social_media_follow _builder_version=&#8220;4.18.0&#8243; text_orientation=&#8220;center&#8220; global_colors_info=&#8220;{}&#8220;][et_pb_social_media_follow_network social_network=&#8220;facebook&#8220; url=&#8220;https:\/\/www.facebook.com\/greenupswitzerland%20&#8243; icon_color=&#8220;#FFFFFF&#8220; use_icon_font_size=&#8220;on&#8220; icon_font_size=&#8220;15px&#8220; _builder_version=&#8220;4.16&#8243; background_color=&#8220;#87F5B4&#8243; background_enable_color=&#8220;on&#8220; border_radii=&#8220;on|50px|50px|50px|50px&#8220; global_colors_info=&#8220;{}&#8220; follow_button=&#8220;off&#8220; url_new_window=&#8220;on&#8220;]facebook[\/et_pb_social_media_follow_network][et_pb_social_media_follow_network social_network=&#8220;linkedin&#8220; url=&#8220;https:\/\/www.linkedin.com\/company\/greenupswitzerland\/&#8220; icon_color=&#8220;#FFFFFF&#8220; use_icon_font_size=&#8220;on&#8220; icon_font_size=&#8220;15px&#8220; _builder_version=&#8220;4.18.0&#8243; background_color=&#8220;#87F5B4&#8243; background_enable_color=&#8220;on&#8220; border_radii=&#8220;on|50px|50px|50px|50px&#8220; global_colors_info=&#8220;{}&#8220; follow_button=&#8220;off&#8220; url_new_window=&#8220;on&#8220;]linkedin[\/et_pb_social_media_follow_network][et_pb_social_media_follow_network social_network=&#8220;instagram&#8220; url=&#8220;https:\/\/www.instagram.com\/greenup.ch\/&#8220; icon_color=&#8220;#FFFFFF&#8220; use_icon_font_size=&#8220;on&#8220; icon_font_size=&#8220;15px&#8220; _builder_version=&#8220;4.16&#8243; background_color=&#8220;#87F5B4&#8243; background_enable_color=&#8220;on&#8220; border_radii=&#8220;on|50px|50px|50px|50px&#8220; global_colors_info=&#8220;{}&#8220; follow_button=&#8220;off&#8220; url_new_window=&#8220;on&#8220;]instagram[\/et_pb_social_media_follow_network][\/et_pb_social_media_follow][\/et_pb_column][\/et_pb_row][\/et_pb_section]<\/p>\n","protected":false},"excerpt":{"rendered":"<p>Aktive St\u00e4dte \u00a0 Wir sind in allen Sprachregionen der Schweiz t\u00e4tig, mit 6 Standorten in den folgenden St\u00e4dten:Z\u00fcrich: unsere Kernstadt Mit einem supercoolen Standort im Co-Working mit WWF inspiriert unsere [&hellip;]<\/p>\n","protected":false},"author":2,"featured_media":0,"parent":4127,"menu_order":0,"comment_status":"closed","ping_status":"closed","template":"","meta":{"_et_pb_use_builder":"on","_et_pb_old_content":"","_et_gb_content_width":"","footnotes":""},"class_list":["post-4136","page","type-page","status-publish","hentry"],"yoast_head":"<!-- This site is optimized with the Yoast SEO plugin v27.5 - https:\/\/yoast.com\/product\/yoast-seo-wordpress\/ -->\n<title>St\u00e4dte | GreenUp<\/title>\n<meta name=\"robots\" content=\"index, follow, max-snippet:-1, max-image-preview:large, max-video-preview:-1\" \/>\n<link rel=\"canonical\" href=\"https:\/\/green-up.ch\/?page_id=2280\" \/>\n<meta property=\"og:locale\" content=\"de_DE\" \/>\n<meta property=\"og:type\" content=\"article\" \/>\n<meta property=\"og:title\" content=\"St\u00e4dte | GreenUp\" \/>\n<meta property=\"og:description\" content=\"Aktive St\u00e4dte \u00a0 Wir sind in allen Sprachregionen der Schweiz t\u00e4tig, mit 6 Standorten in den folgenden St\u00e4dten:Z\u00fcrich: unsere Kernstadt Mit einem supercoolen Standort im Co-Working mit WWF inspiriert unsere [&hellip;]\" \/>\n<meta property=\"og:url\" content=\"https:\/\/green-up.ch\/?page_id=2280\" \/>\n<meta property=\"og:site_name\" content=\"GreenUp\" \/>\n<meta property=\"article:publisher\" content=\"https:\/\/m.facebook.com\/greenupswitzerland\" \/>\n<meta property=\"article:modified_time\" content=\"2022-10-11T14:39:41+00:00\" \/>\n<meta name=\"twitter:card\" content=\"summary_large_image\" \/>\n<meta name=\"twitter:label1\" content=\"Gesch\u00e4tzte Lesezeit\" \/>\n\t<meta name=\"twitter:data1\" content=\"12\u00a0Minuten\" \/>\n<script type=\"application\/ld+json\" class=\"yoast-schema-graph\">{\"@context\":\"https:\\\/\\\/schema.org\",\"@graph\":[{\"@type\":\"WebPage\",\"@id\":\"https:\\\/\\\/green-up.ch\\\/?page_id=2280\",\"url\":\"https:\\\/\\\/green-up.ch\\\/?page_id=2280\",\"name\":\"St\u00e4dte | GreenUp\",\"isPartOf\":{\"@id\":\"https:\\\/\\\/green-up.ch\\\/#website\"},\"datePublished\":\"2021-09-09T03:09:32+00:00\",\"dateModified\":\"2022-10-11T14:39:41+00:00\",\"breadcrumb\":{\"@id\":\"https:\\\/\\\/green-up.ch\\\/?page_id=2280#breadcrumb\"},\"inLanguage\":\"de\",\"potentialAction\":[{\"@type\":\"ReadAction\",\"target\":[\"https:\\\/\\\/green-up.ch\\\/?page_id=2280\"]}]},{\"@type\":\"BreadcrumbList\",\"@id\":\"https:\\\/\\\/green-up.ch\\\/?page_id=2280#breadcrumb\",\"itemListElement\":[{\"@type\":\"ListItem\",\"position\":1,\"name\":\"Home\",\"item\":\"https:\\\/\\\/green-up.ch\\\/\"},{\"@type\":\"ListItem\",\"position\":2,\"name\":\"About\",\"item\":\"https:\\\/\\\/green-up.ch\\\/about\\\/\"},{\"@type\":\"ListItem\",\"position\":3,\"name\":\"St\u00e4dte\"}]},{\"@type\":\"WebSite\",\"@id\":\"https:\\\/\\\/green-up.ch\\\/#website\",\"url\":\"https:\\\/\\\/green-up.ch\\\/\",\"name\":\"GreenUp\",\"description\":\"Inspire, collaborate, empower.\",\"publisher\":{\"@id\":\"https:\\\/\\\/green-up.ch\\\/#organization\"},\"potentialAction\":[{\"@type\":\"SearchAction\",\"target\":{\"@type\":\"EntryPoint\",\"urlTemplate\":\"https:\\\/\\\/green-up.ch\\\/?s={search_term_string}\"},\"query-input\":{\"@type\":\"PropertyValueSpecification\",\"valueRequired\":true,\"valueName\":\"search_term_string\"}}],\"inLanguage\":\"de\"},{\"@type\":\"Organization\",\"@id\":\"https:\\\/\\\/green-up.ch\\\/#organization\",\"name\":\"GreeUp\",\"url\":\"https:\\\/\\\/green-up.ch\\\/\",\"logo\":{\"@type\":\"ImageObject\",\"inLanguage\":\"de\",\"@id\":\"https:\\\/\\\/green-up.ch\\\/#\\\/schema\\\/logo\\\/image\\\/\",\"url\":\"https:\\\/\\\/green-up.ch\\\/wp-content\\\/uploads\\\/2021\\\/11\\\/greenuplogo_rond.png\",\"contentUrl\":\"https:\\\/\\\/green-up.ch\\\/wp-content\\\/uploads\\\/2021\\\/11\\\/greenuplogo_rond.png\",\"width\":600,\"height\":595,\"caption\":\"GreeUp\"},\"image\":{\"@id\":\"https:\\\/\\\/green-up.ch\\\/#\\\/schema\\\/logo\\\/image\\\/\"},\"sameAs\":[\"https:\\\/\\\/m.facebook.com\\\/greenupswitzerland\",\"https:\\\/\\\/www.instagram.com\\\/greenup.ch\\\/\",\"https:\\\/\\\/www.linkedin.com\\\/company\\\/greenupswitzerland\\\/\"]}]}<\/script>\n<!-- \/ Yoast SEO plugin. -->","yoast_head_json":{"title":"St\u00e4dte | GreenUp","robots":{"index":"index","follow":"follow","max-snippet":"max-snippet:-1","max-image-preview":"max-image-preview:large","max-video-preview":"max-video-preview:-1"},"canonical":"https:\/\/green-up.ch\/?page_id=2280","og_locale":"de_DE","og_type":"article","og_title":"St\u00e4dte | GreenUp","og_description":"Aktive St\u00e4dte \u00a0 Wir sind in allen Sprachregionen der Schweiz t\u00e4tig, mit 6 Standorten in den folgenden St\u00e4dten:Z\u00fcrich: unsere Kernstadt Mit einem supercoolen Standort im Co-Working mit WWF inspiriert unsere [&hellip;]","og_url":"https:\/\/green-up.ch\/?page_id=2280","og_site_name":"GreenUp","article_publisher":"https:\/\/m.facebook.com\/greenupswitzerland","article_modified_time":"2022-10-11T14:39:41+00:00","twitter_card":"summary_large_image","twitter_misc":{"Gesch\u00e4tzte Lesezeit":"12\u00a0Minuten"},"schema":{"@context":"https:\/\/schema.org","@graph":[{"@type":"WebPage","@id":"https:\/\/green-up.ch\/?page_id=2280","url":"https:\/\/green-up.ch\/?page_id=2280","name":"St\u00e4dte | GreenUp","isPartOf":{"@id":"https:\/\/green-up.ch\/#website"},"datePublished":"2021-09-09T03:09:32+00:00","dateModified":"2022-10-11T14:39:41+00:00","breadcrumb":{"@id":"https:\/\/green-up.ch\/?page_id=2280#breadcrumb"},"inLanguage":"de","potentialAction":[{"@type":"ReadAction","target":["https:\/\/green-up.ch\/?page_id=2280"]}]},{"@type":"BreadcrumbList","@id":"https:\/\/green-up.ch\/?page_id=2280#breadcrumb","itemListElement":[{"@type":"ListItem","position":1,"name":"Home","item":"https:\/\/green-up.ch\/"},{"@type":"ListItem","position":2,"name":"About","item":"https:\/\/green-up.ch\/about\/"},{"@type":"ListItem","position":3,"name":"St\u00e4dte"}]},{"@type":"WebSite","@id":"https:\/\/green-up.ch\/#website","url":"https:\/\/green-up.ch\/","name":"GreenUp","description":"Inspire, collaborate, empower.","publisher":{"@id":"https:\/\/green-up.ch\/#organization"},"potentialAction":[{"@type":"SearchAction","target":{"@type":"EntryPoint","urlTemplate":"https:\/\/green-up.ch\/?s={search_term_string}"},"query-input":{"@type":"PropertyValueSpecification","valueRequired":true,"valueName":"search_term_string"}}],"inLanguage":"de"},{"@type":"Organization","@id":"https:\/\/green-up.ch\/#organization","name":"GreeUp","url":"https:\/\/green-up.ch\/","logo":{"@type":"ImageObject","inLanguage":"de","@id":"https:\/\/green-up.ch\/#\/schema\/logo\/image\/","url":"https:\/\/green-up.ch\/wp-content\/uploads\/2021\/11\/greenuplogo_rond.png","contentUrl":"https:\/\/green-up.ch\/wp-content\/uploads\/2021\/11\/greenuplogo_rond.png","width":600,"height":595,"caption":"GreeUp"},"image":{"@id":"https:\/\/green-up.ch\/#\/schema\/logo\/image\/"},"sameAs":["https:\/\/m.facebook.com\/greenupswitzerland","https:\/\/www.instagram.com\/greenup.ch\/","https:\/\/www.linkedin.com\/company\/greenupswitzerland\/"]}]}},"_links":{"self":[{"href":"https:\/\/green-up.ch\/de\/wp-json\/wp\/v2\/pages\/4136","targetHints":{"allow":["GET"]}}],"collection":[{"href":"https:\/\/green-up.ch\/de\/wp-json\/wp\/v2\/pages"}],"about":[{"href":"https:\/\/green-up.ch\/de\/wp-json\/wp\/v2\/types\/page"}],"author":[{"embeddable":true,"href":"https:\/\/green-up.ch\/de\/wp-json\/wp\/v2\/users\/2"}],"replies":[{"embeddable":true,"href":"https:\/\/green-up.ch\/de\/wp-json\/wp\/v2\/comments?post=4136"}],"version-history":[{"count":14,"href":"https:\/\/green-up.ch\/de\/wp-json\/wp\/v2\/pages\/4136\/revisions"}],"predecessor-version":[{"id":9472,"href":"https:\/\/green-up.ch\/de\/wp-json\/wp\/v2\/pages\/4136\/revisions\/9472"}],"up":[{"embeddable":true,"href":"https:\/\/green-up.ch\/de\/wp-json\/wp\/v2\/pages\/4127"}],"wp:attachment":[{"href":"https:\/\/green-up.ch\/de\/wp-json\/wp\/v2\/media?parent=4136"}],"curies":[{"name":"wp","href":"https:\/\/api.w.org\/{rel}","templated":true}]}}